{"id":979,"date":"2016-06-01T20:38:38","date_gmt":"2016-06-01T20:38:38","guid":{"rendered":"https:\/\/capri-matique.com\/client\/aprfae5\/?page_id=8"},"modified":"2022-12-15T08:41:57","modified_gmt":"2022-12-15T13:41:57","slug":"nouvelles","status":"publish","type":"page","link":"https:\/\/www.capri-matique.com\/client\/aprfae5\/nouvelles\/","title":{"rendered":"Nouvelles"},"content":{"rendered":"<section id=\"homepagepage-id-8\" class=\"builder-section-first builder-section builder-section-text builder-section-last builder-text-columns-3 layout-3-9\" style=\"background-repeat: repeat;background-position: center center;\">\n<div class=\"builder-section-content\">\n<div class=\"builder-text-row\">\n<div class=\"builder-text-column builder-text-column-1\" id=\"homepagepage-id-8-column-1\">\n<div class=\"builder-text-content\">\n\t\t\t\t\t\t<aside id=\"text-71\" class=\"widget widget_text\">\t\t\t<div class=\"textwidget\"><a href=\"https:\/\/capri-matique.com\/client\/aprfae5\/adhesion\/\" target=\"_blank\"><img decoding=\"async\" class=\"wp-image-1224 size-medium aligncenter\" src=\"https:\/\/capri-matique.com\/client\/aprfae5\/wp-content\/uploads\/2017\/02\/tableau-adh\u00e9sion-300x228.jpg\" width=150\" height=\"120\" srcset=\"https:\/\/www.capri-matique.com\/client\/aprfae5\/wp-content\/uploads\/2017\/02\/tableau-adh\u00e9sion-300x228.jpg 300w, https:\/\/www.capri-matique.com\/client\/aprfae5\/wp-content\/uploads\/2017\/02\/tableau-adh\u00e9sion-1024x778.jpg 1024w, https:\/\/www.capri-matique.com\/client\/aprfae5\/wp-content\/uploads\/2017\/02\/tableau-adh\u00e9sion-600x456.jpg 600w, https:\/\/www.capri-matique.com\/client\/aprfae5\/wp-content\/uploads\/2017\/02\/tableau-adh\u00e9sion.jpg 1150w\" sizes=\"(max-width: 300px) 100vw, 300px\" \/><\/a><\/div>\n\t\t<\/aside><aside id=\"text-106\" class=\"widget widget_text\">\t\t\t<div class=\"textwidget\"><a href=\"https:\/\/capri-matique.com\/client\/aprfae5\/activites\/\" target=\"_blank\"><img decoding=\"async\" class=\"size-full wp-image-1267 aligncenter\" src=\"https:\/\/capri-matique.com\/client\/aprfae5\/wp-content\/uploads\/2016\/06\/activites3d-12.png\" alt=\"activites3d-12\" width=\"200\" height=\"100\" \/><\/a<\/div>\n\t\t<\/aside><aside id=\"text-72\" class=\"widget widget_text\">\t\t\t<div class=\"textwidget\"><a href=\"https:\/\/capri-matique.com\/client\/aprfae5\/avantages-et-rabais\/\" target=\"_blank\"><img decoding=\"async\" class=\"size-full wp-image-700 aligncenter\" src=\"https:\/\/capri-matique.com\/client\/aprfae5\/wp-content\/uploads\/2016\/09\/rabais-avantages-1.png\" alt=\"rabais-avantages\" width=\"160\" height=\"75\" \/><\/a><\/div>\n\t\t<\/aside><aside id=\"text-74\" class=\"widget widget_text\">\t\t\t<div class=\"textwidget\"><a href=\"https:\/\/capri-matique.com\/client\/aprfae5\/image-2\/\" target=\"_blank\"><img decoding=\"async\" class=\"size-full wp-image-745 aligncenter\" src=\"https:\/\/capri-matique.com\/client\/aprfae5\/wp-content\/uploads\/2016\/11\/album-photo-1.png\" alt=\"album-photo\" width=\"125\" height=\"125\" \/><\/a><\/div>\n\t\t<\/aside><aside id=\"text-73\" class=\"widget widget_text\">\t\t\t<div class=\"textwidget\"><a href=\"https:\/\/capri-matique.com\/client\/aprfae5\/pour-nous-joindre\/\" target=\"_blank\"><img loading=\"lazy\" decoding=\"async\" class=\"size-full wp-image-1231 aligncenter\" src=\"https:\/\/capri-matique.com\/client\/aprfae5\/wp-content\/uploads\/2017\/02\/joindreB150.jpg\" alt=\"joindreB150\" width=\"150\" height=\"151\" \/><\/a><\/div>\n\t\t<\/aside>\t\t\t\t\t<\/div>\n<\/p><\/div>\n<div class=\"builder-text-column builder-text-column-2\" id=\"homepagepage-id-8-column-2\">\n<div class=\"builder-text-content\">\n<p><img loading=\"lazy\" decoding=\"async\" class=\"alignnone size-full wp-image-885 alignleft\" src=\"https:\/\/capri-matique.com\/client\/aprfae5\/wp-content\/uploads\/2016\/06\/nouvelles.png\" width=\"960\" height=\"310\" srcset=\"https:\/\/www.capri-matique.com\/client\/aprfae5\/wp-content\/uploads\/2016\/06\/nouvelles.png 960w, https:\/\/www.capri-matique.com\/client\/aprfae5\/wp-content\/uploads\/2016\/06\/nouvelles-300x97.png 300w, https:\/\/www.capri-matique.com\/client\/aprfae5\/wp-content\/uploads\/2016\/06\/nouvelles-600x194.png 600w\" sizes=\"(max-width: 960px) 100vw, 960px\" \/><span style=\"font-family: verdana,geneva,sans-serif; font-size: 10pt;\">23 avr. 2019 \u00a0 \u00a0 \u00a0\u00a0 <a href=\"http:\/\/wp.me\/p7Bftm-14S\" target=\"_blank\" rel=\"noopener\">D\u00e9voilement des r\u00e9sultats, Nouvelle \u00e9cole La Tomarine<\/a><\/span><\/p>\n<p><span style=\"font-family: verdana, geneva, sans-serif; font-size: 10pt;\">1er f\u00e9v. 2019\u00a0 \u00a0 \u00a0 \u00a0<a href=\"http:\/\/wp.me\/p7Bftm-VC\" target=\"_blank\" rel=\"noopener\"> Premier projet de coop\u00e9ration internationale pour l&#8217;APRFAE<\/a><\/span><\/p>\n<p><span style=\"font-family: verdana, geneva, sans-serif; font-size: 10pt;\">30 janv. 2019\u00a0 \u00a0 \u00a0 \u00a0<a href=\"http:\/\/wp.me\/p7Bftm-Vg\" target=\"_blank\" rel=\"noopener\">Les profs de la r\u00e9gion de Qu\u00e9bec font le choix de s&#8217;affilier \u00e0 la FAE<\/a><\/span><\/p>\n<p><span style=\"font-family: verdana, geneva, sans-serif; font-size: 10pt;\">14 janv. 2019\u00a0 \u00a0 \u00a0 \u00a0<a href=\"https:\/\/capri-matique.com\/client\/aprfae5\/wp-admin\/edit.php\" target=\"_blank\" rel=\"noopener\">Invitation &#8211; Atelier d&#8217;acrylique liquide<\/a><\/span><\/p>\n<p><span style=\"font-family: verdana,geneva,sans-serif; font-size: 10pt;\">17 avril 2018\u00a0\u00a0\u00a0\u00a0\u00a0\u00a0\u00a0 <a href=\"http:\/\/wp.me\/p7Bftm-EM\" target=\"_blank\" rel=\"noopener\"><strong>Premi\u00e8re conf\u00e9rence du Comit\u00e9 environnement de l&#8217;APRFAE<\/strong><\/a><\/span><\/p>\n<p><span style=\"font-family: verdana,geneva,sans-serif; font-size: 10pt;\">25 f\u00e9v. 2018\u00a0\u00a0\u00a0\u00a0\u00a0\u00a0\u00a0\u00a0 <a href=\"http:\/\/www.lapresse.ca\/actualites\/national\/201802\/25\/01-5155173-une-environnementaliste-nommee-patriote-de-lannee-par-la-ssjbm.php\" target=\"_blank\" rel=\"noopener\">Odette Sarrazin est nomm\u00e9e Patriote de l&#8217;ann\u00e9e par la SSJB<\/a><\/span><\/p>\n<p style=\"text-align: left;\"><span style=\"font-family: verdana,geneva,sans-serif; font-size: 10pt;\">29 mars 2017\u00a0\u00a0\u00a0\u00a0\u00a0\u00a0 <a href=\"http:\/\/wp.me\/p7Bftm-lH\">Les femmes et le vieillissement<\/a><\/span><\/p>\n<p>\u00a0<\/p>\n<\/p><\/div>\n<\/p><\/div>\n<div class=\"builder-text-column builder-text-column-3\" id=\"homepagepage-id-8-column-3\">\n<div class=\"builder-text-content\">\n\t\t\t\t\t\t<aside id=\"search-20\" class=\"widget widget_search\">\n<form role=\"search\" method=\"get\" class=\"search-form\" action=\"https:\/\/www.capri-matique.com\/client\/aprfae5\/\">\n\t<input type=\"search\" class=\"search-field\" id=\"search-field\" placeholder=\"Rechercher&hellip;\" title=\"Tapez sur Entr\u00e9e pour lancer votre recherche\" value=\"\" name=\"s\" aria-label=\"Rechercher\">\n\t<input type=\"submit\" class=\"search-submit\" value=\"Rechercher\" aria-label=\"Rechercher\" role=\"button\">\n<\/form>\n<\/aside><aside id=\"text-75\" class=\"widget widget_text\">\t\t\t<div class=\"textwidget\"><a href=\"https:\/\/capri-matique.com\/client\/aprfae5\/lapres-fae\/\"><img loading=\"lazy\" decoding=\"async\" class=\"size-medium wp-image-490 aligncenter\" src=\"https:\/\/capri-matique.com\/client\/aprfae5\/wp-content\/uploads\/2016\/09\/logo-aprfae300-300x188.jpg\" alt=\"logo-aprfae300\" width=\"300\" height=\"188\" \/><\/a><\/div>\n\t\t<\/aside><aside id=\"em_calendar-2\" class=\"widget widget_em_calendar\"><h4 class=\"widget-title\">Calendrier<\/h4><div id=\"em-calendar-137\" class=\"em-calendar-wrapper\"><table class=\"em-calendar\">\r\n\t<thead>\r\n\t\t<tr>\r\n\t\t\t<td><a class=\"em-calnav em-calnav-prev\" href=\"\/client\/aprfae5\/wp-json\/wp\/v2\/pages\/979?ajaxCalendar=1&#038;mo=3&#038;yr=2026\" rel=\"nofollow\">&lt;&lt;<\/a><\/td>\r\n\t\t\t<td class=\"month_name\" colspan=\"5\">Avr 2026<\/td>\r\n\t\t\t<td><a class=\"em-calnav em-calnav-next\" href=\"\/client\/aprfae5\/wp-json\/wp\/v2\/pages\/979?ajaxCalendar=1&#038;mo=5&#038;yr=2026\" rel=\"nofollow\">&gt;&gt;<\/a><\/td>\r\n\t\t<\/tr>\r\n\t<\/thead>\r\n\t<tbody>\r\n\t\t<tr class=\"days-names\">\r\n\t\t\t<td>l<\/td><td>m<\/td><td>m<\/td><td>j<\/td><td>v<\/td><td>s<\/td><td>d<\/td>\r\n\t\t<\/tr>\r\n\t\t<tr>\r\n\t\t\t\t\t\t\t<td class=\"eventless-pre\">\r\n\t\t\t\t\t\t\t\t\t\t30\t\t\t\t\t\t\t\t\t<\/td>\r\n\t\t\t\t\t\t\t\t<td class=\"eventless-pre\">\r\n\t\t\t\t\t\t\t\t\t\t31\t\t\t\t\t\t\t\t\t<\/td>\r\n\t\t\t\t\t\t\t\t<td class=\"eventless\">\r\n\t\t\t\t\t\t\t\t\t\t1\t\t\t\t\t\t\t\t\t<\/td>\r\n\t\t\t\t\t\t\t\t<td class=\"eventless\">\r\n\t\t\t\t\t\t\t\t\t\t2\t\t\t\t\t\t\t\t\t<\/td>\r\n\t\t\t\t\t\t\t\t<td class=\"eventless\">\r\n\t\t\t\t\t\t\t\t\t\t3\t\t\t\t\t\t\t\t\t<\/td>\r\n\t\t\t\t\t\t\t\t<td class=\"eventless\">\r\n\t\t\t\t\t\t\t\t\t\t4\t\t\t\t\t\t\t\t\t<\/td>\r\n\t\t\t\t\t\t\t\t<td class=\"eventless\">\r\n\t\t\t\t\t\t\t\t\t\t5\t\t\t\t\t\t\t\t\t<\/td>\r\n\t\t\t\t<\/tr><tr>\t\t\t\t<td class=\"eventless\">\r\n\t\t\t\t\t\t\t\t\t\t6\t\t\t\t\t\t\t\t\t<\/td>\r\n\t\t\t\t\t\t\t\t<td class=\"eventless\">\r\n\t\t\t\t\t\t\t\t\t\t7\t\t\t\t\t\t\t\t\t<\/td>\r\n\t\t\t\t\t\t\t\t<td class=\"eventless\">\r\n\t\t\t\t\t\t\t\t\t\t8\t\t\t\t\t\t\t\t\t<\/td>\r\n\t\t\t\t\t\t\t\t<td class=\"eventless\">\r\n\t\t\t\t\t\t\t\t\t\t9\t\t\t\t\t\t\t\t\t<\/td>\r\n\t\t\t\t\t\t\t\t<td class=\"eventless\">\r\n\t\t\t\t\t\t\t\t\t\t10\t\t\t\t\t\t\t\t\t<\/td>\r\n\t\t\t\t\t\t\t\t<td class=\"eventless\">\r\n\t\t\t\t\t\t\t\t\t\t11\t\t\t\t\t\t\t\t\t<\/td>\r\n\t\t\t\t\t\t\t\t<td class=\"eventless\">\r\n\t\t\t\t\t\t\t\t\t\t12\t\t\t\t\t\t\t\t\t<\/td>\r\n\t\t\t\t<\/tr><tr>\t\t\t\t<td class=\"eventless\">\r\n\t\t\t\t\t\t\t\t\t\t13\t\t\t\t\t\t\t\t\t<\/td>\r\n\t\t\t\t\t\t\t\t<td class=\"eventless\">\r\n\t\t\t\t\t\t\t\t\t\t14\t\t\t\t\t\t\t\t\t<\/td>\r\n\t\t\t\t\t\t\t\t<td class=\"eventless\">\r\n\t\t\t\t\t\t\t\t\t\t15\t\t\t\t\t\t\t\t\t<\/td>\r\n\t\t\t\t\t\t\t\t<td class=\"eventless\">\r\n\t\t\t\t\t\t\t\t\t\t16\t\t\t\t\t\t\t\t\t<\/td>\r\n\t\t\t\t\t\t\t\t<td class=\"eventless\">\r\n\t\t\t\t\t\t\t\t\t\t17\t\t\t\t\t\t\t\t\t<\/td>\r\n\t\t\t\t\t\t\t\t<td class=\"eventless\">\r\n\t\t\t\t\t\t\t\t\t\t18\t\t\t\t\t\t\t\t\t<\/td>\r\n\t\t\t\t\t\t\t\t<td class=\"eventless\">\r\n\t\t\t\t\t\t\t\t\t\t19\t\t\t\t\t\t\t\t\t<\/td>\r\n\t\t\t\t<\/tr><tr>\t\t\t\t<td class=\"eventless\">\r\n\t\t\t\t\t\t\t\t\t\t20\t\t\t\t\t\t\t\t\t<\/td>\r\n\t\t\t\t\t\t\t\t<td class=\"eventless\">\r\n\t\t\t\t\t\t\t\t\t\t21\t\t\t\t\t\t\t\t\t<\/td>\r\n\t\t\t\t\t\t\t\t<td class=\"eventless\">\r\n\t\t\t\t\t\t\t\t\t\t22\t\t\t\t\t\t\t\t\t<\/td>\r\n\t\t\t\t\t\t\t\t<td class=\"eventless\">\r\n\t\t\t\t\t\t\t\t\t\t23\t\t\t\t\t\t\t\t\t<\/td>\r\n\t\t\t\t\t\t\t\t<td class=\"eventless\">\r\n\t\t\t\t\t\t\t\t\t\t24\t\t\t\t\t\t\t\t\t<\/td>\r\n\t\t\t\t\t\t\t\t<td class=\"eventless\">\r\n\t\t\t\t\t\t\t\t\t\t25\t\t\t\t\t\t\t\t\t<\/td>\r\n\t\t\t\t\t\t\t\t<td class=\"eventless\">\r\n\t\t\t\t\t\t\t\t\t\t26\t\t\t\t\t\t\t\t\t<\/td>\r\n\t\t\t\t<\/tr><tr>\t\t\t\t<td class=\"eventless\">\r\n\t\t\t\t\t\t\t\t\t\t27\t\t\t\t\t\t\t\t\t<\/td>\r\n\t\t\t\t\t\t\t\t<td class=\"eventless\">\r\n\t\t\t\t\t\t\t\t\t\t28\t\t\t\t\t\t\t\t\t<\/td>\r\n\t\t\t\t\t\t\t\t<td class=\"eventless\">\r\n\t\t\t\t\t\t\t\t\t\t29\t\t\t\t\t\t\t\t\t<\/td>\r\n\t\t\t\t\t\t\t\t<td class=\"eventless-today\">\r\n\t\t\t\t\t\t\t\t\t\t30\t\t\t\t\t\t\t\t\t<\/td>\r\n\t\t\t\t\t\t\t\t<td class=\"eventless-post\">\r\n\t\t\t\t\t\t\t\t\t\t1\t\t\t\t\t\t\t\t\t<\/td>\r\n\t\t\t\t\t\t\t\t<td class=\"eventless-post\">\r\n\t\t\t\t\t\t\t\t\t\t2\t\t\t\t\t\t\t\t\t<\/td>\r\n\t\t\t\t\t\t\t\t<td class=\"eventless-post\">\r\n\t\t\t\t\t\t\t\t\t\t3\t\t\t\t\t\t\t\t\t<\/td>\r\n\t\t\t\t\t\t<\/tr>\r\n\t<\/tbody>\r\n<\/table><\/div><\/aside>\t\t\t\t\t<\/div>\n<\/p><\/div>\n<\/p><\/div>\n<\/p><\/div>\n<\/section>\n","protected":false},"excerpt":{"rendered":"<p>23 avr. 2019 \u00a0 \u00a0 \u00a0\u00a0 D\u00e9voilement des r\u00e9sultats, Nouvelle \u00e9cole La Tomarine 1er f\u00e9v. 2019\u00a0 \u00a0 \u00a0 \u00a0 Premier projet de coop\u00e9ration internationale pour l&#8217;APRFAE 30 janv. 2019\u00a0 \u00a0 \u00a0 \u00a0Les profs de la r\u00e9gion de Qu\u00e9bec font le choix de s&#8217;affilier \u00e0 la FAE 14 janv. 2019\u00a0 \u00a0 \u00a0 \u00a0Invitation &#8211; Atelier d&#8217;acrylique &hellip;<\/p>\n","protected":false},"author":2,"featured_media":0,"parent":0,"menu_order":0,"comment_status":"closed","ping_status":"closed","template":"template-builder.php","meta":{"footnotes":""},"class_list":["post-979","page","type-page","status-publish","hentry"],"yoast_head":"<!-- This site is optimized with the Yoast SEO plugin v17.3 - https:\/\/yoast.com\/wordpress\/plugins\/seo\/ -->\n<title>Nouvelles - Association de personnes retrait\u00e9es de la FAE<\/title>\n<meta name=\"robots\" content=\"noindex, follow, max-snippet:-1, max-image-preview:large, max-video-preview:-1\" \/>\n<meta property=\"og:locale\" content=\"fr_FR\" \/>\n<meta property=\"og:type\" content=\"article\" \/>\n<meta property=\"og:title\" content=\"Nouvelles - Association de personnes retrait\u00e9es de la FAE\" \/>\n<meta property=\"og:description\" content=\"23 avr. 2019 \u00a0 \u00a0 \u00a0\u00a0 D\u00e9voilement des r\u00e9sultats, Nouvelle \u00e9cole La Tomarine 1er f\u00e9v. 2019\u00a0 \u00a0 \u00a0 \u00a0 Premier projet de coop\u00e9ration internationale pour l&#8217;APRFAE 30 janv. 2019\u00a0 \u00a0 \u00a0 \u00a0Les profs de la r\u00e9gion de Qu\u00e9bec font le choix de s&#8217;affilier \u00e0 la FAE 14 janv. 2019\u00a0 \u00a0 \u00a0 \u00a0Invitation &#8211; Atelier d&#8217;acrylique &hellip;\" \/>\n<meta property=\"og:url\" content=\"https:\/\/www.capri-matique.com\/client\/aprfae5\/nouvelles\/\" \/>\n<meta property=\"og:site_name\" content=\"Association de personnes retrait\u00e9es de la FAE\" \/>\n<meta property=\"article:modified_time\" content=\"2022-12-15T13:41:57+00:00\" \/>\n<meta property=\"og:image\" content=\"https:\/\/capri-matique.com\/client\/aprfae5\/wp-content\/uploads\/2016\/06\/nouvelles.png\" \/>\n<meta name=\"twitter:card\" content=\"summary\" \/>\n<script type=\"application\/ld+json\" class=\"yoast-schema-graph\">{\"@context\":\"https:\/\/schema.org\",\"@graph\":[{\"@type\":\"WebSite\",\"@id\":\"https:\/\/www.capri-matique.com\/client\/aprfae5\/#website\",\"url\":\"https:\/\/www.capri-matique.com\/client\/aprfae5\/\",\"name\":\"Association de personnes retrait\\u00e9es de la FAE\",\"description\":\"L&#039;association qui nous unit\",\"potentialAction\":[{\"@type\":\"SearchAction\",\"target\":{\"@type\":\"EntryPoint\",\"urlTemplate\":\"https:\/\/www.capri-matique.com\/client\/aprfae5\/?s={search_term_string}\"},\"query-input\":\"required name=search_term_string\"}],\"inLanguage\":\"fr-FR\"},{\"@type\":\"ImageObject\",\"@id\":\"https:\/\/www.capri-matique.com\/client\/aprfae5\/nouvelles\/#primaryimage\",\"inLanguage\":\"fr-FR\",\"url\":\"https:\/\/capri-matique.com\/client\/aprfae5\/wp-content\/uploads\/2016\/06\/nouvelles.png\",\"contentUrl\":\"https:\/\/capri-matique.com\/client\/aprfae5\/wp-content\/uploads\/2016\/06\/nouvelles.png\"},{\"@type\":\"WebPage\",\"@id\":\"https:\/\/www.capri-matique.com\/client\/aprfae5\/nouvelles\/#webpage\",\"url\":\"https:\/\/www.capri-matique.com\/client\/aprfae5\/nouvelles\/\",\"name\":\"Nouvelles - Association de personnes retrait\\u00e9es de la FAE\",\"isPartOf\":{\"@id\":\"https:\/\/www.capri-matique.com\/client\/aprfae5\/#website\"},\"primaryImageOfPage\":{\"@id\":\"https:\/\/www.capri-matique.com\/client\/aprfae5\/nouvelles\/#primaryimage\"},\"datePublished\":\"2016-06-01T20:38:38+00:00\",\"dateModified\":\"2022-12-15T13:41:57+00:00\",\"breadcrumb\":{\"@id\":\"https:\/\/www.capri-matique.com\/client\/aprfae5\/nouvelles\/#breadcrumb\"},\"inLanguage\":\"fr-FR\",\"potentialAction\":[{\"@type\":\"ReadAction\",\"target\":[\"https:\/\/www.capri-matique.com\/client\/aprfae5\/nouvelles\/\"]}]},{\"@type\":\"BreadcrumbList\",\"@id\":\"https:\/\/www.capri-matique.com\/client\/aprfae5\/nouvelles\/#breadcrumb\",\"itemListElement\":[{\"@type\":\"ListItem\",\"position\":1,\"name\":\"Accueil\",\"item\":\"https:\/\/www.capri-matique.com\/client\/aprfae5\/\"},{\"@type\":\"ListItem\",\"position\":2,\"name\":\"Nouvelles\"}]}]}<\/script>\n<!-- \/ Yoast SEO plugin. -->","yoast_head_json":{"title":"Nouvelles - Association de personnes retrait\u00e9es de la FAE","robots":{"index":"noindex","follow":"follow","max-snippet":"max-snippet:-1","max-image-preview":"max-image-preview:large","max-video-preview":"max-video-preview:-1"},"og_locale":"fr_FR","og_type":"article","og_title":"Nouvelles - Association de personnes retrait\u00e9es de la FAE","og_description":"23 avr. 2019 \u00a0 \u00a0 \u00a0\u00a0 D\u00e9voilement des r\u00e9sultats, Nouvelle \u00e9cole La Tomarine 1er f\u00e9v. 2019\u00a0 \u00a0 \u00a0 \u00a0 Premier projet de coop\u00e9ration internationale pour l&#8217;APRFAE 30 janv. 2019\u00a0 \u00a0 \u00a0 \u00a0Les profs de la r\u00e9gion de Qu\u00e9bec font le choix de s&#8217;affilier \u00e0 la FAE 14 janv. 2019\u00a0 \u00a0 \u00a0 \u00a0Invitation &#8211; Atelier d&#8217;acrylique &hellip;","og_url":"https:\/\/www.capri-matique.com\/client\/aprfae5\/nouvelles\/","og_site_name":"Association de personnes retrait\u00e9es de la FAE","article_modified_time":"2022-12-15T13:41:57+00:00","og_image":[{"url":"https:\/\/capri-matique.com\/client\/aprfae5\/wp-content\/uploads\/2016\/06\/nouvelles.png"}],"twitter_card":"summary","schema":{"@context":"https:\/\/schema.org","@graph":[{"@type":"WebSite","@id":"https:\/\/www.capri-matique.com\/client\/aprfae5\/#website","url":"https:\/\/www.capri-matique.com\/client\/aprfae5\/","name":"Association de personnes retrait\u00e9es de la FAE","description":"L&#039;association qui nous unit","potentialAction":[{"@type":"SearchAction","target":{"@type":"EntryPoint","urlTemplate":"https:\/\/www.capri-matique.com\/client\/aprfae5\/?s={search_term_string}"},"query-input":"required name=search_term_string"}],"inLanguage":"fr-FR"},{"@type":"ImageObject","@id":"https:\/\/www.capri-matique.com\/client\/aprfae5\/nouvelles\/#primaryimage","inLanguage":"fr-FR","url":"https:\/\/capri-matique.com\/client\/aprfae5\/wp-content\/uploads\/2016\/06\/nouvelles.png","contentUrl":"https:\/\/capri-matique.com\/client\/aprfae5\/wp-content\/uploads\/2016\/06\/nouvelles.png"},{"@type":"WebPage","@id":"https:\/\/www.capri-matique.com\/client\/aprfae5\/nouvelles\/#webpage","url":"https:\/\/www.capri-matique.com\/client\/aprfae5\/nouvelles\/","name":"Nouvelles - Association de personnes retrait\u00e9es de la FAE","isPartOf":{"@id":"https:\/\/www.capri-matique.com\/client\/aprfae5\/#website"},"primaryImageOfPage":{"@id":"https:\/\/www.capri-matique.com\/client\/aprfae5\/nouvelles\/#primaryimage"},"datePublished":"2016-06-01T20:38:38+00:00","dateModified":"2022-12-15T13:41:57+00:00","breadcrumb":{"@id":"https:\/\/www.capri-matique.com\/client\/aprfae5\/nouvelles\/#breadcrumb"},"inLanguage":"fr-FR","potentialAction":[{"@type":"ReadAction","target":["https:\/\/www.capri-matique.com\/client\/aprfae5\/nouvelles\/"]}]},{"@type":"BreadcrumbList","@id":"https:\/\/www.capri-matique.com\/client\/aprfae5\/nouvelles\/#breadcrumb","itemListElement":[{"@type":"ListItem","position":1,"name":"Accueil","item":"https:\/\/www.capri-matique.com\/client\/aprfae5\/"},{"@type":"ListItem","position":2,"name":"Nouvelles"}]}]}},"_links":{"self":[{"href":"https:\/\/www.capri-matique.com\/client\/aprfae5\/wp-json\/wp\/v2\/pages\/979","targetHints":{"allow":["GET"]}}],"collection":[{"href":"https:\/\/www.capri-matique.com\/client\/aprfae5\/wp-json\/wp\/v2\/pages"}],"about":[{"href":"https:\/\/www.capri-matique.com\/client\/aprfae5\/wp-json\/wp\/v2\/types\/page"}],"author":[{"embeddable":true,"href":"https:\/\/www.capri-matique.com\/client\/aprfae5\/wp-json\/wp\/v2\/users\/2"}],"replies":[{"embeddable":true,"href":"https:\/\/www.capri-matique.com\/client\/aprfae5\/wp-json\/wp\/v2\/comments?post=979"}],"version-history":[{"count":63,"href":"https:\/\/www.capri-matique.com\/client\/aprfae5\/wp-json\/wp\/v2\/pages\/979\/revisions"}],"predecessor-version":[{"id":4359,"href":"https:\/\/www.capri-matique.com\/client\/aprfae5\/wp-json\/wp\/v2\/pages\/979\/revisions\/4359"}],"wp:attachment":[{"href":"https:\/\/www.capri-matique.com\/client\/aprfae5\/wp-json\/wp\/v2\/media?parent=979"}],"curies":[{"name":"wp","href":"https:\/\/api.w.org\/{rel}","templated":true}]}}