{"id":878,"date":"2016-06-01T20:38:38","date_gmt":"2016-06-01T20:38:38","guid":{"rendered":"https:\/\/capri-matique.com\/client\/aprfae5\/?page_id=8"},"modified":"2019-11-01T10:31:35","modified_gmt":"2019-11-01T14:31:35","slug":"references","status":"publish","type":"page","link":"https:\/\/www.capri-matique.com\/client\/aprfae5\/references\/","title":{"rendered":"R\u00e9f\u00e9rences"},"content":{"rendered":"<section id=\"builder-section-1475010671909\" class=\"builder-section-first builder-section builder-section-panels builder-section-last accordion-mode\" style=\"background-size: cover; background-repeat: no-repeat;background-position: center center;\">\n<div class=\"builder-section-content\">\n<div class=\"ttfmp-accordion-container\" data-height-style=\"\"  data-start-collapsed=\"false\">\n<div id=\"ttfmp-panels-item-title-1475010671919\" class=\"ttfmp-panels-item-title\">\n\t<\/div>\n<div id=\"ttfmp-panels-item-content-1475010671919\" class=\"ttfmp-panels-item-content\">\n<p><a href=\"https:\/\/capri-matique.com\/client\/aprfae5\/wp-content\/uploads\/2019\/11\/R\u00e9ponses-SPEP.pdf\" target=\"_blank\" rel=\"noopener noreferrer\">R\u00e9ponses Quiz &#8211; SPEP 2019<\/a><\/p>\n<p><a href=\"https:\/\/www.rsph.org.uk\/uploads\/assets\/uploaded\/010d3159-0d36-4707-aee54e29047c8e3a.pdf\" target=\"_blank\" rel=\"noopener noreferrer\">That Age Old Question, How attitudes to ageing affect our health and wellbeing<\/a><\/p>\n<p><a href=\"https:\/\/www.ledroit.com\/actualites\/sante\/les-frais-accessoires-factures-ailleurs-8c7e01d7f96a8e68e53f0f74236dd29c\" target=\"_blank\" rel=\"noopener noreferrer\">Les frais accessoires factur\u00e9s ailleurs?<\/a><\/p>\n<p><a href=\"http:\/\/www.journaldemontreal.com\/2017\/11\/14\/la-retraite-en-pleine-evolution-des-chiffres-qui-parlent\" target=\"_blank\" rel=\"noopener noreferrer\"><span style=\"text-decoration: underline;\"><strong>La retraite en pleine \u00e9volution: des chiffres qui parlent<\/strong><\/span><\/a><\/p>\n<p><a href=\"http:\/\/www4.gouv.qc.ca\/FR\/portail\/citoyens\/evenements\/aines\/pages\/accueil.aspx\" target=\"_blank\" rel=\"noopener noreferrer\">Programmes et services pour les ain\u00e9s<img fetchpriority=\"high\" decoding=\"async\" class=\"size-full wp-image-965 alignright\" src=\"https:\/\/capri-matique.com\/client\/aprfae5\/wp-content\/uploads\/2016\/06\/references.png\" alt=\"references\" width=\"240\" height=\"210\" \/><\/a><\/p>\n<p><a href=\"http:\/\/www.edsc.gc.ca\/fr\/rpc\/sv\/paiements.page\" target=\"_blank\" rel=\"noopener noreferrer\">Montant des paiements de la s\u00e9curit\u00e9 de la vieillesse<\/a><\/p>\n<p class=\"content\"><a href=\"https:\/\/capri-matique.com\/client\/aprfae5\/wp-content\/uploads\/2017\/02\/austerite.pdf\" target=\"_blank\" rel=\"noopener noreferrer\">L\u2019aust\u00e9rit\u00e9 en \u00e9ducation : les \u00e9coles priv\u00e9es sont-elles r\u00e9ellement d\u00e9savantag\u00e9es\u00a0?<\/a><\/p>\n<p class=\"content\">\u00a0<\/p>\n<\/div><\/div>\n<\/p><\/div>\n<\/section>\n","protected":false},"excerpt":{"rendered":"<p>R\u00e9ponses Quiz &#8211; SPEP 2019 That Age Old Question, How attitudes to ageing affect our health and wellbeing Les frais accessoires factur\u00e9s ailleurs? La retraite en pleine \u00e9volution: des chiffres qui parlent Programmes et services pour les ain\u00e9s Montant des paiements de la s\u00e9curit\u00e9 de la vieillesse L\u2019aust\u00e9rit\u00e9 en \u00e9ducation : les \u00e9coles priv\u00e9es sont-elles &hellip;<\/p>\n","protected":false},"author":2,"featured_media":0,"parent":0,"menu_order":0,"comment_status":"closed","ping_status":"closed","template":"template-builder.php","meta":{"footnotes":""},"class_list":["post-878","page","type-page","status-publish","hentry"],"yoast_head":"<!-- This site is optimized with the Yoast SEO plugin v17.3 - https:\/\/yoast.com\/wordpress\/plugins\/seo\/ -->\n<title>R\u00e9f\u00e9rences - Association de personnes retrait\u00e9es de la FAE<\/title>\n<meta name=\"robots\" content=\"noindex, follow, max-snippet:-1, max-image-preview:large, max-video-preview:-1\" \/>\n<meta property=\"og:locale\" content=\"fr_FR\" \/>\n<meta property=\"og:type\" content=\"article\" \/>\n<meta property=\"og:title\" content=\"R\u00e9f\u00e9rences - Association de personnes retrait\u00e9es de la FAE\" \/>\n<meta property=\"og:description\" content=\"R\u00e9ponses Quiz &#8211; SPEP 2019 That Age Old Question, How attitudes to ageing affect our health and wellbeing Les frais accessoires factur\u00e9s ailleurs? La retraite en pleine \u00e9volution: des chiffres qui parlent Programmes et services pour les ain\u00e9s Montant des paiements de la s\u00e9curit\u00e9 de la vieillesse L\u2019aust\u00e9rit\u00e9 en \u00e9ducation : les \u00e9coles priv\u00e9es sont-elles &hellip;\" \/>\n<meta property=\"og:url\" content=\"https:\/\/www.capri-matique.com\/client\/aprfae5\/references\/\" \/>\n<meta property=\"og:site_name\" content=\"Association de personnes retrait\u00e9es de la FAE\" \/>\n<meta property=\"article:modified_time\" content=\"2019-11-01T14:31:35+00:00\" \/>\n<meta property=\"og:image\" content=\"https:\/\/capri-matique.com\/client\/aprfae5\/wp-content\/uploads\/2016\/06\/references.png\" \/>\n<meta name=\"twitter:card\" content=\"summary\" \/>\n<script type=\"application\/ld+json\" class=\"yoast-schema-graph\">{\"@context\":\"https:\/\/schema.org\",\"@graph\":[{\"@type\":\"WebSite\",\"@id\":\"https:\/\/www.capri-matique.com\/client\/aprfae5\/#website\",\"url\":\"https:\/\/www.capri-matique.com\/client\/aprfae5\/\",\"name\":\"Association de personnes retrait\\u00e9es de la FAE\",\"description\":\"L&#039;association qui nous unit\",\"potentialAction\":[{\"@type\":\"SearchAction\",\"target\":{\"@type\":\"EntryPoint\",\"urlTemplate\":\"https:\/\/www.capri-matique.com\/client\/aprfae5\/?s={search_term_string}\"},\"query-input\":\"required name=search_term_string\"}],\"inLanguage\":\"fr-FR\"},{\"@type\":\"ImageObject\",\"@id\":\"https:\/\/www.capri-matique.com\/client\/aprfae5\/references\/#primaryimage\",\"inLanguage\":\"fr-FR\",\"url\":\"https:\/\/capri-matique.com\/client\/aprfae5\/wp-content\/uploads\/2016\/06\/references.png\",\"contentUrl\":\"https:\/\/capri-matique.com\/client\/aprfae5\/wp-content\/uploads\/2016\/06\/references.png\"},{\"@type\":\"WebPage\",\"@id\":\"https:\/\/www.capri-matique.com\/client\/aprfae5\/references\/#webpage\",\"url\":\"https:\/\/www.capri-matique.com\/client\/aprfae5\/references\/\",\"name\":\"R\\u00e9f\\u00e9rences - Association de personnes retrait\\u00e9es de la FAE\",\"isPartOf\":{\"@id\":\"https:\/\/www.capri-matique.com\/client\/aprfae5\/#website\"},\"primaryImageOfPage\":{\"@id\":\"https:\/\/www.capri-matique.com\/client\/aprfae5\/references\/#primaryimage\"},\"datePublished\":\"2016-06-01T20:38:38+00:00\",\"dateModified\":\"2019-11-01T14:31:35+00:00\",\"breadcrumb\":{\"@id\":\"https:\/\/www.capri-matique.com\/client\/aprfae5\/references\/#breadcrumb\"},\"inLanguage\":\"fr-FR\",\"potentialAction\":[{\"@type\":\"ReadAction\",\"target\":[\"https:\/\/www.capri-matique.com\/client\/aprfae5\/references\/\"]}]},{\"@type\":\"BreadcrumbList\",\"@id\":\"https:\/\/www.capri-matique.com\/client\/aprfae5\/references\/#breadcrumb\",\"itemListElement\":[{\"@type\":\"ListItem\",\"position\":1,\"name\":\"Accueil\",\"item\":\"https:\/\/www.capri-matique.com\/client\/aprfae5\/\"},{\"@type\":\"ListItem\",\"position\":2,\"name\":\"R\\u00e9f\\u00e9rences\"}]}]}<\/script>\n<!-- \/ Yoast SEO plugin. -->","yoast_head_json":{"title":"R\u00e9f\u00e9rences - Association de personnes retrait\u00e9es de la FAE","robots":{"index":"noindex","follow":"follow","max-snippet":"max-snippet:-1","max-image-preview":"max-image-preview:large","max-video-preview":"max-video-preview:-1"},"og_locale":"fr_FR","og_type":"article","og_title":"R\u00e9f\u00e9rences - Association de personnes retrait\u00e9es de la FAE","og_description":"R\u00e9ponses Quiz &#8211; SPEP 2019 That Age Old Question, How attitudes to ageing affect our health and wellbeing Les frais accessoires factur\u00e9s ailleurs? La retraite en pleine \u00e9volution: des chiffres qui parlent Programmes et services pour les ain\u00e9s Montant des paiements de la s\u00e9curit\u00e9 de la vieillesse L\u2019aust\u00e9rit\u00e9 en \u00e9ducation : les \u00e9coles priv\u00e9es sont-elles &hellip;","og_url":"https:\/\/www.capri-matique.com\/client\/aprfae5\/references\/","og_site_name":"Association de personnes retrait\u00e9es de la FAE","article_modified_time":"2019-11-01T14:31:35+00:00","og_image":[{"url":"https:\/\/capri-matique.com\/client\/aprfae5\/wp-content\/uploads\/2016\/06\/references.png"}],"twitter_card":"summary","schema":{"@context":"https:\/\/schema.org","@graph":[{"@type":"WebSite","@id":"https:\/\/www.capri-matique.com\/client\/aprfae5\/#website","url":"https:\/\/www.capri-matique.com\/client\/aprfae5\/","name":"Association de personnes retrait\u00e9es de la FAE","description":"L&#039;association qui nous unit","potentialAction":[{"@type":"SearchAction","target":{"@type":"EntryPoint","urlTemplate":"https:\/\/www.capri-matique.com\/client\/aprfae5\/?s={search_term_string}"},"query-input":"required name=search_term_string"}],"inLanguage":"fr-FR"},{"@type":"ImageObject","@id":"https:\/\/www.capri-matique.com\/client\/aprfae5\/references\/#primaryimage","inLanguage":"fr-FR","url":"https:\/\/capri-matique.com\/client\/aprfae5\/wp-content\/uploads\/2016\/06\/references.png","contentUrl":"https:\/\/capri-matique.com\/client\/aprfae5\/wp-content\/uploads\/2016\/06\/references.png"},{"@type":"WebPage","@id":"https:\/\/www.capri-matique.com\/client\/aprfae5\/references\/#webpage","url":"https:\/\/www.capri-matique.com\/client\/aprfae5\/references\/","name":"R\u00e9f\u00e9rences - Association de personnes retrait\u00e9es de la FAE","isPartOf":{"@id":"https:\/\/www.capri-matique.com\/client\/aprfae5\/#website"},"primaryImageOfPage":{"@id":"https:\/\/www.capri-matique.com\/client\/aprfae5\/references\/#primaryimage"},"datePublished":"2016-06-01T20:38:38+00:00","dateModified":"2019-11-01T14:31:35+00:00","breadcrumb":{"@id":"https:\/\/www.capri-matique.com\/client\/aprfae5\/references\/#breadcrumb"},"inLanguage":"fr-FR","potentialAction":[{"@type":"ReadAction","target":["https:\/\/www.capri-matique.com\/client\/aprfae5\/references\/"]}]},{"@type":"BreadcrumbList","@id":"https:\/\/www.capri-matique.com\/client\/aprfae5\/references\/#breadcrumb","itemListElement":[{"@type":"ListItem","position":1,"name":"Accueil","item":"https:\/\/www.capri-matique.com\/client\/aprfae5\/"},{"@type":"ListItem","position":2,"name":"R\u00e9f\u00e9rences"}]}]}},"_links":{"self":[{"href":"https:\/\/www.capri-matique.com\/client\/aprfae5\/wp-json\/wp\/v2\/pages\/878","targetHints":{"allow":["GET"]}}],"collection":[{"href":"https:\/\/www.capri-matique.com\/client\/aprfae5\/wp-json\/wp\/v2\/pages"}],"about":[{"href":"https:\/\/www.capri-matique.com\/client\/aprfae5\/wp-json\/wp\/v2\/types\/page"}],"author":[{"embeddable":true,"href":"https:\/\/www.capri-matique.com\/client\/aprfae5\/wp-json\/wp\/v2\/users\/2"}],"replies":[{"embeddable":true,"href":"https:\/\/www.capri-matique.com\/client\/aprfae5\/wp-json\/wp\/v2\/comments?post=878"}],"version-history":[{"count":21,"href":"https:\/\/www.capri-matique.com\/client\/aprfae5\/wp-json\/wp\/v2\/pages\/878\/revisions"}],"predecessor-version":[{"id":5125,"href":"https:\/\/www.capri-matique.com\/client\/aprfae5\/wp-json\/wp\/v2\/pages\/878\/revisions\/5125"}],"wp:attachment":[{"href":"https:\/\/www.capri-matique.com\/client\/aprfae5\/wp-json\/wp\/v2\/media?parent=878"}],"curies":[{"name":"wp","href":"https:\/\/api.w.org\/{rel}","templated":true}]}}