{"id":8436,"date":"2023-06-13T10:55:38","date_gmt":"2023-06-13T14:55:38","guid":{"rendered":"https:\/\/capri-matique.com\/client\/aprfae5\/?page_id=8436"},"modified":"2023-06-13T15:44:26","modified_gmt":"2023-06-13T19:44:26","slug":"seminaire-2023-2024","status":"publish","type":"page","link":"https:\/\/www.capri-matique.com\/client\/aprfae5\/seminaire-2023-2024\/","title":{"rendered":"S\u00e9minaire 2023-2024"},"content":{"rendered":"<p style=\"text-align: center;\"><strong>S\u00c9MINAIRES DE PLANIFICATION DE LA RETRAITE 2023-2024<\/strong><\/p>\n<p>&nbsp;<\/p>\n<p style=\"text-align: left;\"><strong>CONDITIONS<\/strong><\/p>\n<p>Les s\u00e9minaires de planification de la retraite, sous la responsabilit\u00e9 de l\u2019APRFAE (Association de personnes retrait\u00e9es<br \/>\nde la FAE), sont con\u00e7us pour les personnes qui songent \u00e0 prendre leur retraite d\u2019ici le 30 juin 2025 ou qui sont d\u00e9j\u00e0<br \/>\ninscrites dans un programme de retraite progressive.<\/p>\n<p>Ces s\u00e9minaires se donnent sous la forme virtuelle (webinaire : TEAMS ou ZOOM). L\u2019\u00e9dition 2023-2024 des s\u00e9minaires<br \/>\nse d\u00e9roulera \u00e0 partir du 18 novembre 2023 jusqu\u2019au 21 f\u00e9vrier 2024.<\/p>\n<p>Les personnes admissibles doivent s\u2019inscrire pour un forfait de trois s\u00e9ances :<\/p>\n<ul>\n<li>\u00a0les R\u00c9GIMES DE RETRAITE (RRQ et RREGOP) &#8211; les samedis de 8h30 \u00e0 12h00, pr\u00e9sentation sur la plateforme<br \/>\nTEAMS).<\/li>\n<li>\u00a0les FINANCES &#8211; les lundis de 18h00 \u00e0 19h30, pr\u00e9sentation sur la plateforme ZOOM.<\/li>\n<li>\u00a0Les ASSURANCES (assurance maladie et vie) &#8211; les mercredis de 18h00 \u00e0 19h30, pr\u00e9sentation sur la<br \/>\nplateforme ZOOM.<\/li>\n<\/ul>\n<p><strong>INSCRIPTION<\/strong><\/p>\n<p>Avant le 3 octobre 2023, la personne admissible qui souhaite s\u2019inscrire doit remplir le formulaire pr\u00e9sent\u00e9 dans la<br \/>\npr\u00e9sente page. Un accus\u00e9 de r\u00e9ception suivra imm\u00e9diatement l\u2019inscription, mais le syndicat local doit l\u2019approuver<br \/>\npour qu\u2019elle devienne officielle. Le principe \u00ab premier arriv\u00e9, premier inscrit \u00bb, sera appliqu\u00e9 et aucune inscription ne<br \/>\nsera possible apr\u00e8s le 3 octobre.<\/p>\n<p>La taille des groupes est de 40 personnes. Si le nombre de places disponibles est atteint, l\u2019inscription sera bloqu\u00e9e et<br \/>\nla personne devra choisir un autre forfait o\u00f9 des places sont encore disponibles.<\/p>\n<p>Au cours de la premi\u00e8re semaine de novembre, les participantes et participants dont l\u2019inscription a \u00e9t\u00e9 approuv\u00e9e<br \/>\npar leur syndicat recevront une confirmation par courriel. Si vous ne recevez pas de courriel, il faut v\u00e9rifier aupr\u00e8s<br \/>\nde votre syndicat.<\/p>\n<p>24 heures avant le d\u00e9but de chaque s\u00e9ance, vous recevrez par courriel :<\/p>\n<ul>\n<li>\u00a0la documentation n\u00e9cessaire pour la s\u00e9ance du lendemain;<\/li>\n<li>\u00a0le lien ZOOM ou TEAMS;<\/li>\n<li>\u00a0ainsi que l\u2019heure du d\u00e9but de l\u2019inscription.<\/li>\n<\/ul>\n<p><strong><span style=\"color: #ff0000;\">Il est inutile de nous \u00e9crire pour recevoir l\u2019invitation virtuelle ou le document avant ce d\u00e9lai<\/span><\/strong><\/p>\n<p><strong>Pour vous inscrire, vous devez :<\/strong><\/p>\n<ol>\n<li>\u00a0Choisir les dates du forfait souhait\u00e9. Si ce dernier est d\u00e9j\u00e0 complet, vous devez faire un autre choix.<\/li>\n<li>\u00a0Remplir le formulaire \u00e0 l\u2019\u00e9cran qui apparaitra seulement si la date choisie est encore disponible.<\/li>\n<li>\u00a0Une fois compl\u00e9t\u00e9, cliquer \u00ab envoyer \u00bb.<\/li>\n<li style=\"text-align: left;\">\u00a0V\u00e9rifier le message d\u2019accus\u00e9 de r\u00e9ception dans votre bo\u00eete courriel.<strong>TOUTE INSCRIPTION DOIT \u00caTRE APPROUV\u00c9E PAR LE SYNDICAT LOCAL AVANT D\u2019\u00caTRE CONFIRM\u00c9E<\/strong><br \/>\n<strong>OFFICIELLEMENT<\/strong><\/li>\n<\/ol>\n<style type=\"text\/css\">\r\n    #lgx_lsw_preloader_7840 {\r\n        display: flex;\r\n        align-items: center;\r\n        justify-content: center;\r\n        text-align: center;\r\n        background: #ffffff;\r\n        z-index: 9999;\r\n        position: absolute;\r\n        left: 0;\r\n        top: 0;\r\n        height: 100%;\r\n        width: 100%;\r\n    }\r\n<\/style><div id=\"lgx_logo_slider_app_7840\" class=\"lgx_logo_slider_app\">\r\n\r\n    <div id=\"lgx_lsw_preloader_7840\"\" class=\"lgx_lsw_preloader\"> <img decoding=\"async\" src=\"https:\/\/www.capri-matique.com\/client\/aprfae5\/wp-content\/plugins\/logo-slider-wp\/public\/assets\/img\/loader.gif\" \/><\/div>\r\n    <div class=\"lgx_logo_slider lgx_logo_slider_free\">\r\n        <div class=\"lgx_app_inner lgx_app_layout_carousel\">\r\n            <div class=\"lgx_app_container-fluid\">\r\n\r\n                \r\n                <div id=\"lgx_app_content_wrap_7840275\" class=\"lgx_app_content_wrapper  swiper lgx_logo_carousel\"   data-effect=\"slide\"  data-infinite=\"true\"  data-speed=\"450\"  data-autoplay=\"true\"  data-delay=\"1500\"  data-pause=\"false\"  data-space=\"10\"  data-nav=\"true\"  data-pagination=\"true\"  data-height=\"false\"  data-move=\"true\"  data-wheel=\"false\"  data-simulate=\"true\"  data-grab=\"false\"  data-dynamic=\"false\"  data-bullets_no=\"1\"  data-item_mobile=\"2\"  data-item_tablet=\"3\"  data-item_desk=\"4\"  data-item_large=\"5\"  data-lazy=\"false\"    >\r\n\r\n                    <div class=\"lgx_lsw_nav_wrap lgx_lsw_nav_top_right  \"><div class=\"lgx_lsw_nav_button lgx_lsw_nav_button_prev\"><i class=\"fa fa-angle-left\"  aria-hidden=\"true\"><\/i><\/div><div class=\"lgx_lsw_nav_button lgx_lsw_nav_button_next \"><i class=\"fa fa-angle-right\"  aria-hidden=\"true\"><\/i><\/div><\/div>\r\n                    <div class=\"lgx_app_item_row   swiper-wrapper \"  >\r\n                        <div class=\"lgx_app_item  swiper-slide lgx_app_hover_effect_none\">\r\n    <div class=\"lgx_app_item_inner \" >\r\n                    <div class=\"lgx_app_item_figure lgx_img_hover_anim__default\">\r\n                <a class=\"lgx_app_item_link\"    href=\"javascript:void(0);\"  target=\"_self\" >\r\n                    <img decoding=\"async\" class=\"lgx_app_item_img\" src=\"https:\/\/www.capri-matique.com\/client\/aprfae5\/wp-content\/uploads\/2022\/06\/SEO-200.jpg\"  alt=\"\" \/>\r\n                <\/a>\r\n            <\/div> <!--\/\/.FIGURE -->\r\n                <div class=\"lgx_app_item_info\">\r\n                                <\/div>\r\n\r\n        \r\n    <\/div>\r\n<\/div><div class=\"lgx_app_item  swiper-slide lgx_app_hover_effect_none\">\r\n    <div class=\"lgx_app_item_inner \" >\r\n                    <div class=\"lgx_app_item_figure lgx_img_hover_anim__default\">\r\n                <a class=\"lgx_app_item_link\"    href=\"javascript:void(0);\"  target=\"_self\" >\r\n                    <img decoding=\"async\" class=\"lgx_app_item_img\" src=\"https:\/\/www.capri-matique.com\/client\/aprfae5\/wp-content\/uploads\/2022\/06\/SEOM-200.jpg\"  alt=\"\" \/>\r\n                <\/a>\r\n            <\/div> <!--\/\/.FIGURE -->\r\n                <div class=\"lgx_app_item_info\">\r\n                                <\/div>\r\n\r\n        \r\n    <\/div>\r\n<\/div><div class=\"lgx_app_item  swiper-slide lgx_app_hover_effect_none\">\r\n    <div class=\"lgx_app_item_inner \" >\r\n                    <div class=\"lgx_app_item_figure lgx_img_hover_anim__default\">\r\n                <a class=\"lgx_app_item_link\"    href=\"javascript:void(0);\"  target=\"_self\" >\r\n                    <img decoding=\"async\" class=\"lgx_app_item_img\" src=\"https:\/\/www.capri-matique.com\/client\/aprfae5\/wp-content\/uploads\/2022\/06\/SERL-200jpg.jpg\"  alt=\"\" \/>\r\n                <\/a>\r\n            <\/div> <!--\/\/.FIGURE -->\r\n                <div class=\"lgx_app_item_info\">\r\n                                <\/div>\r\n\r\n        \r\n    <\/div>\r\n<\/div><div class=\"lgx_app_item  swiper-slide lgx_app_hover_effect_none\">\r\n    <div class=\"lgx_app_item_inner \" >\r\n                    <div class=\"lgx_app_item_figure lgx_img_hover_anim__default\">\r\n                <a class=\"lgx_app_item_link\"    href=\"javascript:void(0);\"  target=\"_self\" >\r\n                    <img decoding=\"async\" class=\"lgx_app_item_img\" src=\"https:\/\/www.capri-matique.com\/client\/aprfae5\/wp-content\/uploads\/2022\/06\/SEPI-200.jpg\"  alt=\"\" \/>\r\n                <\/a>\r\n            <\/div> <!--\/\/.FIGURE -->\r\n                <div class=\"lgx_app_item_info\">\r\n                                <\/div>\r\n\r\n        \r\n    <\/div>\r\n<\/div><div class=\"lgx_app_item  swiper-slide lgx_app_hover_effect_none\">\r\n    <div class=\"lgx_app_item_inner \" >\r\n                    <div class=\"lgx_app_item_figure lgx_img_hover_anim__default\">\r\n                <a class=\"lgx_app_item_link\"    href=\"javascript:void(0);\"  target=\"_self\" >\r\n                    <img decoding=\"async\" class=\"lgx_app_item_img\" src=\"https:\/\/www.capri-matique.com\/client\/aprfae5\/wp-content\/uploads\/2022\/06\/SES-200.jpg\"  alt=\"\" \/>\r\n                <\/a>\r\n            <\/div> <!--\/\/.FIGURE -->\r\n                <div class=\"lgx_app_item_info\">\r\n                                <\/div>\r\n\r\n        \r\n    <\/div>\r\n<\/div><div class=\"lgx_app_item  swiper-slide lgx_app_hover_effect_none\">\r\n    <div class=\"lgx_app_item_inner \" >\r\n                    <div class=\"lgx_app_item_figure lgx_img_hover_anim__default\">\r\n                <a class=\"lgx_app_item_link\"    href=\"javascript:void(0);\"  target=\"_self\" >\r\n                    <img decoding=\"async\" class=\"lgx_app_item_img\" src=\"https:\/\/www.capri-matique.com\/client\/aprfae5\/wp-content\/uploads\/2022\/06\/serq-200.jpg\"  alt=\"\" \/>\r\n                <\/a>\r\n            <\/div> <!--\/\/.FIGURE -->\r\n                <div class=\"lgx_app_item_info\">\r\n                                <\/div>\r\n\r\n        \r\n    <\/div>\r\n<\/div><div class=\"lgx_app_item  swiper-slide lgx_app_hover_effect_none\">\r\n    <div class=\"lgx_app_item_inner \" >\r\n                    <div class=\"lgx_app_item_figure lgx_img_hover_anim__default\">\r\n                <a class=\"lgx_app_item_link\"    href=\"javascript:void(0);\"  target=\"_self\" >\r\n                    <img decoding=\"async\" class=\"lgx_app_item_img\" src=\"https:\/\/www.capri-matique.com\/client\/aprfae5\/wp-content\/uploads\/2022\/06\/SEHY-200.jpg\"  alt=\"\" \/>\r\n                <\/a>\r\n            <\/div> <!--\/\/.FIGURE -->\r\n                <div class=\"lgx_app_item_info\">\r\n                                <\/div>\r\n\r\n        \r\n    <\/div>\r\n<\/div><div class=\"lgx_app_item  swiper-slide lgx_app_hover_effect_none\">\r\n    <div class=\"lgx_app_item_inner \" >\r\n                    <div class=\"lgx_app_item_figure lgx_img_hover_anim__default\">\r\n                <a class=\"lgx_app_item_link\"    href=\"javascript:void(0);\"  target=\"_self\" >\r\n                    <img decoding=\"async\" class=\"lgx_app_item_img\" src=\"https:\/\/www.capri-matique.com\/client\/aprfae5\/wp-content\/uploads\/2022\/06\/SEBL_200-1.jpg\"  alt=\"\" \/>\r\n                <\/a>\r\n            <\/div> <!--\/\/.FIGURE -->\r\n                <div class=\"lgx_app_item_info\">\r\n                                <\/div>\r\n\r\n        \r\n    <\/div>\r\n<\/div><div class=\"lgx_app_item  swiper-slide lgx_app_hover_effect_none\">\r\n    <div class=\"lgx_app_item_inner \" >\r\n                    <div class=\"lgx_app_item_figure lgx_img_hover_anim__default\">\r\n                <a class=\"lgx_app_item_link\"    href=\"javascript:void(0);\"  target=\"_self\" >\r\n                    <img decoding=\"async\" class=\"lgx_app_item_img\" src=\"https:\/\/www.capri-matique.com\/client\/aprfae5\/wp-content\/uploads\/2022\/06\/APPM_200.jpg\"  alt=\"\" \/>\r\n                <\/a>\r\n            <\/div> <!--\/\/.FIGURE -->\r\n                <div class=\"lgx_app_item_info\">\r\n                                <\/div>\r\n\r\n        \r\n    <\/div>\r\n<\/div>                    <\/div> <!--\/\/.APP CONTENT INNER END-->\r\n\r\n                    <div class=\"swiper-pagination lgx_lsw_pagination\"><\/div>\r\n                    \r\n                <\/div> <!-- \/\/.CONTENT WRAP END-->\r\n\r\n            <\/div><!--\/\/.APP CONTAINER END-->\r\n        <\/div> <!--\/\/.INNER END-->\r\n    <\/div> <!-- APP CONTAINER END -->\r\n\r\n<\/div> <!--\/\/.APP END-->\n<p>&nbsp;<\/p>\n\n<table id=\"tablepress-2\" class=\"tablepress tablepress-id-2\">\n<thead>\n<tr class=\"row-1 odd\">\n\t<th class=\"column-1\">DATE<\/th><th class=\"column-2\">HEURE<\/th><th class=\"column-3\">S\u00c9ANCE<\/th><th class=\"column-4\">INSCRIPTION<\/th>\n<\/tr>\n<\/thead>\n<tbody class=\"row-hover\">\n<tr class=\"row-2 even\">\n\t<td class=\"column-1\">18 novembre 2023<br \/>\n20 novembre 2023<br \/>\n22 novembre 2023<br \/>\n<\/td><td class=\"column-2\">8h30 \u00e0 12h00<br \/>\n18h00 \u00e0 19h30<br \/>\n18h00 \u00e0 19h30<br \/>\n<\/td><td class=\"column-3\">Les r\u00e9gimes de retraite<br \/>\nLes finances<br \/>\nLes assurances<br \/>\n<\/td><td class=\"column-4\"> <a href=\"https:\/\/capri-matique.com\/client\/aprfae5\/events\/seminaire-18-22-novembre-2023\/\" target=\"_blank\" rel=\"noopener\">S\u00e9minaire 18-22 Novembre 2023<\/a><\/td>\n<\/tr>\n<tr class=\"row-3 odd\">\n\t<td class=\"column-1\">25 novembre 2023<br \/>\n27 novembre 2023<br \/>\n29 novembre 2023\t<\/td><td class=\"column-2\">8h30 \u00e0 12h00<br \/>\n18h00 \u00e0 19h30<br \/>\n18h00 \u00e0 19h30<br \/>\n<\/td><td class=\"column-3\">Les r\u00e9gimes de retraite<br \/>\nLes finances<br \/>\nLes assurances<br \/>\n<\/td><td class=\"column-4\"><a href=\"https:\/\/capri-matique.com\/client\/aprfae5\/events\/25-29-novembre-2023\/\">Seminaire 25-29 novembre 2023<\/a><\/td>\n<\/tr>\n<tr class=\"row-4 even\">\n\t<td class=\"column-1\">02 d\u00e9cembre 2023<br \/>\n04 d\u00e9cembre 2023<br \/>\n06 d\u00e9cembre 2023<br \/>\n<\/td><td class=\"column-2\">8h30 \u00e0 12h00<br \/>\n18h00 \u00e0 19h30<br \/>\n18h00 \u00e0 19h30<br \/>\n<\/td><td class=\"column-3\">Les r\u00e9gimes de retraite<br \/>\nLes finances<br \/>\nLes assurances<br \/>\n<\/td><td class=\"column-4\"><a href=\"https:\/\/capri-matique.com\/client\/aprfae5\/events\/seminaire-02-06-decembre-2023\/\" target=\"_blank\" rel=\"noopener\">S\u00e9minaire 02-06 d\u00e9cembre 2023<\/a><\/td>\n<\/tr>\n<tr class=\"row-5 odd\">\n\t<td class=\"column-1\">13 janvier 2024<br \/>\n15 janvier 2024<br \/>\n17 janvier 2024 <br \/>\n<\/td><td class=\"column-2\">8h30 \u00e0 12h00<br \/>\n18h00 \u00e0 19h30<br \/>\n18h00 \u00e0 19h30<br \/>\n<\/td><td class=\"column-3\">Les r\u00e9gimes de retraite<br \/>\nLes finances<br \/>\nLes assurances<br \/>\n<\/td><td class=\"column-4\"><a href=\"https:\/\/capri-matique.com\/client\/aprfae5\/events\/seminaire-13-17-janvier-2024\/\" target=\"_blank\" rel=\"noopener\">S\u00e9minaire 13-17 janvier 2024<\/a><\/td>\n<\/tr>\n<tr class=\"row-6 even\">\n\t<td class=\"column-1\">20 janvier 2024<br \/>\n22 janvier 2024<br \/>\n24 janvier 2024\t<br \/>\n<\/td><td class=\"column-2\">8h30 \u00e0 12h00<br \/>\n18h00 \u00e0 19h30<br \/>\n18h00 \u00e0 19h30<br \/>\n<\/td><td class=\"column-3\">Les r\u00e9gimes de retraite<br \/>\nLes finances<br \/>\nLes assurances<br \/>\n<\/td><td class=\"column-4\"><a href=\"https:\/\/capri-matique.com\/client\/aprfae5\/events\/seminaire-20-24-janvier-2024\/\" target=\"_blank\" rel=\"noopener\">S\u00e9minaire 20-24 janvier 2024<\/a><\/td>\n<\/tr>\n<tr class=\"row-7 odd\">\n\t<td class=\"column-1\">27 janvier 2024<br \/>\n29 janvier 2024<br \/>\n31 janvier 2024<br \/>\n<\/td><td class=\"column-2\">8h30 \u00e0 12h00<br \/>\n18h00 \u00e0 19h30<br \/>\n18h00 \u00e0 19h30<br \/>\n<\/td><td class=\"column-3\">Les r\u00e9gimes de retraite<br \/>\nLes finances<br \/>\nLes assurances<br \/>\n<\/td><td class=\"column-4\"><a href=\"https:\/\/capri-matique.com\/client\/aprfae5\/events\/seminaire-27-31-janvier-2024\/\" target=\"_blank\" rel=\"noopener\">S\u00e9minaire 27-31 janvier 2024<\/a><\/td>\n<\/tr>\n<tr class=\"row-8 even\">\n\t<td class=\"column-1\">10 f\u00e9vrier 2024<br \/>\n12 f\u00e9vrier 2024<br \/>\n14 f\u00e9vrier 2024<br \/>\n<\/td><td class=\"column-2\">8h30 \u00e0 12h00<br \/>\n18h00 \u00e0 19h30<br \/>\n18h00 \u00e0 19h30<br \/>\n<\/td><td class=\"column-3\">Les r\u00e9gimes de retraite<br \/>\nLes finances<br \/>\nLes assurances<br \/>\n<\/td><td class=\"column-4\"><a href=\"https:\/\/capri-matique.com\/client\/aprfae5\/events\/seminaire-10-14-fevrier-2024\/\" target=\"_blank\" rel=\"noopener\">S\u00e9minaire 10-14 f\u00e9vrier 2024<\/a><\/td>\n<\/tr>\n<tr class=\"row-9 odd\">\n\t<td class=\"column-1\">17 f\u00e9vrier 2024<br \/>\n19 f\u00e9vrier 2024<br \/>\n21 f\u00e9vrier 20234<br \/>\n<\/td><td class=\"column-2\">8h30 \u00e0 12h00<br \/>\n18h00 \u00e0 19h30<br \/>\n18h00 \u00e0 19h30<br \/>\n<\/td><td class=\"column-3\">Les r\u00e9gimes de retraite<br \/>\nLes finances<br \/>\nLes assurances<br \/>\n<\/td><td class=\"column-4\"><a href=\"https:\/\/capri-matique.com\/client\/aprfae5\/events\/seminaire-17-21-fevrier-2024\/\" target=\"_blank\" rel=\"noopener\">S\u00e9minaire 17-21 f\u00e9vrier 2024<\/a><\/td>\n<\/tr>\n<tr class=\"row-10 even\">\n\t<td class=\"column-1\"><\/td><td class=\"column-2\"><\/td><td class=\"column-3\"><\/td><td class=\"column-4\"><\/td>\n<\/tr>\n<\/tbody>\n<tfoot>\n<tr class=\"row-11 odd\">\n\t<th class=\"column-1\"><\/th><th class=\"column-2\"><\/th><th class=\"column-3\"><\/th><th class=\"column-4\"><\/th>\n<\/tr>\n<\/tfoot>\n<\/table>\n<!-- #tablepress-2 from cache -->\n<table style=\"height: 327px;\" width=\"1306\">\n<tbody>\n<tr>\n<td width=\"626\">\n<p style=\"text-align: center;\"><strong>LISTE D\u2019ATTENTE<\/strong><\/p>\n<p style=\"text-align: center;\"><strong>\u00a0<\/strong><\/p>\n<p style=\"text-align: center;\"><strong>Si tous les s\u00e9minaires ci-haut sont complets, vous pouvez vous inscrire sur la liste d\u2019attente <\/strong><\/p>\n<p style=\"text-align: center;\"><strong>\u00a0<a class=\"maxbutton-6 maxbutton maxbutton-inscription\" target=\"_blank\" rel=\"noopener\" href=\" https:\/\/capri-matique.com\/client\/aprfae5\/events\/seminaire-2023-2024-liste-dattente\"><span class='mb-text'>Inscription<\/span><\/a> <\/strong><\/p>\n<p><strong>\u00a0<\/strong><\/p>\n<p><strong>\u00a0\u00a0\u00a0\u00a0\u00a0\u00a0\u00a0\u00a0\u00a0 <\/strong><\/p>\n<p style=\"text-align: center;\"><strong>\u00a0\u00a0\u00a0\u00a0\u00a0\u00a0\u00a0\u00a0\u00a0\u00a0 Veuillez prendre note que nous vous contacterons seulement si des places se lib\u00e8rent.<\/strong><\/p>\n<\/td>\n<\/tr>\n<\/tbody>\n<\/table>\n<p>&nbsp;<\/p>\n<table>\n<tbody>\n<tr>\n<td width=\"642\"><strong>CONFIMATION<\/strong> <strong>DES INSCRIPTIONS &#8211; RAPPEL<\/strong><\/p>\n<p><strong>\u00a0<\/strong><\/p>\n<p><strong>Veuillez noter qu\u2019AUCUNE inscription ne sera confirm\u00e9e avant le 30 octobre 2023. \u00a0Toutes les confirmations seront envoy\u00e9es \u00e0 compter du 30 octobre 2023.<\/strong><\/p>\n<p><strong>24<\/strong> <strong>heures<\/strong> <strong><u>avant le d\u00e9but de chaque s\u00e9ance<\/u><\/strong><strong>,<\/strong> <strong>vous recevrez par courriel :<\/strong><\/p>\n<p>&nbsp;<\/p>\n<p>\u00b7\u00a0\u00a0\u00a0\u00a0\u00a0\u00a0\u00a0\u00a0\u00a0 la documentation n\u00e9cessaire pour la s\u00e9ance du lendemain;<\/p>\n<p>\u00b7\u00a0\u00a0\u00a0\u00a0\u00a0\u00a0\u00a0\u00a0\u00a0 le lien ZOOM ou TEAMS;<\/p>\n<p>\u00b7\u00a0\u00a0\u00a0\u00a0\u00a0\u00a0\u00a0\u00a0\u00a0 ainsi que l\u2019heure du d\u00e9but de l\u2019inscription.<\/p>\n<p>Il est inutile de nous \u00e9crire ou de nous appeler pour recevoir l\u2019invitation virtuelle ou le document avant ce d\u00e9lai.<\/p>\n<p>&nbsp;<\/td>\n<\/tr>\n<\/tbody>\n<\/table>\n<div><\/div>\n","protected":false},"excerpt":{"rendered":"<p>S\u00c9MINAIRES DE PLANIFICATION DE LA RETRAITE 2023-2024 &nbsp; CONDITIONS Les s\u00e9minaires de planification de la retraite, sous la responsabilit\u00e9 de l\u2019APRFAE (Association de personnes retrait\u00e9es de la FAE), sont con\u00e7us pour les personnes qui songent \u00e0 prendre leur retraite d\u2019ici le 30 juin 2025 ou qui sont d\u00e9j\u00e0 inscrites dans un programme de retraite progressive. &hellip;<\/p>\n","protected":false},"author":2,"featured_media":0,"parent":0,"menu_order":0,"comment_status":"closed","ping_status":"closed","template":"","meta":{"footnotes":""},"class_list":["post-8436","page","type-page","status-publish","hentry"],"yoast_head":"<!-- This site is optimized with the Yoast SEO plugin v17.3 - https:\/\/yoast.com\/wordpress\/plugins\/seo\/ -->\n<title>S\u00e9minaire 2023-2024 - Association de personnes retrait\u00e9es de la FAE<\/title>\n<meta name=\"robots\" content=\"noindex, follow, max-snippet:-1, max-image-preview:large, max-video-preview:-1\" \/>\n<meta property=\"og:locale\" content=\"fr_FR\" \/>\n<meta property=\"og:type\" content=\"article\" \/>\n<meta property=\"og:title\" content=\"S\u00e9minaire 2023-2024 - Association de personnes retrait\u00e9es de la FAE\" \/>\n<meta property=\"og:description\" content=\"S\u00c9MINAIRES DE PLANIFICATION DE LA RETRAITE 2023-2024 &nbsp; CONDITIONS Les s\u00e9minaires de planification de la retraite, sous la responsabilit\u00e9 de l\u2019APRFAE (Association de personnes retrait\u00e9es de la FAE), sont con\u00e7us pour les personnes qui songent \u00e0 prendre leur retraite d\u2019ici le 30 juin 2025 ou qui sont d\u00e9j\u00e0 inscrites dans un programme de retraite progressive. &hellip;\" \/>\n<meta property=\"og:url\" content=\"https:\/\/www.capri-matique.com\/client\/aprfae5\/seminaire-2023-2024\/\" \/>\n<meta property=\"og:site_name\" content=\"Association de personnes retrait\u00e9es de la FAE\" \/>\n<meta property=\"article:modified_time\" content=\"2023-06-13T19:44:26+00:00\" \/>\n<meta name=\"twitter:card\" content=\"summary\" \/>\n<meta name=\"twitter:label1\" content=\"Dur\u00e9e de lecture estim\u00e9e\" \/>\n\t<meta name=\"twitter:data1\" content=\"3 minutes\" \/>\n<script type=\"application\/ld+json\" class=\"yoast-schema-graph\">{\"@context\":\"https:\/\/schema.org\",\"@graph\":[{\"@type\":\"WebSite\",\"@id\":\"https:\/\/www.capri-matique.com\/client\/aprfae5\/#website\",\"url\":\"https:\/\/www.capri-matique.com\/client\/aprfae5\/\",\"name\":\"Association de personnes retrait\\u00e9es de la FAE\",\"description\":\"L&#039;association qui nous unit\",\"potentialAction\":[{\"@type\":\"SearchAction\",\"target\":{\"@type\":\"EntryPoint\",\"urlTemplate\":\"https:\/\/www.capri-matique.com\/client\/aprfae5\/?s={search_term_string}\"},\"query-input\":\"required name=search_term_string\"}],\"inLanguage\":\"fr-FR\"},{\"@type\":\"WebPage\",\"@id\":\"https:\/\/www.capri-matique.com\/client\/aprfae5\/seminaire-2023-2024\/#webpage\",\"url\":\"https:\/\/www.capri-matique.com\/client\/aprfae5\/seminaire-2023-2024\/\",\"name\":\"S\\u00e9minaire 2023-2024 - Association de personnes retrait\\u00e9es de la FAE\",\"isPartOf\":{\"@id\":\"https:\/\/www.capri-matique.com\/client\/aprfae5\/#website\"},\"datePublished\":\"2023-06-13T14:55:38+00:00\",\"dateModified\":\"2023-06-13T19:44:26+00:00\",\"breadcrumb\":{\"@id\":\"https:\/\/www.capri-matique.com\/client\/aprfae5\/seminaire-2023-2024\/#breadcrumb\"},\"inLanguage\":\"fr-FR\",\"potentialAction\":[{\"@type\":\"ReadAction\",\"target\":[\"https:\/\/www.capri-matique.com\/client\/aprfae5\/seminaire-2023-2024\/\"]}]},{\"@type\":\"BreadcrumbList\",\"@id\":\"https:\/\/www.capri-matique.com\/client\/aprfae5\/seminaire-2023-2024\/#breadcrumb\",\"itemListElement\":[{\"@type\":\"ListItem\",\"position\":1,\"name\":\"Accueil\",\"item\":\"https:\/\/www.capri-matique.com\/client\/aprfae5\/\"},{\"@type\":\"ListItem\",\"position\":2,\"name\":\"S\\u00e9minaire 2023-2024\"}]}]}<\/script>\n<!-- \/ Yoast SEO plugin. -->","yoast_head_json":{"title":"S\u00e9minaire 2023-2024 - Association de personnes retrait\u00e9es de la FAE","robots":{"index":"noindex","follow":"follow","max-snippet":"max-snippet:-1","max-image-preview":"max-image-preview:large","max-video-preview":"max-video-preview:-1"},"og_locale":"fr_FR","og_type":"article","og_title":"S\u00e9minaire 2023-2024 - Association de personnes retrait\u00e9es de la FAE","og_description":"S\u00c9MINAIRES DE PLANIFICATION DE LA RETRAITE 2023-2024 &nbsp; CONDITIONS Les s\u00e9minaires de planification de la retraite, sous la responsabilit\u00e9 de l\u2019APRFAE (Association de personnes retrait\u00e9es de la FAE), sont con\u00e7us pour les personnes qui songent \u00e0 prendre leur retraite d\u2019ici le 30 juin 2025 ou qui sont d\u00e9j\u00e0 inscrites dans un programme de retraite progressive. &hellip;","og_url":"https:\/\/www.capri-matique.com\/client\/aprfae5\/seminaire-2023-2024\/","og_site_name":"Association de personnes retrait\u00e9es de la FAE","article_modified_time":"2023-06-13T19:44:26+00:00","twitter_card":"summary","twitter_misc":{"Dur\u00e9e de lecture estim\u00e9e":"3 minutes"},"schema":{"@context":"https:\/\/schema.org","@graph":[{"@type":"WebSite","@id":"https:\/\/www.capri-matique.com\/client\/aprfae5\/#website","url":"https:\/\/www.capri-matique.com\/client\/aprfae5\/","name":"Association de personnes retrait\u00e9es de la FAE","description":"L&#039;association qui nous unit","potentialAction":[{"@type":"SearchAction","target":{"@type":"EntryPoint","urlTemplate":"https:\/\/www.capri-matique.com\/client\/aprfae5\/?s={search_term_string}"},"query-input":"required name=search_term_string"}],"inLanguage":"fr-FR"},{"@type":"WebPage","@id":"https:\/\/www.capri-matique.com\/client\/aprfae5\/seminaire-2023-2024\/#webpage","url":"https:\/\/www.capri-matique.com\/client\/aprfae5\/seminaire-2023-2024\/","name":"S\u00e9minaire 2023-2024 - Association de personnes retrait\u00e9es de la FAE","isPartOf":{"@id":"https:\/\/www.capri-matique.com\/client\/aprfae5\/#website"},"datePublished":"2023-06-13T14:55:38+00:00","dateModified":"2023-06-13T19:44:26+00:00","breadcrumb":{"@id":"https:\/\/www.capri-matique.com\/client\/aprfae5\/seminaire-2023-2024\/#breadcrumb"},"inLanguage":"fr-FR","potentialAction":[{"@type":"ReadAction","target":["https:\/\/www.capri-matique.com\/client\/aprfae5\/seminaire-2023-2024\/"]}]},{"@type":"BreadcrumbList","@id":"https:\/\/www.capri-matique.com\/client\/aprfae5\/seminaire-2023-2024\/#breadcrumb","itemListElement":[{"@type":"ListItem","position":1,"name":"Accueil","item":"https:\/\/www.capri-matique.com\/client\/aprfae5\/"},{"@type":"ListItem","position":2,"name":"S\u00e9minaire 2023-2024"}]}]}},"_links":{"self":[{"href":"https:\/\/www.capri-matique.com\/client\/aprfae5\/wp-json\/wp\/v2\/pages\/8436","targetHints":{"allow":["GET"]}}],"collection":[{"href":"https:\/\/www.capri-matique.com\/client\/aprfae5\/wp-json\/wp\/v2\/pages"}],"about":[{"href":"https:\/\/www.capri-matique.com\/client\/aprfae5\/wp-json\/wp\/v2\/types\/page"}],"author":[{"embeddable":true,"href":"https:\/\/www.capri-matique.com\/client\/aprfae5\/wp-json\/wp\/v2\/users\/2"}],"replies":[{"embeddable":true,"href":"https:\/\/www.capri-matique.com\/client\/aprfae5\/wp-json\/wp\/v2\/comments?post=8436"}],"version-history":[{"count":8,"href":"https:\/\/www.capri-matique.com\/client\/aprfae5\/wp-json\/wp\/v2\/pages\/8436\/revisions"}],"predecessor-version":[{"id":9076,"href":"https:\/\/www.capri-matique.com\/client\/aprfae5\/wp-json\/wp\/v2\/pages\/8436\/revisions\/9076"}],"wp:attachment":[{"href":"https:\/\/www.capri-matique.com\/client\/aprfae5\/wp-json\/wp\/v2\/media?parent=8436"}],"curies":[{"name":"wp","href":"https:\/\/api.w.org\/{rel}","templated":true}]}}