{"id":7789,"date":"2022-06-13T14:25:19","date_gmt":"2022-06-13T18:25:19","guid":{"rendered":"https:\/\/capri-matique.com\/client\/aprfae5\/?page_id=7789"},"modified":"2022-06-13T16:56:49","modified_gmt":"2022-06-13T20:56:49","slug":"seminaire-2022-2023","status":"publish","type":"page","link":"https:\/\/www.capri-matique.com\/client\/aprfae5\/seminaire-2022-2023\/","title":{"rendered":"S\u00e9minaire 2022-2023"},"content":{"rendered":"<p style=\"text-align: center;\"><span style=\"font-family: verdana, geneva, sans-serif;\"><strong><em>S\u00c9MINAIRES DE PLANIFICATION DE LA RETRAITE 2022-2023\u00a0<\/em><\/strong><\/span><\/p>\n<p><span style=\"font-family: verdana, geneva, sans-serif;\"><strong>CONDITIONS<\/strong><\/span><\/p>\n<p><span style=\"font-family: verdana, geneva, sans-serif;\">Les s\u00e9minaires de planification de la retraite, sous la responsabilit\u00e9 de l\u2019APRFAE (Association de personnes retrait\u00e9es de la FAE), sont con\u00e7us pour les personnes qui songent \u00e0 prendre leur retraite d\u2019ici le 30 juin 2024 ou qui sont d\u00e9j\u00e0 inscrites dans un programme de retraite progressive.<\/span><\/p>\n<p><span style=\"font-family: verdana, geneva, sans-serif;\">Ces s\u00e9minaires se donnent sous la forme virtuelle (webinaire\u00a0: TEAMS ou ZOOM). L\u2019\u00e9dition 2022-2023 des s\u00e9minaires se d\u00e9roulera \u00e0 partir du 19 novembre 2022 jusqu\u2019au 25 f\u00e9vrier 2023.<\/span><\/p>\n<p><span style=\"font-family: verdana, geneva, sans-serif;\">Les personnes admissibles s\u2019inscrivent pour un forfait de trois s\u00e9ances\u00a0:<\/span><\/p>\n<ul>\n<li><span style=\"font-family: verdana, geneva, sans-serif;\">les R\u00c9GIMES DE RETRAITE (RRQ et RREGOP) &#8211; les samedis de 8h30 \u00e0 12h00, pr\u00e9sent\u00e9 sur la plateforme TEAMS).<\/span><\/li>\n<li><span style=\"font-family: verdana, geneva, sans-serif;\">les FINANCES &#8211; \u00a0les lundis de 18h00 \u00e0 19h30, pr\u00e9sent\u00e9 sur la plateforme ZOOM.<\/span><\/li>\n<li><span style=\"font-family: verdana, geneva, sans-serif;\">les ASSURANCES (assurance maladie et vie) &#8211; les\u00a0 mercredis de 18h00 \u00e0 19h30, pr\u00e9sent\u00e9 sur la plateforme ZOOM.<\/span><\/li>\n<\/ul>\n<p><span style=\"font-family: verdana, geneva, sans-serif;\">TOUTE INSCRIPTION DOIT \u00caTRE APPROUV\u00c9E PAR LE SYNDICAT LOCAL AVANT D\u2019\u00caTRE CONFIRM\u00c9E.<\/span><\/p>\n<p><span style=\"font-family: verdana, geneva, sans-serif;\">Il y aura \u00e9galement une clinique sur l\u2019aspect juridique <em>offerte sur invitation<\/em> dont les dates sont encore \u00e0 d\u00e9terminer. La pr\u00e9sentation se fera sur la plateforme ZOOM.<\/span><\/p>\n<p><span style=\"font-family: verdana, geneva, sans-serif;\"><strong>\u00a0<\/strong><\/span><\/p>\n<p><span style=\"font-family: verdana, geneva, sans-serif;\"><strong>INSCRIPTION\u00a0\u00a0\u00a0\u00a0\u00a0\u00a0\u00a0\u00a0 <\/strong><\/span><\/p>\n<p><span style=\"font-family: verdana, geneva, sans-serif;\">Avant le 10 octobre 2022, la personne admissible qui souhaite s\u2019inscrire doit remplir le formulaire pr\u00e9sent\u00e9 dans la pr\u00e9sente page. Un accus\u00e9 de r\u00e9ception suivra imm\u00e9diatement l\u2019inscription, mais le syndicat local doit l\u2019approuver pour qu\u2019elle devienne officielle. Le principe de \u00ab\u00a0premier arriv\u00e9, premier inscrit\u00a0\u00bb, sera appliqu\u00e9 et aucune inscription ne sera possible apr\u00e8s le 10 octobre.<\/span><\/p>\n<p><span style=\"font-family: verdana, geneva, sans-serif;\">La taille des groupes est de 40 personnes. Si le nombre de places disponibles est atteint, l\u2019inscription sera bloqu\u00e9e et la personne devra choisir un autre forfait o\u00f9 des places sont encore disponibles.<\/span><\/p>\n<p><span style=\"font-family: verdana, geneva, sans-serif;\">Au cours de la premi\u00e8re semaine de novembre, les participantes et participants dont l\u2019inscription a \u00e9t\u00e9 approuv\u00e9e par leur syndicat recevront une confirmation par courriel.<\/span><\/p>\n<p><span style=\"font-family: verdana, geneva, sans-serif;\">24 heures avant le d\u00e9but de chaque s\u00e9ance, vous recevrez par courriel\u00a0:<\/span><\/p>\n<ul>\n<li><span style=\"font-family: verdana, geneva, sans-serif;\">la documentation n\u00e9cessaire pour la s\u00e9ance du lendemain;<\/span><\/li>\n<li><span style=\"font-family: verdana, geneva, sans-serif;\">le lien ZOOM ou TEAMS;<\/span><\/li>\n<li><span style=\"font-family: verdana, geneva, sans-serif;\">ainsi que l\u2019heure du d\u00e9but de l\u2019inscription.<\/span><\/li>\n<\/ul>\n<style type=\"text\/css\">\r\n    #lgx_lsw_preloader_7840 {\r\n        display: flex;\r\n        align-items: center;\r\n        justify-content: center;\r\n        text-align: center;\r\n        background: #ffffff;\r\n        z-index: 9999;\r\n        position: absolute;\r\n        left: 0;\r\n        top: 0;\r\n        height: 100%;\r\n        width: 100%;\r\n    }\r\n<\/style><div id=\"lgx_logo_slider_app_7840\" class=\"lgx_logo_slider_app\">\r\n\r\n    <div id=\"lgx_lsw_preloader_7840\"\" class=\"lgx_lsw_preloader\"> <img decoding=\"async\" src=\"https:\/\/www.capri-matique.com\/client\/aprfae5\/wp-content\/plugins\/logo-slider-wp\/public\/assets\/img\/loader.gif\" \/><\/div>\r\n    <div class=\"lgx_logo_slider lgx_logo_slider_free\">\r\n        <div class=\"lgx_app_inner lgx_app_layout_carousel\">\r\n            <div class=\"lgx_app_container-fluid\">\r\n\r\n                \r\n                <div id=\"lgx_app_content_wrap_7840422\" class=\"lgx_app_content_wrapper  swiper lgx_logo_carousel\"   data-effect=\"slide\"  data-infinite=\"true\"  data-speed=\"450\"  data-autoplay=\"true\"  data-delay=\"1500\"  data-pause=\"false\"  data-space=\"10\"  data-nav=\"true\"  data-pagination=\"true\"  data-height=\"false\"  data-move=\"true\"  data-wheel=\"false\"  data-simulate=\"true\"  data-grab=\"false\"  data-dynamic=\"false\"  data-bullets_no=\"1\"  data-item_mobile=\"2\"  data-item_tablet=\"3\"  data-item_desk=\"4\"  data-item_large=\"5\"  data-lazy=\"false\"    >\r\n\r\n                    <div class=\"lgx_lsw_nav_wrap lgx_lsw_nav_top_right  \"><div class=\"lgx_lsw_nav_button lgx_lsw_nav_button_prev\"><i class=\"fa fa-angle-left\"  aria-hidden=\"true\"><\/i><\/div><div class=\"lgx_lsw_nav_button lgx_lsw_nav_button_next \"><i class=\"fa fa-angle-right\"  aria-hidden=\"true\"><\/i><\/div><\/div>\r\n                    <div class=\"lgx_app_item_row   swiper-wrapper \"  >\r\n                        <div class=\"lgx_app_item  swiper-slide lgx_app_hover_effect_none\">\r\n    <div class=\"lgx_app_item_inner \" >\r\n                    <div class=\"lgx_app_item_figure lgx_img_hover_anim__default\">\r\n                <a class=\"lgx_app_item_link\"    href=\"javascript:void(0);\"  target=\"_self\" >\r\n                    <img decoding=\"async\" class=\"lgx_app_item_img\" src=\"https:\/\/www.capri-matique.com\/client\/aprfae5\/wp-content\/uploads\/2022\/06\/SEO-200.jpg\"  alt=\"\" \/>\r\n                <\/a>\r\n            <\/div> <!--\/\/.FIGURE -->\r\n                <div class=\"lgx_app_item_info\">\r\n                                <\/div>\r\n\r\n        \r\n    <\/div>\r\n<\/div><div class=\"lgx_app_item  swiper-slide lgx_app_hover_effect_none\">\r\n    <div class=\"lgx_app_item_inner \" >\r\n                    <div class=\"lgx_app_item_figure lgx_img_hover_anim__default\">\r\n                <a class=\"lgx_app_item_link\"    href=\"javascript:void(0);\"  target=\"_self\" >\r\n                    <img decoding=\"async\" class=\"lgx_app_item_img\" src=\"https:\/\/www.capri-matique.com\/client\/aprfae5\/wp-content\/uploads\/2022\/06\/SEOM-200.jpg\"  alt=\"\" \/>\r\n                <\/a>\r\n            <\/div> <!--\/\/.FIGURE -->\r\n                <div class=\"lgx_app_item_info\">\r\n                                <\/div>\r\n\r\n        \r\n    <\/div>\r\n<\/div><div class=\"lgx_app_item  swiper-slide lgx_app_hover_effect_none\">\r\n    <div class=\"lgx_app_item_inner \" >\r\n                    <div class=\"lgx_app_item_figure lgx_img_hover_anim__default\">\r\n                <a class=\"lgx_app_item_link\"    href=\"javascript:void(0);\"  target=\"_self\" >\r\n                    <img decoding=\"async\" class=\"lgx_app_item_img\" src=\"https:\/\/www.capri-matique.com\/client\/aprfae5\/wp-content\/uploads\/2022\/06\/SERL-200jpg.jpg\"  alt=\"\" \/>\r\n                <\/a>\r\n            <\/div> <!--\/\/.FIGURE -->\r\n                <div class=\"lgx_app_item_info\">\r\n                                <\/div>\r\n\r\n        \r\n    <\/div>\r\n<\/div><div class=\"lgx_app_item  swiper-slide lgx_app_hover_effect_none\">\r\n    <div class=\"lgx_app_item_inner \" >\r\n                    <div class=\"lgx_app_item_figure lgx_img_hover_anim__default\">\r\n                <a class=\"lgx_app_item_link\"    href=\"javascript:void(0);\"  target=\"_self\" >\r\n                    <img decoding=\"async\" class=\"lgx_app_item_img\" src=\"https:\/\/www.capri-matique.com\/client\/aprfae5\/wp-content\/uploads\/2022\/06\/SEPI-200.jpg\"  alt=\"\" \/>\r\n                <\/a>\r\n            <\/div> <!--\/\/.FIGURE -->\r\n                <div class=\"lgx_app_item_info\">\r\n                                <\/div>\r\n\r\n        \r\n    <\/div>\r\n<\/div><div class=\"lgx_app_item  swiper-slide lgx_app_hover_effect_none\">\r\n    <div class=\"lgx_app_item_inner \" >\r\n                    <div class=\"lgx_app_item_figure lgx_img_hover_anim__default\">\r\n                <a class=\"lgx_app_item_link\"    href=\"javascript:void(0);\"  target=\"_self\" >\r\n                    <img decoding=\"async\" class=\"lgx_app_item_img\" src=\"https:\/\/www.capri-matique.com\/client\/aprfae5\/wp-content\/uploads\/2022\/06\/SES-200.jpg\"  alt=\"\" \/>\r\n                <\/a>\r\n            <\/div> <!--\/\/.FIGURE -->\r\n                <div class=\"lgx_app_item_info\">\r\n                                <\/div>\r\n\r\n        \r\n    <\/div>\r\n<\/div><div class=\"lgx_app_item  swiper-slide lgx_app_hover_effect_none\">\r\n    <div class=\"lgx_app_item_inner \" >\r\n                    <div class=\"lgx_app_item_figure lgx_img_hover_anim__default\">\r\n                <a class=\"lgx_app_item_link\"    href=\"javascript:void(0);\"  target=\"_self\" >\r\n                    <img decoding=\"async\" class=\"lgx_app_item_img\" src=\"https:\/\/www.capri-matique.com\/client\/aprfae5\/wp-content\/uploads\/2022\/06\/serq-200.jpg\"  alt=\"\" \/>\r\n                <\/a>\r\n            <\/div> <!--\/\/.FIGURE -->\r\n                <div class=\"lgx_app_item_info\">\r\n                                <\/div>\r\n\r\n        \r\n    <\/div>\r\n<\/div><div class=\"lgx_app_item  swiper-slide lgx_app_hover_effect_none\">\r\n    <div class=\"lgx_app_item_inner \" >\r\n                    <div class=\"lgx_app_item_figure lgx_img_hover_anim__default\">\r\n                <a class=\"lgx_app_item_link\"    href=\"javascript:void(0);\"  target=\"_self\" >\r\n                    <img decoding=\"async\" class=\"lgx_app_item_img\" src=\"https:\/\/www.capri-matique.com\/client\/aprfae5\/wp-content\/uploads\/2022\/06\/SEHY-200.jpg\"  alt=\"\" \/>\r\n                <\/a>\r\n            <\/div> <!--\/\/.FIGURE -->\r\n                <div class=\"lgx_app_item_info\">\r\n                                <\/div>\r\n\r\n        \r\n    <\/div>\r\n<\/div><div class=\"lgx_app_item  swiper-slide lgx_app_hover_effect_none\">\r\n    <div class=\"lgx_app_item_inner \" >\r\n                    <div class=\"lgx_app_item_figure lgx_img_hover_anim__default\">\r\n                <a class=\"lgx_app_item_link\"    href=\"javascript:void(0);\"  target=\"_self\" >\r\n                    <img decoding=\"async\" class=\"lgx_app_item_img\" src=\"https:\/\/www.capri-matique.com\/client\/aprfae5\/wp-content\/uploads\/2022\/06\/SEBL_200-1.jpg\"  alt=\"\" \/>\r\n                <\/a>\r\n            <\/div> <!--\/\/.FIGURE -->\r\n                <div class=\"lgx_app_item_info\">\r\n                                <\/div>\r\n\r\n        \r\n    <\/div>\r\n<\/div><div class=\"lgx_app_item  swiper-slide lgx_app_hover_effect_none\">\r\n    <div class=\"lgx_app_item_inner \" >\r\n                    <div class=\"lgx_app_item_figure lgx_img_hover_anim__default\">\r\n                <a class=\"lgx_app_item_link\"    href=\"javascript:void(0);\"  target=\"_self\" >\r\n                    <img decoding=\"async\" class=\"lgx_app_item_img\" src=\"https:\/\/www.capri-matique.com\/client\/aprfae5\/wp-content\/uploads\/2022\/06\/APPM_200.jpg\"  alt=\"\" \/>\r\n                <\/a>\r\n            <\/div> <!--\/\/.FIGURE -->\r\n                <div class=\"lgx_app_item_info\">\r\n                                <\/div>\r\n\r\n        \r\n    <\/div>\r\n<\/div>                    <\/div> <!--\/\/.APP CONTENT INNER END-->\r\n\r\n                    <div class=\"swiper-pagination lgx_lsw_pagination\"><\/div>\r\n                    \r\n                <\/div> <!-- \/\/.CONTENT WRAP END-->\r\n\r\n            <\/div><!--\/\/.APP CONTAINER END-->\r\n        <\/div> <!--\/\/.INNER END-->\r\n    <\/div> <!-- APP CONTAINER END -->\r\n\r\n<\/div> <!--\/\/.APP END-->\n<p>&nbsp;<\/p>\n\n<table id=\"tablepress-1\" class=\"tablepress tablepress-id-1\">\n<thead>\n<tr class=\"row-1 odd\">\n\t<th class=\"column-1\">DATE<\/th><th class=\"column-2\">HEURE<\/th><th class=\"column-3\">S\u00c9ANCE<\/th><th class=\"column-4\">INSCRIPTION<\/th>\n<\/tr>\n<\/thead>\n<tbody class=\"row-hover\">\n<tr class=\"row-2 even\">\n\t<td class=\"column-1\">19 novembre 2022<br \/>\n21 novembre 2022<br \/>\n23 novembre 2022<br \/>\n<\/td><td class=\"column-2\">8h30 \u00e0 12h00<br \/>\n18h00 \u00e0 19h30<br \/>\n18h00 \u00e0 19h30<br \/>\n<\/td><td class=\"column-3\">Les r\u00e9gimes de retraite<br \/>\nLes finances<br \/>\nLes assurances<br \/>\n<\/td><td class=\"column-4\"><a href=\"https:\/\/capri-matique.com\/client\/aprfae5\/events\/seminaire-19-23-novembre-2022\/\" rel=\"noopener\" target=\"_blank\">S\u00e9minaire 19-23 Novembre 2022<\/a><\/td>\n<\/tr>\n<tr class=\"row-3 odd\">\n\t<td class=\"column-1\">26 novembre 2022<br \/>\n28 novembre 2022<br \/>\n30 novembre 2022\t<\/td><td class=\"column-2\">8h30 \u00e0 12h00<br \/>\n18h00 \u00e0 19h30<br \/>\n18h00 \u00e0 19h30<br \/>\n<\/td><td class=\"column-3\">Les r\u00e9gimes de retraite<br \/>\nLes finances<br \/>\nLes assurances<br \/>\n<\/td><td class=\"column-4\"><a href=\"https:\/\/capri-matique.com\/client\/aprfae5\/events\/seminaire-26-30-novembre-2022\/\" rel=\"noopener\" target=\"_blank\">S\u00e9minaire 26-30 Novembre 2022<\/a><\/td>\n<\/tr>\n<tr class=\"row-4 even\">\n\t<td class=\"column-1\">03 d\u00e9cembre 2022<br \/>\n05 d\u00e9cembre 2022<br \/>\n07 d\u00e9cembre 2022<br \/>\n<\/td><td class=\"column-2\">8h30 \u00e0 12h00<br \/>\n18h00 \u00e0 19h30<br \/>\n18h00 \u00e0 19h30<br \/>\n<\/td><td class=\"column-3\">Les r\u00e9gimes de retraite<br \/>\nLes finances<br \/>\nLes assurances<br \/>\n<\/td><td class=\"column-4\"><a href=\"https:\/\/capri-matique.com\/client\/aprfae5\/events\/seminaire-03-07-decembre-2022\/\" rel=\"noopener\" target=\"_blank\">S\u00e9minaire 03-07 d\u00e9cembre 2022<\/a><\/td>\n<\/tr>\n<tr class=\"row-5 odd\">\n\t<td class=\"column-1\">14 janvier 2023<br \/>\n16 janvier 2023<br \/>\n18 janvier 2023 <br \/>\n<\/td><td class=\"column-2\">8h30 \u00e0 12h00<br \/>\n18h00 \u00e0 19h30<br \/>\n18h00 \u00e0 19h30<br \/>\n<\/td><td class=\"column-3\">Les r\u00e9gimes de retraite<br \/>\nLes finances<br \/>\nLes assurances<br \/>\n<\/td><td class=\"column-4\"><a href=\"https:\/\/capri-matique.com\/client\/aprfae5\/events\/seminaire-14-18-janvier-2023\/\" rel=\"noopener\" target=\"_blank\">S\u00e9minaire 14-18 janvier 2023<\/a><\/td>\n<\/tr>\n<tr class=\"row-6 even\">\n\t<td class=\"column-1\">21 janvier 2023<br \/>\n23 janvier 2023<br \/>\n25 janvier 2023\t<br \/>\n<\/td><td class=\"column-2\">8h30 \u00e0 12h00<br \/>\n18h00 \u00e0 19h30<br \/>\n18h00 \u00e0 19h30<br \/>\n<\/td><td class=\"column-3\">Les r\u00e9gimes de retraite<br \/>\nLes finances<br \/>\nLes assurances<br \/>\n<\/td><td class=\"column-4\"><a href=\"https:\/\/capri-matique.com\/client\/aprfae5\/events\/seminaire-21-25-janvier-2023\/\" rel=\"noopener\" target=\"_blank\">S\u00e9minaire 21-25 janvier 2023<\/a><\/td>\n<\/tr>\n<tr class=\"row-7 odd\">\n\t<td class=\"column-1\">28 janvier 2023<br \/>\n30 janvier 2023<br \/>\n01 f\u00e9vrier 2023<br \/>\n<\/td><td class=\"column-2\">8h30 \u00e0 12h00<br \/>\n18h00 \u00e0 19h30<br \/>\n18h00 \u00e0 19h30<br \/>\n<\/td><td class=\"column-3\">Les r\u00e9gimes de retraite<br \/>\nLes finances<br \/>\nLes assurances<br \/>\n<\/td><td class=\"column-4\"><a href=\"https:\/\/capri-matique.com\/client\/aprfae5\/events\/seminaire-28-01-fevrier-2023\/\" rel=\"noopener\" target=\"_blank\">S\u00e9minaire 28-01 f\u00e9vrier 2023<\/a><\/td>\n<\/tr>\n<tr class=\"row-8 even\">\n\t<td class=\"column-1\">11 f\u00e9vrier 2023<br \/>\n13 f\u00e9vrier 2023<br \/>\n15 f\u00e9vrier 2023<br \/>\n<\/td><td class=\"column-2\">8h30 \u00e0 12h00<br \/>\n18h00 \u00e0 19h30<br \/>\n18h00 \u00e0 19h30<br \/>\n<\/td><td class=\"column-3\">Les r\u00e9gimes de retraite<br \/>\nLes finances<br \/>\nLes assurances<br \/>\n<\/td><td class=\"column-4\"><a href=\"https:\/\/capri-matique.com\/client\/aprfae5\/events\/seminaire-11-15-fevrier-2023\/\" rel=\"noopener\" target=\"_blank\">S\u00e9minaire 11-15 f\u00e9vrier 2023<\/a><\/td>\n<\/tr>\n<tr class=\"row-9 odd\">\n\t<td class=\"column-1\">18 f\u00e9vrier 2023<br \/>\n20 f\u00e9vrier 2023<br \/>\n22 f\u00e9vrier 2023 <br \/>\n<\/td><td class=\"column-2\">8h30 \u00e0 12h00<br \/>\n18h00 \u00e0 19h30<br \/>\n18h00 \u00e0 19h30<br \/>\n<\/td><td class=\"column-3\">Les r\u00e9gimes de retraite<br \/>\nLes finances<br \/>\nLes assurances<br \/>\n<\/td><td class=\"column-4\"><a href=\"https:\/\/capri-matique.com\/client\/aprfae5\/events\/seminaire-18-22-fevrier-2023\/\" rel=\"noopener\" target=\"_blank\">S\u00e9minaire 18-22 f\u00e9vrier 2023<\/a><\/td>\n<\/tr>\n<tr class=\"row-10 even\">\n\t<td class=\"column-1\">13 mars 2023<br \/>\n15 mars 2023<br \/>\n18 mars 2023 <br \/>\n<\/td><td class=\"column-2\">18h00 \u00e0 19h30<br \/>\n18h00 \u00e0 19h30<br \/>\n8h30 \u00e0 12h00<br \/>\n<\/td><td class=\"column-3\">Les finances<br \/>\nLes assurances<br \/>\nLes r\u00e9gimes de retraite<br \/>\n<\/td><td class=\"column-4\"><a href=\"https:\/\/capri-matique.com\/client\/aprfae5\/events\/seminaire-13-18-mars-2023\/\" rel=\"noopener\" target=\"_blank\">S\u00e9minaire 13-18 mars 2023<\/a><\/td>\n<\/tr>\n<\/tbody>\n<tfoot>\n<tr class=\"row-11 odd\">\n\t<th class=\"column-1\"><\/th><th class=\"column-2\"><\/th><th class=\"column-3\"><\/th><th class=\"column-4\"><\/th>\n<\/tr>\n<\/tfoot>\n<\/table>\n<!-- #tablepress-1 from cache -->\n<div><\/div>\n","protected":false},"excerpt":{"rendered":"<p>S\u00c9MINAIRES DE PLANIFICATION DE LA RETRAITE 2022-2023\u00a0 CONDITIONS Les s\u00e9minaires de planification de la retraite, sous la responsabilit\u00e9 de l\u2019APRFAE (Association de personnes retrait\u00e9es de la FAE), sont con\u00e7us pour les personnes qui songent \u00e0 prendre leur retraite d\u2019ici le 30 juin 2024 ou qui sont d\u00e9j\u00e0 inscrites dans un programme de retraite progressive. Ces &hellip;<\/p>\n","protected":false},"author":2,"featured_media":0,"parent":0,"menu_order":0,"comment_status":"closed","ping_status":"closed","template":"","meta":{"footnotes":""},"class_list":["post-7789","page","type-page","status-publish","hentry"],"yoast_head":"<!-- This site is optimized with the Yoast SEO plugin v17.3 - https:\/\/yoast.com\/wordpress\/plugins\/seo\/ -->\n<title>S\u00e9minaire 2022-2023 - Association de personnes retrait\u00e9es de la FAE<\/title>\n<meta name=\"robots\" content=\"noindex, follow, max-snippet:-1, max-image-preview:large, max-video-preview:-1\" \/>\n<meta property=\"og:locale\" content=\"fr_FR\" \/>\n<meta property=\"og:type\" content=\"article\" \/>\n<meta property=\"og:title\" content=\"S\u00e9minaire 2022-2023 - Association de personnes retrait\u00e9es de la FAE\" \/>\n<meta property=\"og:description\" content=\"S\u00c9MINAIRES DE PLANIFICATION DE LA RETRAITE 2022-2023\u00a0 CONDITIONS Les s\u00e9minaires de planification de la retraite, sous la responsabilit\u00e9 de l\u2019APRFAE (Association de personnes retrait\u00e9es de la FAE), sont con\u00e7us pour les personnes qui songent \u00e0 prendre leur retraite d\u2019ici le 30 juin 2024 ou qui sont d\u00e9j\u00e0 inscrites dans un programme de retraite progressive. Ces &hellip;\" \/>\n<meta property=\"og:url\" content=\"https:\/\/www.capri-matique.com\/client\/aprfae5\/seminaire-2022-2023\/\" \/>\n<meta property=\"og:site_name\" content=\"Association de personnes retrait\u00e9es de la FAE\" \/>\n<meta property=\"article:modified_time\" content=\"2022-06-13T20:56:49+00:00\" \/>\n<meta name=\"twitter:card\" content=\"summary\" \/>\n<meta name=\"twitter:label1\" content=\"Dur\u00e9e de lecture estim\u00e9e\" \/>\n\t<meta name=\"twitter:data1\" content=\"2 minutes\" \/>\n<script type=\"application\/ld+json\" class=\"yoast-schema-graph\">{\"@context\":\"https:\/\/schema.org\",\"@graph\":[{\"@type\":\"WebSite\",\"@id\":\"https:\/\/www.capri-matique.com\/client\/aprfae5\/#website\",\"url\":\"https:\/\/www.capri-matique.com\/client\/aprfae5\/\",\"name\":\"Association de personnes retrait\\u00e9es de la FAE\",\"description\":\"L&#039;association qui nous unit\",\"potentialAction\":[{\"@type\":\"SearchAction\",\"target\":{\"@type\":\"EntryPoint\",\"urlTemplate\":\"https:\/\/www.capri-matique.com\/client\/aprfae5\/?s={search_term_string}\"},\"query-input\":\"required name=search_term_string\"}],\"inLanguage\":\"fr-FR\"},{\"@type\":\"WebPage\",\"@id\":\"https:\/\/www.capri-matique.com\/client\/aprfae5\/seminaire-2022-2023\/#webpage\",\"url\":\"https:\/\/www.capri-matique.com\/client\/aprfae5\/seminaire-2022-2023\/\",\"name\":\"S\\u00e9minaire 2022-2023 - Association de personnes retrait\\u00e9es de la FAE\",\"isPartOf\":{\"@id\":\"https:\/\/www.capri-matique.com\/client\/aprfae5\/#website\"},\"datePublished\":\"2022-06-13T18:25:19+00:00\",\"dateModified\":\"2022-06-13T20:56:49+00:00\",\"breadcrumb\":{\"@id\":\"https:\/\/www.capri-matique.com\/client\/aprfae5\/seminaire-2022-2023\/#breadcrumb\"},\"inLanguage\":\"fr-FR\",\"potentialAction\":[{\"@type\":\"ReadAction\",\"target\":[\"https:\/\/www.capri-matique.com\/client\/aprfae5\/seminaire-2022-2023\/\"]}]},{\"@type\":\"BreadcrumbList\",\"@id\":\"https:\/\/www.capri-matique.com\/client\/aprfae5\/seminaire-2022-2023\/#breadcrumb\",\"itemListElement\":[{\"@type\":\"ListItem\",\"position\":1,\"name\":\"Accueil\",\"item\":\"https:\/\/www.capri-matique.com\/client\/aprfae5\/\"},{\"@type\":\"ListItem\",\"position\":2,\"name\":\"S\\u00e9minaire 2022-2023\"}]}]}<\/script>\n<!-- \/ Yoast SEO plugin. -->","yoast_head_json":{"title":"S\u00e9minaire 2022-2023 - Association de personnes retrait\u00e9es de la FAE","robots":{"index":"noindex","follow":"follow","max-snippet":"max-snippet:-1","max-image-preview":"max-image-preview:large","max-video-preview":"max-video-preview:-1"},"og_locale":"fr_FR","og_type":"article","og_title":"S\u00e9minaire 2022-2023 - Association de personnes retrait\u00e9es de la FAE","og_description":"S\u00c9MINAIRES DE PLANIFICATION DE LA RETRAITE 2022-2023\u00a0 CONDITIONS Les s\u00e9minaires de planification de la retraite, sous la responsabilit\u00e9 de l\u2019APRFAE (Association de personnes retrait\u00e9es de la FAE), sont con\u00e7us pour les personnes qui songent \u00e0 prendre leur retraite d\u2019ici le 30 juin 2024 ou qui sont d\u00e9j\u00e0 inscrites dans un programme de retraite progressive. Ces &hellip;","og_url":"https:\/\/www.capri-matique.com\/client\/aprfae5\/seminaire-2022-2023\/","og_site_name":"Association de personnes retrait\u00e9es de la FAE","article_modified_time":"2022-06-13T20:56:49+00:00","twitter_card":"summary","twitter_misc":{"Dur\u00e9e de lecture estim\u00e9e":"2 minutes"},"schema":{"@context":"https:\/\/schema.org","@graph":[{"@type":"WebSite","@id":"https:\/\/www.capri-matique.com\/client\/aprfae5\/#website","url":"https:\/\/www.capri-matique.com\/client\/aprfae5\/","name":"Association de personnes retrait\u00e9es de la FAE","description":"L&#039;association qui nous unit","potentialAction":[{"@type":"SearchAction","target":{"@type":"EntryPoint","urlTemplate":"https:\/\/www.capri-matique.com\/client\/aprfae5\/?s={search_term_string}"},"query-input":"required name=search_term_string"}],"inLanguage":"fr-FR"},{"@type":"WebPage","@id":"https:\/\/www.capri-matique.com\/client\/aprfae5\/seminaire-2022-2023\/#webpage","url":"https:\/\/www.capri-matique.com\/client\/aprfae5\/seminaire-2022-2023\/","name":"S\u00e9minaire 2022-2023 - Association de personnes retrait\u00e9es de la FAE","isPartOf":{"@id":"https:\/\/www.capri-matique.com\/client\/aprfae5\/#website"},"datePublished":"2022-06-13T18:25:19+00:00","dateModified":"2022-06-13T20:56:49+00:00","breadcrumb":{"@id":"https:\/\/www.capri-matique.com\/client\/aprfae5\/seminaire-2022-2023\/#breadcrumb"},"inLanguage":"fr-FR","potentialAction":[{"@type":"ReadAction","target":["https:\/\/www.capri-matique.com\/client\/aprfae5\/seminaire-2022-2023\/"]}]},{"@type":"BreadcrumbList","@id":"https:\/\/www.capri-matique.com\/client\/aprfae5\/seminaire-2022-2023\/#breadcrumb","itemListElement":[{"@type":"ListItem","position":1,"name":"Accueil","item":"https:\/\/www.capri-matique.com\/client\/aprfae5\/"},{"@type":"ListItem","position":2,"name":"S\u00e9minaire 2022-2023"}]}]}},"_links":{"self":[{"href":"https:\/\/www.capri-matique.com\/client\/aprfae5\/wp-json\/wp\/v2\/pages\/7789","targetHints":{"allow":["GET"]}}],"collection":[{"href":"https:\/\/www.capri-matique.com\/client\/aprfae5\/wp-json\/wp\/v2\/pages"}],"about":[{"href":"https:\/\/www.capri-matique.com\/client\/aprfae5\/wp-json\/wp\/v2\/types\/page"}],"author":[{"embeddable":true,"href":"https:\/\/www.capri-matique.com\/client\/aprfae5\/wp-json\/wp\/v2\/users\/2"}],"replies":[{"embeddable":true,"href":"https:\/\/www.capri-matique.com\/client\/aprfae5\/wp-json\/wp\/v2\/comments?post=7789"}],"version-history":[{"count":6,"href":"https:\/\/www.capri-matique.com\/client\/aprfae5\/wp-json\/wp\/v2\/pages\/7789\/revisions"}],"predecessor-version":[{"id":7873,"href":"https:\/\/www.capri-matique.com\/client\/aprfae5\/wp-json\/wp\/v2\/pages\/7789\/revisions\/7873"}],"wp:attachment":[{"href":"https:\/\/www.capri-matique.com\/client\/aprfae5\/wp-json\/wp\/v2\/media?parent=7789"}],"curies":[{"name":"wp","href":"https:\/\/api.w.org\/{rel}","templated":true}]}}