{"id":723,"date":"2016-11-13T14:00:54","date_gmt":"2016-11-13T19:00:54","guid":{"rendered":"https:\/\/capri-matique.com\/client\/aprfae5\/?page_id=723"},"modified":"2020-02-28T12:26:42","modified_gmt":"2020-02-28T17:26:42","slug":"image-2","status":"publish","type":"page","link":"https:\/\/www.capri-matique.com\/client\/aprfae5\/image-2\/","title":{"rendered":"image 2"},"content":{"rendered":"<p style=\"text-align: center;\"><span style=\"font-family: verdana, geneva, sans-serif; font-size: 16pt;\"><strong><span style=\"font-family: verdana, geneva, sans-serif; font-size: 16pt;\"><strong><span style=\"font-family: verdana, geneva, sans-serif; font-size: 16pt;\"><strong><span style=\"font-family: verdana, geneva, sans-serif; font-size: 16pt;\"><strong><span style=\"font-family: verdana, geneva, sans-serif; font-size: 16pt;\"><strong><span style=\"font-family: verdana, geneva, sans-serif; font-size: 16pt;\"><strong><span style=\"font-family: verdana, geneva, sans-serif; font-size: 16pt;\"><strong><span style=\"font-family: verdana, geneva, sans-serif; font-size: 16pt;\"><strong><span style=\"font-family: verdana, geneva, sans-serif; font-size: 16pt;\"><strong><span style=\"font-family: verdana, geneva, sans-serif; font-size: 16pt;\"><strong><span style=\"font-family: verdana, geneva, sans-serif; font-size: 16pt;\"><strong><span style=\"font-family: verdana, geneva, sans-serif; font-size: 16pt;\"><strong><span style=\"font-family: verdana, geneva, sans-serif; font-size: 16pt;\"><strong><span style=\"font-family: verdana, geneva, sans-serif; font-size: 16pt;\"><strong><span style=\"font-family: verdana, geneva, sans-serif; font-size: 16pt;\"><strong><span style=\"font-family: verdana, geneva, sans-serif; font-size: 16pt;\"><strong>2019-2020 en images<\/strong><\/span><\/strong><\/span><\/strong><\/span><\/strong><\/span><\/strong><\/span><\/strong><\/span><\/strong><\/span><\/strong><\/span><\/strong><\/span><\/strong><\/span><\/strong><\/span><\/strong><\/span><\/strong><\/span><\/strong><\/span><\/strong><\/span><\/strong><\/span><\/p>\n<p style=\"text-align: center;\"><strong><span style=\"font-family: verdana,geneva,sans-serif; font-size: 16pt;\">L&#8217;APRFAE \u00e0 Qu\u00e9bec<\/span><\/strong><\/p>\n<div id='gallery-1' class='gallery galleryid-723 gallery-columns-3 gallery-size-thumbnail'><figure class='gallery-item'>\n\t\t\t<div class='gallery-icon landscape'>\n\t\t\t\t<a href='https:\/\/www.capri-matique.com\/client\/aprfae5\/image-2\/agustines2-web\/'><img decoding=\"async\" width=\"150\" height=\"150\" src=\"https:\/\/www.capri-matique.com\/client\/aprfae5\/wp-content\/uploads\/2019\/12\/Agustines2-Web-150x150.jpg\" class=\"attachment-thumbnail size-thumbnail\" alt=\"\" aria-describedby=\"gallery-1-5306\" \/><\/a>\n\t\t\t<\/div>\n\t\t\t\t<figcaption class='wp-caption-text gallery-caption' id='gallery-1-5306'>\n\t\t\t\tD\u00eener de bienvenue &#8211; Monast\u00e8re des Augustines\n\t\t\t\t<\/figcaption><\/figure><figure class='gallery-item'>\n\t\t\t<div class='gallery-icon landscape'>\n\t\t\t\t<a href='https:\/\/www.capri-matique.com\/client\/aprfae5\/image-2\/augustines-web\/'><img decoding=\"async\" width=\"150\" height=\"150\" src=\"https:\/\/www.capri-matique.com\/client\/aprfae5\/wp-content\/uploads\/2019\/12\/Augustines-Web-150x150.jpg\" class=\"attachment-thumbnail size-thumbnail\" alt=\"\" aria-describedby=\"gallery-1-5305\" \/><\/a>\n\t\t\t<\/div>\n\t\t\t\t<figcaption class='wp-caption-text gallery-caption' id='gallery-1-5305'>\n\t\t\t\tD\u00eener de Bienvenue &#8211; Monast\u00e8re des Augustines\n\t\t\t\t<\/figcaption><\/figure><figure class='gallery-item'>\n\t\t\t<div class='gallery-icon portrait'>\n\t\t\t\t<a href='https:\/\/www.capri-matique.com\/client\/aprfae5\/image-2\/normandin\/'><img decoding=\"async\" width=\"150\" height=\"150\" src=\"https:\/\/www.capri-matique.com\/client\/aprfae5\/wp-content\/uploads\/2019\/12\/Normandin-150x150.jpg\" class=\"attachment-thumbnail size-thumbnail\" alt=\"\" aria-describedby=\"gallery-1-5307\" \/><\/a>\n\t\t\t<\/div>\n\t\t\t\t<figcaption class='wp-caption-text gallery-caption' id='gallery-1-5307'>\n\t\t\t\tPetit-d\u00e9jeuner au Normandin\n\t\t\t\t<\/figcaption><\/figure>\n\t\t<\/div>\n\n<p style=\"text-align: center;\"><span style=\"font-family: verdana,geneva,sans-serif; font-size: 16pt;\"><strong>L&#8217;APRFAE en Outaouais<\/strong><\/span><\/p>\n<div id='gallery-2' class='gallery galleryid-723 gallery-columns-3 gallery-size-thumbnail'><figure class='gallery-item'>\n\t\t\t<div class='gallery-icon landscape'>\n\t\t\t\t<a href='https:\/\/www.capri-matique.com\/client\/aprfae5\/brunch\/'><img loading=\"lazy\" decoding=\"async\" width=\"150\" height=\"150\" src=\"https:\/\/www.capri-matique.com\/client\/aprfae5\/wp-content\/uploads\/2019\/12\/Brunch-150x150.jpg\" class=\"attachment-thumbnail size-thumbnail\" alt=\"\" aria-describedby=\"gallery-2-5312\" \/><\/a>\n\t\t\t<\/div>\n\t\t\t\t<figcaption class='wp-caption-text gallery-caption' id='gallery-2-5312'>\n\t\t\t\tD\u00eener de bienvenue au restaurant La Pergola\n\t\t\t\t<\/figcaption><\/figure><figure class='gallery-item'>\n\t\t\t<div class='gallery-icon landscape'>\n\t\t\t\t<a href='https:\/\/www.capri-matique.com\/client\/aprfae5\/image-2\/pergola\/'><img loading=\"lazy\" decoding=\"async\" width=\"150\" height=\"150\" src=\"https:\/\/www.capri-matique.com\/client\/aprfae5\/wp-content\/uploads\/2019\/12\/PErgola-150x150.jpg\" class=\"attachment-thumbnail size-thumbnail\" alt=\"\" aria-describedby=\"gallery-2-5313\" \/><\/a>\n\t\t\t<\/div>\n\t\t\t\t<figcaption class='wp-caption-text gallery-caption' id='gallery-2-5313'>\n\t\t\t\tD\u00eener de bienvenue des nouveaux membres\n\t\t\t\t<\/figcaption><\/figure><figure class='gallery-item'>\n\t\t\t<div class='gallery-icon landscape'>\n\t\t\t\t<a href='https:\/\/www.capri-matique.com\/client\/aprfae5\/image-2\/academie1\/'><img loading=\"lazy\" decoding=\"async\" width=\"150\" height=\"150\" src=\"https:\/\/www.capri-matique.com\/client\/aprfae5\/wp-content\/uploads\/2019\/12\/Academie1-150x150.jpg\" class=\"attachment-thumbnail size-thumbnail\" alt=\"\" aria-describedby=\"gallery-2-5314\" \/><\/a>\n\t\t\t<\/div>\n\t\t\t\t<figcaption class='wp-caption-text gallery-caption' id='gallery-2-5314'>\n\t\t\t\tSouper de No\u00ebl \u00e0 L&#8217;Acad\u00e9mie\n\t\t\t\t<\/figcaption><\/figure>\n\t\t<\/div>\n\n<p style=\"text-align: center;\"><span style=\"font-family: verdana,geneva,sans-serif; font-size: 16pt;\"><strong>\u00a0<\/strong><\/span><strong><span style=\"font-family: verdana,geneva,sans-serif; font-size: 16pt;\">L&#8217;APRFAE en Haute-Yamaska<\/span><\/strong><\/p>\n<div id='gallery-3' class='gallery galleryid-723 gallery-columns-3 gallery-size-thumbnail'><figure class='gallery-item'>\n\t\t\t<div class='gallery-icon landscape'>\n\t\t\t\t<a href='https:\/\/www.capri-matique.com\/client\/aprfae5\/image-2\/hy1\/'><img loading=\"lazy\" decoding=\"async\" width=\"150\" height=\"150\" src=\"https:\/\/www.capri-matique.com\/client\/aprfae5\/wp-content\/uploads\/2019\/12\/HY1-150x150.jpg\" class=\"attachment-thumbnail size-thumbnail\" alt=\"\" aria-describedby=\"gallery-3-5318\" \/><\/a>\n\t\t\t<\/div>\n\t\t\t\t<figcaption class='wp-caption-text gallery-caption' id='gallery-3-5318'>\n\t\t\t\tPetit-d\u00e9jeuner \u00e0 la Cidrerie Milton\n\t\t\t\t<\/figcaption><\/figure><figure class='gallery-item'>\n\t\t\t<div class='gallery-icon landscape'>\n\t\t\t\t<a href='https:\/\/www.capri-matique.com\/client\/aprfae5\/image-2\/hy2\/'><img loading=\"lazy\" decoding=\"async\" width=\"150\" height=\"150\" src=\"https:\/\/www.capri-matique.com\/client\/aprfae5\/wp-content\/uploads\/2019\/12\/HY2-150x150.jpg\" class=\"attachment-thumbnail size-thumbnail\" alt=\"\" aria-describedby=\"gallery-3-5319\" \/><\/a>\n\t\t\t<\/div>\n\t\t\t\t<figcaption class='wp-caption-text gallery-caption' id='gallery-3-5319'>\n\t\t\t\tLes quilles\n\t\t\t\t<\/figcaption><\/figure><figure class='gallery-item'>\n\t\t\t<div class='gallery-icon landscape'>\n\t\t\t\t<a href='https:\/\/www.capri-matique.com\/client\/aprfae5\/image-2\/hy3\/'><img loading=\"lazy\" decoding=\"async\" width=\"150\" height=\"150\" src=\"https:\/\/www.capri-matique.com\/client\/aprfae5\/wp-content\/uploads\/2019\/12\/HY3-150x150.jpg\" class=\"attachment-thumbnail size-thumbnail\" alt=\"\" aria-describedby=\"gallery-3-5320\" \/><\/a>\n\t\t\t<\/div>\n\t\t\t\t<figcaption class='wp-caption-text gallery-caption' id='gallery-3-5320'>\n\t\t\t\tMarche en for\u00eat &#8211; Parc de la Haute-Yamaska\n\t\t\t\t<\/figcaption><\/figure><figure class='gallery-item'>\n\t\t\t<div class='gallery-icon landscape'>\n\t\t\t\t<a href='https:\/\/www.capri-matique.com\/client\/aprfae5\/image-2\/diner-st-valentin-2-web\/'><img loading=\"lazy\" decoding=\"async\" width=\"150\" height=\"150\" src=\"https:\/\/www.capri-matique.com\/client\/aprfae5\/wp-content\/uploads\/2020\/02\/D\u00eener-St-Valentin-2-Web-150x150.jpg\" class=\"attachment-thumbnail size-thumbnail\" alt=\"\" aria-describedby=\"gallery-3-5601\" \/><\/a>\n\t\t\t<\/div>\n\t\t\t\t<figcaption class='wp-caption-text gallery-caption' id='gallery-3-5601'>\n\t\t\t\tD\u00eener St-Valentin &#8211; L&#8217;Entre-Deux, campus Br\u00f4me-Missisquoi\n\t\t\t\t<\/figcaption><\/figure>\n\t\t<\/div>\n\n<p style=\"text-align: center;\"><strong><span style=\"font-family: verdana,geneva,sans-serif; font-size: 16pt;\">L&#8217;APRFAE et la r\u00e9gion BLLMV (Basses-Laurentides-Laval-Montr\u00e9al-Vaudreuil)<\/span><\/strong><\/p>\n<figure id=\"attachment_5316\" aria-describedby=\"caption-attachment-5316\" style=\"width: 300px\" class=\"wp-caption aligncenter\"><img loading=\"lazy\" decoding=\"async\" class=\"size-medium wp-image-5316\" src=\"https:\/\/capri-matique.com\/client\/aprfae5\/wp-content\/uploads\/2019\/12\/20190925_095846-300x225.jpg\" alt=\"\" width=\"300\" height=\"225\" srcset=\"https:\/\/www.capri-matique.com\/client\/aprfae5\/wp-content\/uploads\/2019\/12\/20190925_095846-300x225.jpg 300w, https:\/\/www.capri-matique.com\/client\/aprfae5\/wp-content\/uploads\/2019\/12\/20190925_095846-1024x768.jpg 1024w, https:\/\/www.capri-matique.com\/client\/aprfae5\/wp-content\/uploads\/2019\/12\/20190925_095846-600x450.jpg 600w, https:\/\/www.capri-matique.com\/client\/aprfae5\/wp-content\/uploads\/2019\/12\/20190925_095846.jpg 2000w\" sizes=\"(max-width: 300px) 100vw, 300px\" \/><figcaption id=\"caption-attachment-5316\" class=\"wp-caption-text\">Petit-d\u00e9jeuner au resto All\u00f4 ! Mon Coco<\/figcaption><\/figure>\n<p style=\"text-align: center;\"><strong><span style=\"font-family: verdana,geneva,sans-serif; font-size: 16pt;\">Manifestation pour le climat, 27 septembre 2019<\/span><\/strong><\/p>\n<div id='gallery-4' class='gallery galleryid-723 gallery-columns-3 gallery-size-thumbnail'><figure class='gallery-item'>\n\t\t\t<div class='gallery-icon landscape'>\n\t\t\t\t<a href='https:\/\/www.capri-matique.com\/client\/aprfae5\/image-2\/manfi\/'><img loading=\"lazy\" decoding=\"async\" width=\"150\" height=\"150\" src=\"https:\/\/www.capri-matique.com\/client\/aprfae5\/wp-content\/uploads\/2019\/12\/Manfi-150x150.jpg\" class=\"attachment-thumbnail size-thumbnail\" alt=\"\" aria-describedby=\"gallery-4-5326\" \/><\/a>\n\t\t\t<\/div>\n\t\t\t\t<figcaption class='wp-caption-text gallery-caption' id='gallery-4-5326'>\n\t\t\t\tManifestation pour le climat &#8211; 27 septembre 2019\n\t\t\t\t<\/figcaption><\/figure><figure class='gallery-item'>\n\t\t\t<div class='gallery-icon landscape'>\n\t\t\t\t<a href='https:\/\/www.capri-matique.com\/client\/aprfae5\/image-2\/manif\/'><img loading=\"lazy\" decoding=\"async\" width=\"150\" height=\"150\" src=\"https:\/\/www.capri-matique.com\/client\/aprfae5\/wp-content\/uploads\/2019\/12\/Manif-150x150.jpg\" class=\"attachment-thumbnail size-thumbnail\" alt=\"\" aria-describedby=\"gallery-4-5327\" \/><\/a>\n\t\t\t<\/div>\n\t\t\t\t<figcaption class='wp-caption-text gallery-caption' id='gallery-4-5327'>\n\t\t\t\tManifestation pour le climat &#8211; 27 septembre 2019\n\t\t\t\t<\/figcaption><\/figure><figure class='gallery-item'>\n\t\t\t<div class='gallery-icon landscape'>\n\t\t\t\t<a href='https:\/\/www.capri-matique.com\/client\/aprfae5\/image-2\/drapeau\/'><img loading=\"lazy\" decoding=\"async\" width=\"150\" height=\"150\" src=\"https:\/\/www.capri-matique.com\/client\/aprfae5\/wp-content\/uploads\/2019\/12\/drapeau-150x150.jpg\" class=\"attachment-thumbnail size-thumbnail\" alt=\"\" aria-describedby=\"gallery-4-5328\" \/><\/a>\n\t\t\t<\/div>\n\t\t\t\t<figcaption class='wp-caption-text gallery-caption' id='gallery-4-5328'>\n\t\t\t\tDrapeau APRFAE &#8211; 27 septembre 2019\n\t\t\t\t<\/figcaption><\/figure>\n\t\t<\/div>\n\n<p style=\"text-align: center;\"><strong><span style=\"font-family: verdana,geneva,sans-serif; font-size: 16pt;\">Assembl\u00e9e g\u00e9n\u00e9rale annuelle, 12 novembre 2019<\/span><\/strong><\/p>\n<div id='gallery-5' class='gallery galleryid-723 gallery-columns-3 gallery-size-thumbnail'><figure class='gallery-item'>\n\t\t\t<div class='gallery-icon landscape'>\n\t\t\t\t<a href='https:\/\/www.capri-matique.com\/client\/aprfae5\/image-2\/impliquons\/'><img loading=\"lazy\" decoding=\"async\" width=\"150\" height=\"150\" src=\"https:\/\/www.capri-matique.com\/client\/aprfae5\/wp-content\/uploads\/2019\/12\/Impliquons-150x150.jpg\" class=\"attachment-thumbnail size-thumbnail\" alt=\"\" aria-describedby=\"gallery-5-5347\" \/><\/a>\n\t\t\t<\/div>\n\t\t\t\t<figcaption class='wp-caption-text gallery-caption' id='gallery-5-5347'>\n\t\t\t\tAssembl\u00e9e g\u00e9n\u00e9rale annuelle 2019\n\t\t\t\t<\/figcaption><\/figure><figure class='gallery-item'>\n\t\t\t<div class='gallery-icon landscape'>\n\t\t\t\t<a href='https:\/\/www.capri-matique.com\/client\/aprfae5\/image-2\/exprimon\/'><img loading=\"lazy\" decoding=\"async\" width=\"150\" height=\"150\" src=\"https:\/\/www.capri-matique.com\/client\/aprfae5\/wp-content\/uploads\/2019\/12\/Exprimon-150x150.jpg\" class=\"attachment-thumbnail size-thumbnail\" alt=\"\" aria-describedby=\"gallery-5-5346\" \/><\/a>\n\t\t\t<\/div>\n\t\t\t\t<figcaption class='wp-caption-text gallery-caption' id='gallery-5-5346'>\n\t\t\t\tAssembl\u00e9e g\u00e9n\u00e9rale annuelle 2019\n\t\t\t\t<\/figcaption><\/figure><figure class='gallery-item'>\n\t\t\t<div class='gallery-icon landscape'>\n\t\t\t\t<a href='https:\/\/www.capri-matique.com\/client\/aprfae5\/image-2\/p1010356\/'><img loading=\"lazy\" decoding=\"async\" width=\"150\" height=\"150\" src=\"https:\/\/www.capri-matique.com\/client\/aprfae5\/wp-content\/uploads\/2019\/12\/P1010356-150x150.jpg\" class=\"attachment-thumbnail size-thumbnail\" alt=\"\" aria-describedby=\"gallery-5-5345\" \/><\/a>\n\t\t\t<\/div>\n\t\t\t\t<figcaption class='wp-caption-text gallery-caption' id='gallery-5-5345'>\n\t\t\t\tAssembl\u00e9e g\u00e9n\u00e9rale annuelle 2019\n\t\t\t\t<\/figcaption><\/figure>\n\t\t<\/div>\n\n<p style=\"text-align: center;\"><strong><span style=\"font-family: verdana,geneva,sans-serif; font-size: 16pt;\">\u00a0<\/span><\/strong><\/p>\n<p style=\"text-align: center;\"><strong><span style=\"font-family: verdana,geneva,sans-serif; font-size: 16pt;\">Souper de No\u00ebl des b\u00e9n\u00e9voles, 12 d\u00e9cembre 2019<\/span><\/strong><\/p>\n<div id='gallery-6' class='gallery galleryid-723 gallery-columns-3 gallery-size-thumbnail'><figure class='gallery-item'>\n\t\t\t<div class='gallery-icon landscape'>\n\t\t\t\t<a href='https:\/\/www.capri-matique.com\/client\/aprfae5\/image-2\/ritaaa\/'><img loading=\"lazy\" decoding=\"async\" width=\"150\" height=\"150\" src=\"https:\/\/www.capri-matique.com\/client\/aprfae5\/wp-content\/uploads\/2019\/12\/ritaaa-150x150.jpg\" class=\"attachment-thumbnail size-thumbnail\" alt=\"\" aria-describedby=\"gallery-6-5351\" \/><\/a>\n\t\t\t<\/div>\n\t\t\t\t<figcaption class='wp-caption-text gallery-caption' id='gallery-6-5351'>\n\t\t\t\tCocktail au Max-Rupp, \u00e9cole h\u00f4teli\u00e8re Calixa-Lavall\u00e9e\n\t\t\t\t<\/figcaption><\/figure><figure class='gallery-item'>\n\t\t\t<div class='gallery-icon landscape'>\n\t\t\t\t<a href='https:\/\/www.capri-matique.com\/client\/aprfae5\/image-2\/ritaa\/'><img loading=\"lazy\" decoding=\"async\" width=\"150\" height=\"150\" src=\"https:\/\/www.capri-matique.com\/client\/aprfae5\/wp-content\/uploads\/2019\/12\/ritaa-150x150.jpg\" class=\"attachment-thumbnail size-thumbnail\" alt=\"\" aria-describedby=\"gallery-6-5350\" \/><\/a>\n\t\t\t<\/div>\n\t\t\t\t<figcaption class='wp-caption-text gallery-caption' id='gallery-6-5350'>\n\t\t\t\tCocktail\n\t\t\t\t<\/figcaption><\/figure><figure class='gallery-item'>\n\t\t\t<div class='gallery-icon landscape'>\n\t\t\t\t<a href='https:\/\/www.capri-matique.com\/client\/aprfae5\/image-2\/rita\/'><img loading=\"lazy\" decoding=\"async\" width=\"150\" height=\"150\" src=\"https:\/\/www.capri-matique.com\/client\/aprfae5\/wp-content\/uploads\/2019\/12\/rita-150x150.jpg\" class=\"attachment-thumbnail size-thumbnail\" alt=\"\" aria-describedby=\"gallery-6-5349\" \/><\/a>\n\t\t\t<\/div>\n\t\t\t\t<figcaption class='wp-caption-text gallery-caption' id='gallery-6-5349'>\n\t\t\t\tSouper des b\u00e9n\u00e9voles au restaurant le Max-Rupp\n\t\t\t\t<\/figcaption><\/figure>\n\t\t<\/div>\n\n<p>&nbsp;<\/p>\n<p style=\"text-align: center;\"><span style=\"font-family: verdana, geneva, sans-serif; font-size: 16pt;\"><b>La bo\u00eete \u00e0 souvenirs<\/b><\/span><\/p>\n<div id='gallery-7' class='gallery galleryid-723 gallery-columns-3 gallery-size-thumbnail'><figure class='gallery-item'>\n\t\t\t<div class='gallery-icon landscape'>\n\t\t\t\t<a href='https:\/\/www.capri-matique.com\/client\/aprfae5\/image-2\/20180321_155820-2\/'><img loading=\"lazy\" decoding=\"async\" width=\"150\" height=\"150\" src=\"https:\/\/www.capri-matique.com\/client\/aprfae5\/wp-content\/uploads\/2018\/12\/20180321_155820-150x150.jpg\" class=\"attachment-thumbnail size-thumbnail\" alt=\"\" aria-describedby=\"gallery-7-3464\" \/><\/a>\n\t\t\t<\/div>\n\t\t\t\t<figcaption class='wp-caption-text gallery-caption' id='gallery-7-3464'>\n\t\t\t\tAtelier-d\u00e9monstration sur les m\u00e9diums mixtes avec Lorraine S\u00e9guin 2018\n\t\t\t\t<\/figcaption><\/figure><figure class='gallery-item'>\n\t\t\t<div class='gallery-icon landscape'>\n\t\t\t\t<a href='https:\/\/www.capri-matique.com\/client\/aprfae5\/image-2\/_mg_4710\/'><img loading=\"lazy\" decoding=\"async\" width=\"150\" height=\"150\" src=\"https:\/\/www.capri-matique.com\/client\/aprfae5\/wp-content\/uploads\/2016\/11\/MG_4710-150x150.jpg\" class=\"attachment-thumbnail size-thumbnail\" alt=\"\" aria-describedby=\"gallery-7-1041\" \/><\/a>\n\t\t\t<\/div>\n\t\t\t\t<figcaption class='wp-caption-text gallery-caption' id='gallery-7-1041'>\n\t\t\t\tExposition des artistes de l&#8217;APRFAE 2016\n\t\t\t\t<\/figcaption><\/figure><figure class='gallery-item'>\n\t\t\t<div class='gallery-icon landscape'>\n\t\t\t\t<a href='https:\/\/www.capri-matique.com\/client\/aprfae5\/image-2\/img_0109\/'><img loading=\"lazy\" decoding=\"async\" width=\"150\" height=\"150\" src=\"https:\/\/www.capri-matique.com\/client\/aprfae5\/wp-content\/uploads\/2016\/11\/IMG_0109-150x150.jpg\" class=\"attachment-thumbnail size-thumbnail\" alt=\"\" aria-describedby=\"gallery-7-1639\" \/><\/a>\n\t\t\t<\/div>\n\t\t\t\t<figcaption class='wp-caption-text gallery-caption' id='gallery-7-1639'>\n\t\t\t\tVoyage \u00e0 New York\n\t\t\t\t<\/figcaption><\/figure><figure class='gallery-item'>\n\t\t\t<div class='gallery-icon landscape'>\n\t\t\t\t<a href='https:\/\/www.capri-matique.com\/client\/aprfae5\/image-2\/atelier-reflex3\/'><img loading=\"lazy\" decoding=\"async\" width=\"150\" height=\"150\" src=\"https:\/\/www.capri-matique.com\/client\/aprfae5\/wp-content\/uploads\/2016\/11\/atelier-reflex3-150x150.jpg\" class=\"attachment-thumbnail size-thumbnail\" alt=\"\" aria-describedby=\"gallery-7-1550\" \/><\/a>\n\t\t\t<\/div>\n\t\t\t\t<figcaption class='wp-caption-text gallery-caption' id='gallery-7-1550'>\n\t\t\t\tFormation en photo num\u00e9rique 2017\n\t\t\t\t<\/figcaption><\/figure><figure class='gallery-item'>\n\t\t\t<div class='gallery-icon landscape'>\n\t\t\t\t<a href='https:\/\/www.capri-matique.com\/client\/aprfae5\/img_6936\/'><img loading=\"lazy\" decoding=\"async\" width=\"150\" height=\"150\" src=\"https:\/\/www.capri-matique.com\/client\/aprfae5\/wp-content\/uploads\/2017\/04\/IMG_6936-150x150.jpg\" class=\"attachment-thumbnail size-thumbnail\" alt=\"\" aria-describedby=\"gallery-7-1418\" \/><\/a>\n\t\t\t<\/div>\n\t\t\t\t<figcaption class='wp-caption-text gallery-caption' id='gallery-7-1418'>\n\t\t\t\tAtelier-causerie sur les \u00ab femmes et le vieillissement \u00bb 2017\n\t\t\t\t<\/figcaption><\/figure><figure class='gallery-item'>\n\t\t\t<div class='gallery-icon landscape'>\n\t\t\t\t<a href='https:\/\/www.capri-matique.com\/client\/aprfae5\/image-2\/img_0019\/'><img loading=\"lazy\" decoding=\"async\" width=\"150\" height=\"150\" src=\"https:\/\/www.capri-matique.com\/client\/aprfae5\/wp-content\/uploads\/2016\/11\/IMG_0019-150x150.jpg\" class=\"attachment-thumbnail size-thumbnail\" alt=\"\" aria-describedby=\"gallery-7-1490\" \/><\/a>\n\t\t\t<\/div>\n\t\t\t\t<figcaption class='wp-caption-text gallery-caption' id='gallery-7-1490'>\n\t\t\t\tManifestation en appui aux profs de la FAE 2017\n\t\t\t\t<\/figcaption><\/figure><figure class='gallery-item'>\n\t\t\t<div class='gallery-icon landscape'>\n\t\t\t\t<a href='https:\/\/www.capri-matique.com\/client\/aprfae5\/img_0418\/'><img loading=\"lazy\" decoding=\"async\" width=\"150\" height=\"150\" src=\"https:\/\/www.capri-matique.com\/client\/aprfae5\/wp-content\/uploads\/2017\/04\/IMG_0418-150x150.jpg\" class=\"attachment-thumbnail size-thumbnail\" alt=\"\" aria-describedby=\"gallery-7-1484\" \/><\/a>\n\t\t\t<\/div>\n\t\t\t\t<figcaption class='wp-caption-text gallery-caption' id='gallery-7-1484'>\n\t\t\t\tL&#8217;APRFAE \u00e0 la Cabane \u00e0 sucre Famille \u00c9thier 2017\n\t\t\t\t<\/figcaption><\/figure><figure class='gallery-item'>\n\t\t\t<div class='gallery-icon landscape'>\n\t\t\t\t<a href='https:\/\/www.capri-matique.com\/client\/aprfae5\/9-cheers\/'><img loading=\"lazy\" decoding=\"async\" width=\"150\" height=\"150\" src=\"https:\/\/www.capri-matique.com\/client\/aprfae5\/wp-content\/uploads\/2017\/10\/9-Cheers-150x150.jpg\" class=\"attachment-thumbnail size-thumbnail\" alt=\"\" aria-describedby=\"gallery-7-1845\" \/><\/a>\n\t\t\t<\/div>\n\t\t\t\t<figcaption class='wp-caption-text gallery-caption' id='gallery-7-1845'>\n\t\t\t\tSortie nationale en Haute-Yamaska, Cidrerie Milton 2017\n\t\t\t\t<\/figcaption><\/figure><figure class='gallery-item'>\n\t\t\t<div class='gallery-icon landscape'>\n\t\t\t\t<a href='https:\/\/www.capri-matique.com\/client\/aprfae5\/image-2\/img_3568\/'><img loading=\"lazy\" decoding=\"async\" width=\"150\" height=\"150\" src=\"https:\/\/www.capri-matique.com\/client\/aprfae5\/wp-content\/uploads\/2018\/12\/IMG_3568-150x150.jpg\" class=\"attachment-thumbnail size-thumbnail\" alt=\"\" aria-describedby=\"gallery-7-3447\" \/><\/a>\n\t\t\t<\/div>\n\t\t\t\t<figcaption class='wp-caption-text gallery-caption' id='gallery-7-3447'>\n\t\t\t\tVisite de la Maison Trestler 2019\n\t\t\t\t<\/figcaption><\/figure><figure class='gallery-item'>\n\t\t\t<div class='gallery-icon landscape'>\n\t\t\t\t<a href='https:\/\/www.capri-matique.com\/client\/aprfae5\/image-2\/img_7980\/'><img loading=\"lazy\" decoding=\"async\" width=\"150\" height=\"150\" src=\"https:\/\/www.capri-matique.com\/client\/aprfae5\/wp-content\/uploads\/2019\/06\/IMG_7980-150x150.jpg\" class=\"attachment-thumbnail size-thumbnail\" alt=\"\" aria-describedby=\"gallery-7-4810\" \/><\/a>\n\t\t\t<\/div>\n\t\t\t\t<figcaption class='wp-caption-text gallery-caption' id='gallery-7-4810'>\n\t\t\t\tCroisi\u00e8re sur le Richelieu et visite de vignoble 2019\n\t\t\t\t<\/figcaption><\/figure><figure class='gallery-item'>\n\t\t\t<div class='gallery-icon landscape'>\n\t\t\t\t<a href='https:\/\/www.capri-matique.com\/client\/aprfae5\/image-2\/p1000981\/'><img loading=\"lazy\" decoding=\"async\" width=\"150\" height=\"150\" src=\"https:\/\/www.capri-matique.com\/client\/aprfae5\/wp-content\/uploads\/2019\/06\/P1000981-150x150.jpg\" class=\"attachment-thumbnail size-thumbnail\" alt=\"\" aria-describedby=\"gallery-7-4676\" \/><\/a>\n\t\t\t<\/div>\n\t\t\t\t<figcaption class='wp-caption-text gallery-caption' id='gallery-7-4676'>\n\t\t\t\tConf\u00e9rence ATTAC-Qu\u00e9bec\n\t\t\t\t<\/figcaption><\/figure><figure class='gallery-item'>\n\t\t\t<div class='gallery-icon landscape'>\n\t\t\t\t<a href='https:\/\/www.capri-matique.com\/client\/aprfae5\/image-2\/web1000793\/'><img loading=\"lazy\" decoding=\"async\" width=\"150\" height=\"150\" src=\"https:\/\/www.capri-matique.com\/client\/aprfae5\/wp-content\/uploads\/2019\/03\/Web1000793-150x150.jpg\" class=\"attachment-thumbnail size-thumbnail\" alt=\"\" aria-describedby=\"gallery-7-3933\" \/><\/a>\n\t\t\t<\/div>\n\t\t\t\t<figcaption class='wp-caption-text gallery-caption' id='gallery-7-3933'>\n\t\t\t\tConf\u00e9rence de Pascale Navarro 2019\n\t\t\t\t<\/figcaption><\/figure><figure class='gallery-item'>\n\t\t\t<div class='gallery-icon landscape'>\n\t\t\t\t<a href='https:\/\/www.capri-matique.com\/client\/aprfae5\/2019-06-19-initiation-pickleball\/'><img loading=\"lazy\" decoding=\"async\" width=\"150\" height=\"150\" src=\"https:\/\/www.capri-matique.com\/client\/aprfae5\/wp-content\/uploads\/2019\/06\/2019-06-19-Initiation-pickleball-150x150.jpg\" class=\"attachment-thumbnail size-thumbnail\" alt=\"\" aria-describedby=\"gallery-7-4855\" \/><\/a>\n\t\t\t<\/div>\n\t\t\t\t<figcaption class='wp-caption-text gallery-caption' id='gallery-7-4855'>\n\t\t\t\tLe pickleball en Haute-Yamaska 2019\n\t\t\t\t<\/figcaption><\/figure><figure class='gallery-item'>\n\t\t\t<div class='gallery-icon landscape'>\n\t\t\t\t<a href='https:\/\/www.capri-matique.com\/client\/aprfae5\/web1000840\/'><img loading=\"lazy\" decoding=\"async\" width=\"150\" height=\"150\" src=\"https:\/\/www.capri-matique.com\/client\/aprfae5\/wp-content\/uploads\/2019\/03\/Web1000840-150x150.jpg\" class=\"attachment-thumbnail size-thumbnail\" alt=\"\" aria-describedby=\"gallery-7-3937\" \/><\/a>\n\t\t\t<\/div>\n\t\t\t\t<figcaption class='wp-caption-text gallery-caption' id='gallery-7-3937'>\n\t\t\t\tFormation pr\u00e9vention de la fraude 2019\n\t\t\t\t<\/figcaption><\/figure><figure class='gallery-item'>\n\t\t\t<div class='gallery-icon landscape'>\n\t\t\t\t<a href='https:\/\/www.capri-matique.com\/client\/aprfae5\/p1000957\/'><img loading=\"lazy\" decoding=\"async\" width=\"150\" height=\"150\" src=\"https:\/\/www.capri-matique.com\/client\/aprfae5\/wp-content\/uploads\/2019\/06\/P1000957-150x150.jpg\" class=\"attachment-thumbnail size-thumbnail\" alt=\"\" aria-describedby=\"gallery-7-4844\" \/><\/a>\n\t\t\t<\/div>\n\t\t\t\t<figcaption class='wp-caption-text gallery-caption' id='gallery-7-4844'>\n\t\t\t\tCampagne de financement La Tomarine 2019\n\t\t\t\t<\/figcaption><\/figure><figure class='gallery-item'>\n\t\t\t<div class='gallery-icon landscape'>\n\t\t\t\t<a href='https:\/\/www.capri-matique.com\/client\/aprfae5\/image-2\/4-cabane\/'><img loading=\"lazy\" decoding=\"async\" width=\"150\" height=\"150\" src=\"https:\/\/www.capri-matique.com\/client\/aprfae5\/wp-content\/uploads\/2019\/06\/4-Cabane-150x150.jpg\" class=\"attachment-thumbnail size-thumbnail\" alt=\"\" aria-describedby=\"gallery-7-4850\" \/><\/a>\n\t\t\t<\/div>\n\t\t\t\t<figcaption class='wp-caption-text gallery-caption' id='gallery-7-4850'>\n\t\t\t\tCabane \u00e0 sucre en Outaouais 2019, @Jean B\u00e9langer\n\t\t\t\t<\/figcaption><\/figure><figure class='gallery-item'>\n\t\t\t<div class='gallery-icon landscape'>\n\t\t\t\t<a href='https:\/\/www.capri-matique.com\/client\/aprfae5\/056-3\/'><img loading=\"lazy\" decoding=\"async\" width=\"150\" height=\"150\" src=\"https:\/\/www.capri-matique.com\/client\/aprfae5\/wp-content\/uploads\/2018\/05\/056-1-150x150.jpg\" class=\"attachment-thumbnail size-thumbnail\" alt=\"\" aria-describedby=\"gallery-7-2673\" \/><\/a>\n\t\t\t<\/div>\n\t\t\t\t<figcaption class='wp-caption-text gallery-caption' id='gallery-7-2673'>\n\t\t\t\tConf\u00e9rence du Comit\u00e9 environnement de l&#8217;APRFAE 2018\n\t\t\t\t<\/figcaption><\/figure><figure class='gallery-item'>\n\t\t\t<div class='gallery-icon landscape'>\n\t\t\t\t<a href='https:\/\/www.capri-matique.com\/client\/aprfae5\/img_6948\/'><img loading=\"lazy\" decoding=\"async\" width=\"150\" height=\"150\" src=\"https:\/\/www.capri-matique.com\/client\/aprfae5\/wp-content\/uploads\/2017\/04\/IMG_6948-150x150.jpg\" class=\"attachment-thumbnail size-thumbnail\" alt=\"\" aria-describedby=\"gallery-7-1420\" \/><\/a>\n\t\t\t<\/div>\n\t\t\t\t<figcaption class='wp-caption-text gallery-caption' id='gallery-7-1420'>\n\t\t\t\tAtelier-causerie Femmes et vieillissement 2017\n\t\t\t\t<\/figcaption><\/figure>\n\t\t<\/div>\n\n","protected":false},"excerpt":{"rendered":"<p>2019-2020 en images L&#8217;APRFAE \u00e0 Qu\u00e9bec L&#8217;APRFAE en Outaouais \u00a0L&#8217;APRFAE en Haute-Yamaska L&#8217;APRFAE et la r\u00e9gion BLLMV (Basses-Laurentides-Laval-Montr\u00e9al-Vaudreuil) Manifestation pour le climat, 27 septembre 2019 Assembl\u00e9e g\u00e9n\u00e9rale annuelle, 12 novembre 2019 \u00a0 Souper de No\u00ebl des b\u00e9n\u00e9voles, 12 d\u00e9cembre 2019 &nbsp; La bo\u00eete \u00e0 souvenirs<\/p>\n","protected":false},"author":2,"featured_media":0,"parent":0,"menu_order":0,"comment_status":"closed","ping_status":"closed","template":"","meta":{"footnotes":""},"class_list":["post-723","page","type-page","status-publish","hentry"],"yoast_head":"<!-- This site is optimized with the Yoast SEO plugin v17.3 - https:\/\/yoast.com\/wordpress\/plugins\/seo\/ -->\n<title>image 2 - Association de personnes retrait\u00e9es de la FAE<\/title>\n<meta name=\"robots\" content=\"noindex, follow, max-snippet:-1, max-image-preview:large, max-video-preview:-1\" \/>\n<meta property=\"og:locale\" content=\"fr_FR\" \/>\n<meta property=\"og:type\" content=\"article\" \/>\n<meta property=\"og:title\" content=\"image 2 - Association de personnes retrait\u00e9es de la FAE\" \/>\n<meta property=\"og:description\" content=\"2019-2020 en images L&#8217;APRFAE \u00e0 Qu\u00e9bec L&#8217;APRFAE en Outaouais \u00a0L&#8217;APRFAE en Haute-Yamaska L&#8217;APRFAE et la r\u00e9gion BLLMV (Basses-Laurentides-Laval-Montr\u00e9al-Vaudreuil) Manifestation pour le climat, 27 septembre 2019 Assembl\u00e9e g\u00e9n\u00e9rale annuelle, 12 novembre 2019 \u00a0 Souper de No\u00ebl des b\u00e9n\u00e9voles, 12 d\u00e9cembre 2019 &nbsp; La bo\u00eete \u00e0 souvenirs\" \/>\n<meta property=\"og:url\" content=\"https:\/\/www.capri-matique.com\/client\/aprfae5\/image-2\/\" \/>\n<meta property=\"og:site_name\" content=\"Association de personnes retrait\u00e9es de la FAE\" \/>\n<meta property=\"article:modified_time\" content=\"2020-02-28T17:26:42+00:00\" \/>\n<meta property=\"og:image\" content=\"https:\/\/www.capri-matique.com\/client\/aprfae5\/wp-content\/uploads\/2019\/12\/Agustines2-Web-150x150.jpg\" \/>\n<meta name=\"twitter:card\" content=\"summary\" \/>\n<script type=\"application\/ld+json\" class=\"yoast-schema-graph\">{\"@context\":\"https:\/\/schema.org\",\"@graph\":[{\"@type\":\"WebSite\",\"@id\":\"https:\/\/www.capri-matique.com\/client\/aprfae5\/#website\",\"url\":\"https:\/\/www.capri-matique.com\/client\/aprfae5\/\",\"name\":\"Association de personnes retrait\\u00e9es de la FAE\",\"description\":\"L&#039;association qui nous unit\",\"potentialAction\":[{\"@type\":\"SearchAction\",\"target\":{\"@type\":\"EntryPoint\",\"urlTemplate\":\"https:\/\/www.capri-matique.com\/client\/aprfae5\/?s={search_term_string}\"},\"query-input\":\"required name=search_term_string\"}],\"inLanguage\":\"fr-FR\"},{\"@type\":\"ImageObject\",\"@id\":\"https:\/\/www.capri-matique.com\/client\/aprfae5\/image-2\/#primaryimage\",\"inLanguage\":\"fr-FR\",\"url\":\"https:\/\/capri-matique.com\/client\/aprfae5\/wp-content\/uploads\/2019\/12\/20190925_095846-300x225.jpg\",\"contentUrl\":\"https:\/\/capri-matique.com\/client\/aprfae5\/wp-content\/uploads\/2019\/12\/20190925_095846-300x225.jpg\"},{\"@type\":\"WebPage\",\"@id\":\"https:\/\/www.capri-matique.com\/client\/aprfae5\/image-2\/#webpage\",\"url\":\"https:\/\/www.capri-matique.com\/client\/aprfae5\/image-2\/\",\"name\":\"image 2 - Association de personnes retrait\\u00e9es de la FAE\",\"isPartOf\":{\"@id\":\"https:\/\/www.capri-matique.com\/client\/aprfae5\/#website\"},\"primaryImageOfPage\":{\"@id\":\"https:\/\/www.capri-matique.com\/client\/aprfae5\/image-2\/#primaryimage\"},\"datePublished\":\"2016-11-13T19:00:54+00:00\",\"dateModified\":\"2020-02-28T17:26:42+00:00\",\"breadcrumb\":{\"@id\":\"https:\/\/www.capri-matique.com\/client\/aprfae5\/image-2\/#breadcrumb\"},\"inLanguage\":\"fr-FR\",\"potentialAction\":[{\"@type\":\"ReadAction\",\"target\":[\"https:\/\/www.capri-matique.com\/client\/aprfae5\/image-2\/\"]}]},{\"@type\":\"BreadcrumbList\",\"@id\":\"https:\/\/www.capri-matique.com\/client\/aprfae5\/image-2\/#breadcrumb\",\"itemListElement\":[{\"@type\":\"ListItem\",\"position\":1,\"name\":\"Accueil\",\"item\":\"https:\/\/www.capri-matique.com\/client\/aprfae5\/\"},{\"@type\":\"ListItem\",\"position\":2,\"name\":\"image 2\"}]}]}<\/script>\n<!-- \/ Yoast SEO plugin. -->","yoast_head_json":{"title":"image 2 - Association de personnes retrait\u00e9es de la FAE","robots":{"index":"noindex","follow":"follow","max-snippet":"max-snippet:-1","max-image-preview":"max-image-preview:large","max-video-preview":"max-video-preview:-1"},"og_locale":"fr_FR","og_type":"article","og_title":"image 2 - Association de personnes retrait\u00e9es de la FAE","og_description":"2019-2020 en images L&#8217;APRFAE \u00e0 Qu\u00e9bec L&#8217;APRFAE en Outaouais \u00a0L&#8217;APRFAE en Haute-Yamaska L&#8217;APRFAE et la r\u00e9gion BLLMV (Basses-Laurentides-Laval-Montr\u00e9al-Vaudreuil) Manifestation pour le climat, 27 septembre 2019 Assembl\u00e9e g\u00e9n\u00e9rale annuelle, 12 novembre 2019 \u00a0 Souper de No\u00ebl des b\u00e9n\u00e9voles, 12 d\u00e9cembre 2019 &nbsp; La bo\u00eete \u00e0 souvenirs","og_url":"https:\/\/www.capri-matique.com\/client\/aprfae5\/image-2\/","og_site_name":"Association de personnes retrait\u00e9es de la FAE","article_modified_time":"2020-02-28T17:26:42+00:00","og_image":[{"url":"https:\/\/www.capri-matique.com\/client\/aprfae5\/wp-content\/uploads\/2019\/12\/Agustines2-Web-150x150.jpg"}],"twitter_card":"summary","schema":{"@context":"https:\/\/schema.org","@graph":[{"@type":"WebSite","@id":"https:\/\/www.capri-matique.com\/client\/aprfae5\/#website","url":"https:\/\/www.capri-matique.com\/client\/aprfae5\/","name":"Association de personnes retrait\u00e9es de la FAE","description":"L&#039;association qui nous unit","potentialAction":[{"@type":"SearchAction","target":{"@type":"EntryPoint","urlTemplate":"https:\/\/www.capri-matique.com\/client\/aprfae5\/?s={search_term_string}"},"query-input":"required name=search_term_string"}],"inLanguage":"fr-FR"},{"@type":"ImageObject","@id":"https:\/\/www.capri-matique.com\/client\/aprfae5\/image-2\/#primaryimage","inLanguage":"fr-FR","url":"https:\/\/capri-matique.com\/client\/aprfae5\/wp-content\/uploads\/2019\/12\/20190925_095846-300x225.jpg","contentUrl":"https:\/\/capri-matique.com\/client\/aprfae5\/wp-content\/uploads\/2019\/12\/20190925_095846-300x225.jpg"},{"@type":"WebPage","@id":"https:\/\/www.capri-matique.com\/client\/aprfae5\/image-2\/#webpage","url":"https:\/\/www.capri-matique.com\/client\/aprfae5\/image-2\/","name":"image 2 - Association de personnes retrait\u00e9es de la FAE","isPartOf":{"@id":"https:\/\/www.capri-matique.com\/client\/aprfae5\/#website"},"primaryImageOfPage":{"@id":"https:\/\/www.capri-matique.com\/client\/aprfae5\/image-2\/#primaryimage"},"datePublished":"2016-11-13T19:00:54+00:00","dateModified":"2020-02-28T17:26:42+00:00","breadcrumb":{"@id":"https:\/\/www.capri-matique.com\/client\/aprfae5\/image-2\/#breadcrumb"},"inLanguage":"fr-FR","potentialAction":[{"@type":"ReadAction","target":["https:\/\/www.capri-matique.com\/client\/aprfae5\/image-2\/"]}]},{"@type":"BreadcrumbList","@id":"https:\/\/www.capri-matique.com\/client\/aprfae5\/image-2\/#breadcrumb","itemListElement":[{"@type":"ListItem","position":1,"name":"Accueil","item":"https:\/\/www.capri-matique.com\/client\/aprfae5\/"},{"@type":"ListItem","position":2,"name":"image 2"}]}]}},"_links":{"self":[{"href":"https:\/\/www.capri-matique.com\/client\/aprfae5\/wp-json\/wp\/v2\/pages\/723","targetHints":{"allow":["GET"]}}],"collection":[{"href":"https:\/\/www.capri-matique.com\/client\/aprfae5\/wp-json\/wp\/v2\/pages"}],"about":[{"href":"https:\/\/www.capri-matique.com\/client\/aprfae5\/wp-json\/wp\/v2\/types\/page"}],"author":[{"embeddable":true,"href":"https:\/\/www.capri-matique.com\/client\/aprfae5\/wp-json\/wp\/v2\/users\/2"}],"replies":[{"embeddable":true,"href":"https:\/\/www.capri-matique.com\/client\/aprfae5\/wp-json\/wp\/v2\/comments?post=723"}],"version-history":[{"count":131,"href":"https:\/\/www.capri-matique.com\/client\/aprfae5\/wp-json\/wp\/v2\/pages\/723\/revisions"}],"predecessor-version":[{"id":5602,"href":"https:\/\/www.capri-matique.com\/client\/aprfae5\/wp-json\/wp\/v2\/pages\/723\/revisions\/5602"}],"wp:attachment":[{"href":"https:\/\/www.capri-matique.com\/client\/aprfae5\/wp-json\/wp\/v2\/media?parent=723"}],"curies":[{"name":"wp","href":"https:\/\/api.w.org\/{rel}","templated":true}]}}