{"id":6320,"date":"2020-05-06T20:12:50","date_gmt":"2020-05-07T00:12:50","guid":{"rendered":"https:\/\/capri-matique.com\/client\/aprfae5\/?page_id=6320"},"modified":"2021-02-15T12:35:42","modified_gmt":"2021-02-15T17:35:42","slug":"comite-des-finances","status":"publish","type":"page","link":"https:\/\/www.capri-matique.com\/client\/aprfae5\/statutaires\/comite-des-finances\/","title":{"rendered":"Comit\u00e9 des finances"},"content":{"rendered":"<section id=\"builder-section-1475010671909\" class=\"builder-section-first builder-section builder-section-panels builder-section-last accordion-mode\" style=\"background-size: cover; background-repeat: no-repeat;background-position: center center;\">\n<div class=\"builder-section-content\">\n<div class=\"ttfmp-accordion-container\" data-height-style=\"\"  data-start-collapsed=\"false\">\n<div id=\"ttfmp-panels-item-title-1475010671919\" class=\"ttfmp-panels-item-title\">\n\t<\/div>\n<div id=\"ttfmp-panels-item-content-1475010671919\" class=\"ttfmp-panels-item-content\">\n<h2>Le comit\u00e9 des finances 2020-2021 est form\u00e9 de :<\/h2>\n<ul>\n<li>Suzanne Desaulniers<\/li>\n<li>William Fayad<\/li>\n<li>Jos\u00e9e White, responsable politique<\/li>\n<\/ul>\n<p>Le Comit\u00e9 des finances, sous la responsabilit\u00e9 de la 2<sup>e<\/sup>\u00a0vice-pr\u00e9sidence, conseille l\u2019Association sur la bonne gestion de celle-ci. Il se r\u00e9unit au moins une fois par ann\u00e9e. Le Comit\u00e9 doit\u00a0:<\/p>\n<p>a) nommer, parmi ses membres, une personne porte-parole\u00a0;<\/p>\n<p>b) analyser et produire un avis sur les revenus et les d\u00e9penses ainsi que v\u00e9rifier si les d\u00e9penses de l\u2019Association ont \u00e9t\u00e9 faites selon les bar\u00e8mes \u00e9tablis\u00a0;<\/p>\n<p>c) analyser et produire un avis sur les \u00e9tats financiers pr\u00e9par\u00e9s et v\u00e9rifi\u00e9s par la firme de v\u00e9rification comptable ainsi que les pr\u00e9visions et r\u00e9visions budg\u00e9taires annuelles\u00a0;<\/p>\n<p>d) r\u00e9pondre \u00e0 toute demande du Conseil d\u2019administration, du Comit\u00e9 ex\u00e9cutif ou de la 2<sup>e<\/sup>vice-pr\u00e9sidence (secr\u00e9tariat et tr\u00e9sorerie)\u00a0;<\/p>\n<p>e) faire au Conseil d\u2019administration toute suggestion susceptible d\u2019am\u00e9liorer l\u2019administration de l\u2019Association\u00a0;<\/p>\n<p>f) faire les recommandations qu\u2019il juge \u00e0 propos\u00a0;<\/p>\n<p>g) recommander une augmentation du montant annuel de la cotisation pour le membre r\u00e9gulier ou le membre associ\u00e9 s\u2019il y a lieu.<\/p>\n<\/div><\/div>\n<\/p><\/div>\n<\/section>\n","protected":false},"excerpt":{"rendered":"<p>Le comit\u00e9 des finances 2020-2021 est form\u00e9 de : Suzanne Desaulniers William Fayad Jos\u00e9e White, responsable politique Le Comit\u00e9 des finances, sous la responsabilit\u00e9 de la 2e\u00a0vice-pr\u00e9sidence, conseille l\u2019Association sur la bonne gestion de celle-ci. Il se r\u00e9unit au moins une fois par ann\u00e9e. Le Comit\u00e9 doit\u00a0: a) nommer, parmi ses membres, une personne porte-parole\u00a0; &hellip;<\/p>\n","protected":false},"author":2,"featured_media":0,"parent":556,"menu_order":0,"comment_status":"closed","ping_status":"closed","template":"template-builder.php","meta":{"footnotes":""},"class_list":["post-6320","page","type-page","status-publish","hentry"],"yoast_head":"<!-- This site is optimized with the Yoast SEO plugin v17.3 - https:\/\/yoast.com\/wordpress\/plugins\/seo\/ -->\n<title>Comit\u00e9 des finances - Association de personnes retrait\u00e9es de la FAE<\/title>\n<meta name=\"robots\" content=\"noindex, follow, max-snippet:-1, max-image-preview:large, max-video-preview:-1\" \/>\n<meta property=\"og:locale\" content=\"fr_FR\" \/>\n<meta property=\"og:type\" content=\"article\" \/>\n<meta property=\"og:title\" content=\"Comit\u00e9 des finances - Association de personnes retrait\u00e9es de la FAE\" \/>\n<meta property=\"og:description\" content=\"Le comit\u00e9 des finances 2020-2021 est form\u00e9 de : Suzanne Desaulniers William Fayad Jos\u00e9e White, responsable politique Le Comit\u00e9 des finances, sous la responsabilit\u00e9 de la 2e\u00a0vice-pr\u00e9sidence, conseille l\u2019Association sur la bonne gestion de celle-ci. Il se r\u00e9unit au moins une fois par ann\u00e9e. Le Comit\u00e9 doit\u00a0: a) nommer, parmi ses membres, une personne porte-parole\u00a0; &hellip;\" \/>\n<meta property=\"og:url\" content=\"https:\/\/www.capri-matique.com\/client\/aprfae5\/statutaires\/comite-des-finances\/\" \/>\n<meta property=\"og:site_name\" content=\"Association de personnes retrait\u00e9es de la FAE\" \/>\n<meta property=\"article:modified_time\" content=\"2021-02-15T17:35:42+00:00\" \/>\n<meta name=\"twitter:card\" content=\"summary\" \/>\n<meta name=\"twitter:label1\" content=\"Dur\u00e9e de lecture estim\u00e9e\" \/>\n\t<meta name=\"twitter:data1\" content=\"1 minute\" \/>\n<script type=\"application\/ld+json\" class=\"yoast-schema-graph\">{\"@context\":\"https:\/\/schema.org\",\"@graph\":[{\"@type\":\"WebSite\",\"@id\":\"https:\/\/www.capri-matique.com\/client\/aprfae5\/#website\",\"url\":\"https:\/\/www.capri-matique.com\/client\/aprfae5\/\",\"name\":\"Association de personnes retrait\\u00e9es de la FAE\",\"description\":\"L&#039;association qui nous unit\",\"potentialAction\":[{\"@type\":\"SearchAction\",\"target\":{\"@type\":\"EntryPoint\",\"urlTemplate\":\"https:\/\/www.capri-matique.com\/client\/aprfae5\/?s={search_term_string}\"},\"query-input\":\"required name=search_term_string\"}],\"inLanguage\":\"fr-FR\"},{\"@type\":\"WebPage\",\"@id\":\"https:\/\/www.capri-matique.com\/client\/aprfae5\/statutaires\/comite-des-finances\/#webpage\",\"url\":\"https:\/\/www.capri-matique.com\/client\/aprfae5\/statutaires\/comite-des-finances\/\",\"name\":\"Comit\\u00e9 des finances - Association de personnes retrait\\u00e9es de la FAE\",\"isPartOf\":{\"@id\":\"https:\/\/www.capri-matique.com\/client\/aprfae5\/#website\"},\"datePublished\":\"2020-05-07T00:12:50+00:00\",\"dateModified\":\"2021-02-15T17:35:42+00:00\",\"breadcrumb\":{\"@id\":\"https:\/\/www.capri-matique.com\/client\/aprfae5\/statutaires\/comite-des-finances\/#breadcrumb\"},\"inLanguage\":\"fr-FR\",\"potentialAction\":[{\"@type\":\"ReadAction\",\"target\":[\"https:\/\/www.capri-matique.com\/client\/aprfae5\/statutaires\/comite-des-finances\/\"]}]},{\"@type\":\"BreadcrumbList\",\"@id\":\"https:\/\/www.capri-matique.com\/client\/aprfae5\/statutaires\/comite-des-finances\/#breadcrumb\",\"itemListElement\":[{\"@type\":\"ListItem\",\"position\":1,\"name\":\"Accueil\",\"item\":\"https:\/\/www.capri-matique.com\/client\/aprfae5\/\"},{\"@type\":\"ListItem\",\"position\":2,\"name\":\"Comit\\u00e9s statutaires\",\"item\":\"https:\/\/www.capri-matique.com\/client\/aprfae5\/statutaires\/\"},{\"@type\":\"ListItem\",\"position\":3,\"name\":\"Comit\\u00e9 des finances\"}]}]}<\/script>\n<!-- \/ Yoast SEO plugin. -->","yoast_head_json":{"title":"Comit\u00e9 des finances - Association de personnes retrait\u00e9es de la FAE","robots":{"index":"noindex","follow":"follow","max-snippet":"max-snippet:-1","max-image-preview":"max-image-preview:large","max-video-preview":"max-video-preview:-1"},"og_locale":"fr_FR","og_type":"article","og_title":"Comit\u00e9 des finances - Association de personnes retrait\u00e9es de la FAE","og_description":"Le comit\u00e9 des finances 2020-2021 est form\u00e9 de : Suzanne Desaulniers William Fayad Jos\u00e9e White, responsable politique Le Comit\u00e9 des finances, sous la responsabilit\u00e9 de la 2e\u00a0vice-pr\u00e9sidence, conseille l\u2019Association sur la bonne gestion de celle-ci. Il se r\u00e9unit au moins une fois par ann\u00e9e. Le Comit\u00e9 doit\u00a0: a) nommer, parmi ses membres, une personne porte-parole\u00a0; &hellip;","og_url":"https:\/\/www.capri-matique.com\/client\/aprfae5\/statutaires\/comite-des-finances\/","og_site_name":"Association de personnes retrait\u00e9es de la FAE","article_modified_time":"2021-02-15T17:35:42+00:00","twitter_card":"summary","twitter_misc":{"Dur\u00e9e de lecture estim\u00e9e":"1 minute"},"schema":{"@context":"https:\/\/schema.org","@graph":[{"@type":"WebSite","@id":"https:\/\/www.capri-matique.com\/client\/aprfae5\/#website","url":"https:\/\/www.capri-matique.com\/client\/aprfae5\/","name":"Association de personnes retrait\u00e9es de la FAE","description":"L&#039;association qui nous unit","potentialAction":[{"@type":"SearchAction","target":{"@type":"EntryPoint","urlTemplate":"https:\/\/www.capri-matique.com\/client\/aprfae5\/?s={search_term_string}"},"query-input":"required name=search_term_string"}],"inLanguage":"fr-FR"},{"@type":"WebPage","@id":"https:\/\/www.capri-matique.com\/client\/aprfae5\/statutaires\/comite-des-finances\/#webpage","url":"https:\/\/www.capri-matique.com\/client\/aprfae5\/statutaires\/comite-des-finances\/","name":"Comit\u00e9 des finances - Association de personnes retrait\u00e9es de la FAE","isPartOf":{"@id":"https:\/\/www.capri-matique.com\/client\/aprfae5\/#website"},"datePublished":"2020-05-07T00:12:50+00:00","dateModified":"2021-02-15T17:35:42+00:00","breadcrumb":{"@id":"https:\/\/www.capri-matique.com\/client\/aprfae5\/statutaires\/comite-des-finances\/#breadcrumb"},"inLanguage":"fr-FR","potentialAction":[{"@type":"ReadAction","target":["https:\/\/www.capri-matique.com\/client\/aprfae5\/statutaires\/comite-des-finances\/"]}]},{"@type":"BreadcrumbList","@id":"https:\/\/www.capri-matique.com\/client\/aprfae5\/statutaires\/comite-des-finances\/#breadcrumb","itemListElement":[{"@type":"ListItem","position":1,"name":"Accueil","item":"https:\/\/www.capri-matique.com\/client\/aprfae5\/"},{"@type":"ListItem","position":2,"name":"Comit\u00e9s statutaires","item":"https:\/\/www.capri-matique.com\/client\/aprfae5\/statutaires\/"},{"@type":"ListItem","position":3,"name":"Comit\u00e9 des finances"}]}]}},"_links":{"self":[{"href":"https:\/\/www.capri-matique.com\/client\/aprfae5\/wp-json\/wp\/v2\/pages\/6320","targetHints":{"allow":["GET"]}}],"collection":[{"href":"https:\/\/www.capri-matique.com\/client\/aprfae5\/wp-json\/wp\/v2\/pages"}],"about":[{"href":"https:\/\/www.capri-matique.com\/client\/aprfae5\/wp-json\/wp\/v2\/types\/page"}],"author":[{"embeddable":true,"href":"https:\/\/www.capri-matique.com\/client\/aprfae5\/wp-json\/wp\/v2\/users\/2"}],"replies":[{"embeddable":true,"href":"https:\/\/www.capri-matique.com\/client\/aprfae5\/wp-json\/wp\/v2\/comments?post=6320"}],"version-history":[{"count":4,"href":"https:\/\/www.capri-matique.com\/client\/aprfae5\/wp-json\/wp\/v2\/pages\/6320\/revisions"}],"predecessor-version":[{"id":6953,"href":"https:\/\/www.capri-matique.com\/client\/aprfae5\/wp-json\/wp\/v2\/pages\/6320\/revisions\/6953"}],"up":[{"embeddable":true,"href":"https:\/\/www.capri-matique.com\/client\/aprfae5\/wp-json\/wp\/v2\/pages\/556"}],"wp:attachment":[{"href":"https:\/\/www.capri-matique.com\/client\/aprfae5\/wp-json\/wp\/v2\/media?parent=6320"}],"curies":[{"name":"wp","href":"https:\/\/api.w.org\/{rel}","templated":true}]}}