{"id":6271,"date":"2020-04-27T16:34:37","date_gmt":"2020-04-27T20:34:37","guid":{"rendered":"https:\/\/capri-matique.com\/client\/aprfae5\/?page_id=6271"},"modified":"2021-01-08T15:04:28","modified_gmt":"2021-01-08T20:04:28","slug":"activites","status":"publish","type":"page","link":"https:\/\/www.capri-matique.com\/client\/aprfae5\/associatifs\/activites\/","title":{"rendered":"Comit\u00e9 des activit\u00e9s"},"content":{"rendered":"<section id=\"builder-section-1475010671909\" class=\"builder-section-first builder-section builder-section-panels builder-section-last accordion-mode\" style=\"background-size: cover; background-repeat: no-repeat;background-position: center center;\">\n<div class=\"builder-section-content\">\n<div class=\"ttfmp-accordion-container\" data-height-style=\"\"  data-start-collapsed=\"false\">\n<div id=\"ttfmp-panels-item-title-1475010671919\" class=\"ttfmp-panels-item-title\">\n\t<\/div>\n<div id=\"ttfmp-panels-item-content-1475010671919\" class=\"ttfmp-panels-item-content\">\n<p><strong><span style=\"font-size: 16pt;\">Le comit\u00e9 des activit\u00e9s 2020-2021 est form\u00e9 de :<\/span><\/strong><\/p>\n<ul>\n<li>Jean-Pierre Julien<\/li>\n<li>Lorraine Parent<\/li>\n<li>Danielle Tremblay<\/li>\n<li>Lise Gervais, responsable politique<\/li>\n<\/ul>\n<p style=\"text-align: justify;\"><strong>Son mandat<\/strong><br \/>Le Comit\u00e9 des activit\u00e9s est sous la responsabilit\u00e9 d\u2019un membre du Conseil d\u2019administration. Il conseille l\u2019Association sur le choix et la tenue d\u2019activit\u00e9s culturelles, \u00e9ducatives ou sociales \u00e0 caract\u00e8re national. Le Comit\u00e9 peut \u00e9galement contribuer \u00e0 l\u2019organisation et la r\u00e9alisation d\u2019activit\u00e9s \u00e0 caract\u00e8re local. Il se r\u00e9unit au moins trois fois par ann\u00e9e.<\/p>\n<\/div><\/div>\n<\/p><\/div>\n<\/section>\n","protected":false},"excerpt":{"rendered":"<p>Le comit\u00e9 des activit\u00e9s 2020-2021 est form\u00e9 de : Jean-Pierre Julien Lorraine Parent Danielle Tremblay Lise Gervais, responsable politique Son mandatLe Comit\u00e9 des activit\u00e9s est sous la responsabilit\u00e9 d\u2019un membre du Conseil d\u2019administration. Il conseille l\u2019Association sur le choix et la tenue d\u2019activit\u00e9s culturelles, \u00e9ducatives ou sociales \u00e0 caract\u00e8re national. Le Comit\u00e9 peut \u00e9galement contribuer &hellip;<\/p>\n","protected":false},"author":2,"featured_media":0,"parent":560,"menu_order":0,"comment_status":"closed","ping_status":"closed","template":"template-builder.php","meta":{"footnotes":""},"class_list":["post-6271","page","type-page","status-publish","hentry"],"yoast_head":"<!-- This site is optimized with the Yoast SEO plugin v17.3 - https:\/\/yoast.com\/wordpress\/plugins\/seo\/ -->\n<title>Comit\u00e9 des activit\u00e9s - Association de personnes retrait\u00e9es de la FAE<\/title>\n<meta name=\"robots\" content=\"noindex, follow, max-snippet:-1, max-image-preview:large, max-video-preview:-1\" \/>\n<meta property=\"og:locale\" content=\"fr_FR\" \/>\n<meta property=\"og:type\" content=\"article\" \/>\n<meta property=\"og:title\" content=\"Comit\u00e9 des activit\u00e9s - Association de personnes retrait\u00e9es de la FAE\" \/>\n<meta property=\"og:description\" content=\"Le comit\u00e9 des activit\u00e9s 2020-2021 est form\u00e9 de : Jean-Pierre Julien Lorraine Parent Danielle Tremblay Lise Gervais, responsable politique Son mandatLe Comit\u00e9 des activit\u00e9s est sous la responsabilit\u00e9 d\u2019un membre du Conseil d\u2019administration. Il conseille l\u2019Association sur le choix et la tenue d\u2019activit\u00e9s culturelles, \u00e9ducatives ou sociales \u00e0 caract\u00e8re national. Le Comit\u00e9 peut \u00e9galement contribuer &hellip;\" \/>\n<meta property=\"og:url\" content=\"https:\/\/www.capri-matique.com\/client\/aprfae5\/associatifs\/activites\/\" \/>\n<meta property=\"og:site_name\" content=\"Association de personnes retrait\u00e9es de la FAE\" \/>\n<meta property=\"article:modified_time\" content=\"2021-01-08T20:04:28+00:00\" \/>\n<meta name=\"twitter:card\" content=\"summary\" \/>\n<script type=\"application\/ld+json\" class=\"yoast-schema-graph\">{\"@context\":\"https:\/\/schema.org\",\"@graph\":[{\"@type\":\"WebSite\",\"@id\":\"https:\/\/www.capri-matique.com\/client\/aprfae5\/#website\",\"url\":\"https:\/\/www.capri-matique.com\/client\/aprfae5\/\",\"name\":\"Association de personnes retrait\\u00e9es de la FAE\",\"description\":\"L&#039;association qui nous unit\",\"potentialAction\":[{\"@type\":\"SearchAction\",\"target\":{\"@type\":\"EntryPoint\",\"urlTemplate\":\"https:\/\/www.capri-matique.com\/client\/aprfae5\/?s={search_term_string}\"},\"query-input\":\"required name=search_term_string\"}],\"inLanguage\":\"fr-FR\"},{\"@type\":\"WebPage\",\"@id\":\"https:\/\/www.capri-matique.com\/client\/aprfae5\/associatifs\/activites\/#webpage\",\"url\":\"https:\/\/www.capri-matique.com\/client\/aprfae5\/associatifs\/activites\/\",\"name\":\"Comit\\u00e9 des activit\\u00e9s - Association de personnes retrait\\u00e9es de la FAE\",\"isPartOf\":{\"@id\":\"https:\/\/www.capri-matique.com\/client\/aprfae5\/#website\"},\"datePublished\":\"2020-04-27T20:34:37+00:00\",\"dateModified\":\"2021-01-08T20:04:28+00:00\",\"breadcrumb\":{\"@id\":\"https:\/\/www.capri-matique.com\/client\/aprfae5\/associatifs\/activites\/#breadcrumb\"},\"inLanguage\":\"fr-FR\",\"potentialAction\":[{\"@type\":\"ReadAction\",\"target\":[\"https:\/\/www.capri-matique.com\/client\/aprfae5\/associatifs\/activites\/\"]}]},{\"@type\":\"BreadcrumbList\",\"@id\":\"https:\/\/www.capri-matique.com\/client\/aprfae5\/associatifs\/activites\/#breadcrumb\",\"itemListElement\":[{\"@type\":\"ListItem\",\"position\":1,\"name\":\"Accueil\",\"item\":\"https:\/\/www.capri-matique.com\/client\/aprfae5\/\"},{\"@type\":\"ListItem\",\"position\":2,\"name\":\"Comit\\u00e9s associatifs\",\"item\":\"https:\/\/www.capri-matique.com\/client\/aprfae5\/associatifs\/\"},{\"@type\":\"ListItem\",\"position\":3,\"name\":\"Comit\\u00e9 des activit\\u00e9s\"}]}]}<\/script>\n<!-- \/ Yoast SEO plugin. -->","yoast_head_json":{"title":"Comit\u00e9 des activit\u00e9s - Association de personnes retrait\u00e9es de la FAE","robots":{"index":"noindex","follow":"follow","max-snippet":"max-snippet:-1","max-image-preview":"max-image-preview:large","max-video-preview":"max-video-preview:-1"},"og_locale":"fr_FR","og_type":"article","og_title":"Comit\u00e9 des activit\u00e9s - Association de personnes retrait\u00e9es de la FAE","og_description":"Le comit\u00e9 des activit\u00e9s 2020-2021 est form\u00e9 de : Jean-Pierre Julien Lorraine Parent Danielle Tremblay Lise Gervais, responsable politique Son mandatLe Comit\u00e9 des activit\u00e9s est sous la responsabilit\u00e9 d\u2019un membre du Conseil d\u2019administration. Il conseille l\u2019Association sur le choix et la tenue d\u2019activit\u00e9s culturelles, \u00e9ducatives ou sociales \u00e0 caract\u00e8re national. Le Comit\u00e9 peut \u00e9galement contribuer &hellip;","og_url":"https:\/\/www.capri-matique.com\/client\/aprfae5\/associatifs\/activites\/","og_site_name":"Association de personnes retrait\u00e9es de la FAE","article_modified_time":"2021-01-08T20:04:28+00:00","twitter_card":"summary","schema":{"@context":"https:\/\/schema.org","@graph":[{"@type":"WebSite","@id":"https:\/\/www.capri-matique.com\/client\/aprfae5\/#website","url":"https:\/\/www.capri-matique.com\/client\/aprfae5\/","name":"Association de personnes retrait\u00e9es de la FAE","description":"L&#039;association qui nous unit","potentialAction":[{"@type":"SearchAction","target":{"@type":"EntryPoint","urlTemplate":"https:\/\/www.capri-matique.com\/client\/aprfae5\/?s={search_term_string}"},"query-input":"required name=search_term_string"}],"inLanguage":"fr-FR"},{"@type":"WebPage","@id":"https:\/\/www.capri-matique.com\/client\/aprfae5\/associatifs\/activites\/#webpage","url":"https:\/\/www.capri-matique.com\/client\/aprfae5\/associatifs\/activites\/","name":"Comit\u00e9 des activit\u00e9s - Association de personnes retrait\u00e9es de la FAE","isPartOf":{"@id":"https:\/\/www.capri-matique.com\/client\/aprfae5\/#website"},"datePublished":"2020-04-27T20:34:37+00:00","dateModified":"2021-01-08T20:04:28+00:00","breadcrumb":{"@id":"https:\/\/www.capri-matique.com\/client\/aprfae5\/associatifs\/activites\/#breadcrumb"},"inLanguage":"fr-FR","potentialAction":[{"@type":"ReadAction","target":["https:\/\/www.capri-matique.com\/client\/aprfae5\/associatifs\/activites\/"]}]},{"@type":"BreadcrumbList","@id":"https:\/\/www.capri-matique.com\/client\/aprfae5\/associatifs\/activites\/#breadcrumb","itemListElement":[{"@type":"ListItem","position":1,"name":"Accueil","item":"https:\/\/www.capri-matique.com\/client\/aprfae5\/"},{"@type":"ListItem","position":2,"name":"Comit\u00e9s associatifs","item":"https:\/\/www.capri-matique.com\/client\/aprfae5\/associatifs\/"},{"@type":"ListItem","position":3,"name":"Comit\u00e9 des activit\u00e9s"}]}]}},"_links":{"self":[{"href":"https:\/\/www.capri-matique.com\/client\/aprfae5\/wp-json\/wp\/v2\/pages\/6271","targetHints":{"allow":["GET"]}}],"collection":[{"href":"https:\/\/www.capri-matique.com\/client\/aprfae5\/wp-json\/wp\/v2\/pages"}],"about":[{"href":"https:\/\/www.capri-matique.com\/client\/aprfae5\/wp-json\/wp\/v2\/types\/page"}],"author":[{"embeddable":true,"href":"https:\/\/www.capri-matique.com\/client\/aprfae5\/wp-json\/wp\/v2\/users\/2"}],"replies":[{"embeddable":true,"href":"https:\/\/www.capri-matique.com\/client\/aprfae5\/wp-json\/wp\/v2\/comments?post=6271"}],"version-history":[{"count":5,"href":"https:\/\/www.capri-matique.com\/client\/aprfae5\/wp-json\/wp\/v2\/pages\/6271\/revisions"}],"predecessor-version":[{"id":6786,"href":"https:\/\/www.capri-matique.com\/client\/aprfae5\/wp-json\/wp\/v2\/pages\/6271\/revisions\/6786"}],"up":[{"embeddable":true,"href":"https:\/\/www.capri-matique.com\/client\/aprfae5\/wp-json\/wp\/v2\/pages\/560"}],"wp:attachment":[{"href":"https:\/\/www.capri-matique.com\/client\/aprfae5\/wp-json\/wp\/v2\/media?parent=6271"}],"curies":[{"name":"wp","href":"https:\/\/api.w.org\/{rel}","templated":true}]}}