{"id":6255,"date":"2020-04-27T16:10:19","date_gmt":"2020-04-27T20:10:19","guid":{"rendered":"https:\/\/capri-matique.com\/client\/aprfae5\/?page_id=6255"},"modified":"2021-01-22T09:40:12","modified_gmt":"2021-01-22T14:40:12","slug":"arts-visuels","status":"publish","type":"page","link":"https:\/\/www.capri-matique.com\/client\/aprfae5\/associatifs\/arts-visuels\/","title":{"rendered":"Comit\u00e9 des arts visuels"},"content":{"rendered":"<section id=\"builder-section-1475010671909\" class=\"builder-section-first builder-section builder-section-panels builder-section-last accordion-mode\" style=\"background-size: cover; background-repeat: no-repeat;background-position: center center;\">\n<div class=\"builder-section-content\">\n<div class=\"ttfmp-accordion-container\" data-height-style=\"\"  data-start-collapsed=\"false\">\n<div id=\"ttfmp-panels-item-title-1475010671919\" class=\"ttfmp-panels-item-title\">\n\t<\/div>\n<div id=\"ttfmp-panels-item-content-1475010671919\" class=\"ttfmp-panels-item-content\">\n<h2>Le comit\u00e9 des arts visuels 2020-2021 est form\u00e9 de :<\/h2>\n<ul>\n<li>Carmen Neault<\/li>\n<li>Badi\u00e2a Sekfali<\/li>\n<li>Nicole Frascadore, responsable politique<\/li>\n<\/ul>\n<p><strong>Son mandat<\/strong><br \/><em>Mandat suspendu pour une p\u00e9riode d&#8217;un an<\/em><\/p>\n<\/div><\/div>\n<\/p><\/div>\n<\/section>\n","protected":false},"excerpt":{"rendered":"<p>Le comit\u00e9 des arts visuels 2020-2021 est form\u00e9 de : Carmen Neault Badi\u00e2a Sekfali Nicole Frascadore, responsable politique Son mandatMandat suspendu pour une p\u00e9riode d&#8217;un an<\/p>\n","protected":false},"author":2,"featured_media":0,"parent":560,"menu_order":0,"comment_status":"closed","ping_status":"closed","template":"template-builder.php","meta":{"footnotes":""},"class_list":["post-6255","page","type-page","status-publish","hentry"],"yoast_head":"<!-- This site is optimized with the Yoast SEO plugin v17.3 - https:\/\/yoast.com\/wordpress\/plugins\/seo\/ -->\n<title>Comit\u00e9 des arts visuels - Association de personnes retrait\u00e9es de la FAE<\/title>\n<meta name=\"robots\" content=\"noindex, follow, max-snippet:-1, max-image-preview:large, max-video-preview:-1\" \/>\n<meta property=\"og:locale\" content=\"fr_FR\" \/>\n<meta property=\"og:type\" content=\"article\" \/>\n<meta property=\"og:title\" content=\"Comit\u00e9 des arts visuels - Association de personnes retrait\u00e9es de la FAE\" \/>\n<meta property=\"og:description\" content=\"Le comit\u00e9 des arts visuels 2020-2021 est form\u00e9 de : Carmen Neault Badi\u00e2a Sekfali Nicole Frascadore, responsable politique Son mandatMandat suspendu pour une p\u00e9riode d&#8217;un an\" \/>\n<meta property=\"og:url\" content=\"https:\/\/www.capri-matique.com\/client\/aprfae5\/associatifs\/arts-visuels\/\" \/>\n<meta property=\"og:site_name\" content=\"Association de personnes retrait\u00e9es de la FAE\" \/>\n<meta property=\"article:modified_time\" content=\"2021-01-22T14:40:12+00:00\" \/>\n<meta name=\"twitter:card\" content=\"summary\" \/>\n<script type=\"application\/ld+json\" class=\"yoast-schema-graph\">{\"@context\":\"https:\/\/schema.org\",\"@graph\":[{\"@type\":\"WebSite\",\"@id\":\"https:\/\/www.capri-matique.com\/client\/aprfae5\/#website\",\"url\":\"https:\/\/www.capri-matique.com\/client\/aprfae5\/\",\"name\":\"Association de personnes retrait\\u00e9es de la FAE\",\"description\":\"L&#039;association qui nous unit\",\"potentialAction\":[{\"@type\":\"SearchAction\",\"target\":{\"@type\":\"EntryPoint\",\"urlTemplate\":\"https:\/\/www.capri-matique.com\/client\/aprfae5\/?s={search_term_string}\"},\"query-input\":\"required name=search_term_string\"}],\"inLanguage\":\"fr-FR\"},{\"@type\":\"WebPage\",\"@id\":\"https:\/\/www.capri-matique.com\/client\/aprfae5\/associatifs\/arts-visuels\/#webpage\",\"url\":\"https:\/\/www.capri-matique.com\/client\/aprfae5\/associatifs\/arts-visuels\/\",\"name\":\"Comit\\u00e9 des arts visuels - Association de personnes retrait\\u00e9es de la FAE\",\"isPartOf\":{\"@id\":\"https:\/\/www.capri-matique.com\/client\/aprfae5\/#website\"},\"datePublished\":\"2020-04-27T20:10:19+00:00\",\"dateModified\":\"2021-01-22T14:40:12+00:00\",\"breadcrumb\":{\"@id\":\"https:\/\/www.capri-matique.com\/client\/aprfae5\/associatifs\/arts-visuels\/#breadcrumb\"},\"inLanguage\":\"fr-FR\",\"potentialAction\":[{\"@type\":\"ReadAction\",\"target\":[\"https:\/\/www.capri-matique.com\/client\/aprfae5\/associatifs\/arts-visuels\/\"]}]},{\"@type\":\"BreadcrumbList\",\"@id\":\"https:\/\/www.capri-matique.com\/client\/aprfae5\/associatifs\/arts-visuels\/#breadcrumb\",\"itemListElement\":[{\"@type\":\"ListItem\",\"position\":1,\"name\":\"Accueil\",\"item\":\"https:\/\/www.capri-matique.com\/client\/aprfae5\/\"},{\"@type\":\"ListItem\",\"position\":2,\"name\":\"Comit\\u00e9s associatifs\",\"item\":\"https:\/\/www.capri-matique.com\/client\/aprfae5\/associatifs\/\"},{\"@type\":\"ListItem\",\"position\":3,\"name\":\"Comit\\u00e9 des arts visuels\"}]}]}<\/script>\n<!-- \/ Yoast SEO plugin. -->","yoast_head_json":{"title":"Comit\u00e9 des arts visuels - Association de personnes retrait\u00e9es de la FAE","robots":{"index":"noindex","follow":"follow","max-snippet":"max-snippet:-1","max-image-preview":"max-image-preview:large","max-video-preview":"max-video-preview:-1"},"og_locale":"fr_FR","og_type":"article","og_title":"Comit\u00e9 des arts visuels - Association de personnes retrait\u00e9es de la FAE","og_description":"Le comit\u00e9 des arts visuels 2020-2021 est form\u00e9 de : Carmen Neault Badi\u00e2a Sekfali Nicole Frascadore, responsable politique Son mandatMandat suspendu pour une p\u00e9riode d&#8217;un an","og_url":"https:\/\/www.capri-matique.com\/client\/aprfae5\/associatifs\/arts-visuels\/","og_site_name":"Association de personnes retrait\u00e9es de la FAE","article_modified_time":"2021-01-22T14:40:12+00:00","twitter_card":"summary","schema":{"@context":"https:\/\/schema.org","@graph":[{"@type":"WebSite","@id":"https:\/\/www.capri-matique.com\/client\/aprfae5\/#website","url":"https:\/\/www.capri-matique.com\/client\/aprfae5\/","name":"Association de personnes retrait\u00e9es de la FAE","description":"L&#039;association qui nous unit","potentialAction":[{"@type":"SearchAction","target":{"@type":"EntryPoint","urlTemplate":"https:\/\/www.capri-matique.com\/client\/aprfae5\/?s={search_term_string}"},"query-input":"required name=search_term_string"}],"inLanguage":"fr-FR"},{"@type":"WebPage","@id":"https:\/\/www.capri-matique.com\/client\/aprfae5\/associatifs\/arts-visuels\/#webpage","url":"https:\/\/www.capri-matique.com\/client\/aprfae5\/associatifs\/arts-visuels\/","name":"Comit\u00e9 des arts visuels - Association de personnes retrait\u00e9es de la FAE","isPartOf":{"@id":"https:\/\/www.capri-matique.com\/client\/aprfae5\/#website"},"datePublished":"2020-04-27T20:10:19+00:00","dateModified":"2021-01-22T14:40:12+00:00","breadcrumb":{"@id":"https:\/\/www.capri-matique.com\/client\/aprfae5\/associatifs\/arts-visuels\/#breadcrumb"},"inLanguage":"fr-FR","potentialAction":[{"@type":"ReadAction","target":["https:\/\/www.capri-matique.com\/client\/aprfae5\/associatifs\/arts-visuels\/"]}]},{"@type":"BreadcrumbList","@id":"https:\/\/www.capri-matique.com\/client\/aprfae5\/associatifs\/arts-visuels\/#breadcrumb","itemListElement":[{"@type":"ListItem","position":1,"name":"Accueil","item":"https:\/\/www.capri-matique.com\/client\/aprfae5\/"},{"@type":"ListItem","position":2,"name":"Comit\u00e9s associatifs","item":"https:\/\/www.capri-matique.com\/client\/aprfae5\/associatifs\/"},{"@type":"ListItem","position":3,"name":"Comit\u00e9 des arts visuels"}]}]}},"_links":{"self":[{"href":"https:\/\/www.capri-matique.com\/client\/aprfae5\/wp-json\/wp\/v2\/pages\/6255","targetHints":{"allow":["GET"]}}],"collection":[{"href":"https:\/\/www.capri-matique.com\/client\/aprfae5\/wp-json\/wp\/v2\/pages"}],"about":[{"href":"https:\/\/www.capri-matique.com\/client\/aprfae5\/wp-json\/wp\/v2\/types\/page"}],"author":[{"embeddable":true,"href":"https:\/\/www.capri-matique.com\/client\/aprfae5\/wp-json\/wp\/v2\/users\/2"}],"replies":[{"embeddable":true,"href":"https:\/\/www.capri-matique.com\/client\/aprfae5\/wp-json\/wp\/v2\/comments?post=6255"}],"version-history":[{"count":5,"href":"https:\/\/www.capri-matique.com\/client\/aprfae5\/wp-json\/wp\/v2\/pages\/6255\/revisions"}],"predecessor-version":[{"id":6867,"href":"https:\/\/www.capri-matique.com\/client\/aprfae5\/wp-json\/wp\/v2\/pages\/6255\/revisions\/6867"}],"up":[{"embeddable":true,"href":"https:\/\/www.capri-matique.com\/client\/aprfae5\/wp-json\/wp\/v2\/pages\/560"}],"wp:attachment":[{"href":"https:\/\/www.capri-matique.com\/client\/aprfae5\/wp-json\/wp\/v2\/media?parent=6255"}],"curies":[{"name":"wp","href":"https:\/\/api.w.org\/{rel}","templated":true}]}}