{"id":6075,"date":"2020-04-08T13:47:05","date_gmt":"2020-04-08T17:47:05","guid":{"rendered":"https:\/\/capri-matique.com\/client\/aprfae5\/?page_id=6075"},"modified":"2021-01-05T23:07:10","modified_gmt":"2021-01-06T04:07:10","slug":"instances","status":"publish","type":"page","link":"https:\/\/www.capri-matique.com\/client\/aprfae5\/instances\/","title":{"rendered":"Instances"},"content":{"rendered":"<section id=\"builder-section-1475004228493\" class=\"builder-section-first builder-section builder-section-panels builder-section-last accordion-mode\" style=\"background-size: cover; background-repeat: no-repeat;background-position: center center;\">\n<div class=\"builder-section-content\">\n<div class=\"ttfmp-accordion-container\" data-height-style=\"\"  data-start-collapsed=\"false\">\n<div id=\"ttfmp-panels-item-title-1475004228515\" class=\"ttfmp-panels-item-title\">\n\t<\/div>\n<div id=\"ttfmp-panels-item-content-1475004228515\" class=\"ttfmp-panels-item-content\">\n<p><span style=\"font-size: 14pt;\"><strong>Les instances<\/strong><\/span><\/p>\n<p><strong>ORGANIGRAMME<\/strong><br \/>Assembl\u00e9e g\u00e9n\u00e9rale<br \/>Conseil d\u2019administration<br \/>Comit\u00e9 ex\u00e9cutif<\/p>\n<p style=\"text-align: justify;\"><strong>Assembl\u00e9e g\u00e9n\u00e9rale<\/strong><br \/>L\u2019Assembl\u00e9e g\u00e9n\u00e9rale ordinaire des membres est convoqu\u00e9e au moins une fois l\u2019an, dans les 120 jours qui suivent la date d\u2019expiration de l\u2019exercice financier annuel. Un avis de convocation est adress\u00e9 \u00e0 tous les membres au moins 50 jours avant la date de l\u2019Assembl\u00e9e g\u00e9n\u00e9rale. Il se fait par courrier postal ou par courriel.<\/p>\n<p style=\"text-align: justify;\"><strong>Conseil d\u2019administration<\/strong><br \/>Le Conseil d\u2019administration est compos\u00e9 de sept (7) personnes incluant les trois membres du Comit\u00e9 ex\u00e9cutif. Il s\u2019occupe activement de la mise en application des d\u00e9cisions de l\u2019Assembl\u00e9e g\u00e9n\u00e9rale. \u00c0 cette fin, il proc\u00e8de aux analyses politiques n\u00e9cessaires, \u00e9tablit des priorit\u00e9s, \u00e9labore des programmes d\u2019action, et assume le contr\u00f4le politique et d\u00e9mocratique. De plus, il d\u00e9finit et r\u00e9alise des strat\u00e9gies de repr\u00e9sentations, d\u2019interventions publiques, de pr\u00e9sences aupr\u00e8s des organismes affili\u00e9s et de mobilisation des membres.<\/p>\n<p style=\"text-align: justify;\"><strong>Comit\u00e9 ex\u00e9cutif<\/strong><br \/>Le Comit\u00e9 ex\u00e9cutif est compos\u00e9 d\u2019une Pr\u00e9sidence, d\u2019une 1re Vice-pr\u00e9sidence et d\u2019une 2e Vice-pr\u00e9sidence (secr\u00e9tariat et tr\u00e9sorerie). Le Comit\u00e9 ex\u00e9cutif voit \u00e0 la bonne gestion de l\u2019association, entre les r\u00e9unions du Conseil d\u2019administration, subordonn\u00e9ment aux d\u00e9cisions du Conseil d\u2019administration et de l\u2019Assembl\u00e9e g\u00e9n\u00e9rale. Les membres du Comit\u00e9 ex\u00e9cutif se partagent la responsabilit\u00e9 des comit\u00e9s statutaires sauf le Comit\u00e9 des \u00e9lections et en assument le contr\u00f4le politique et d\u00e9mocratique.<\/p>\n<\/div><\/div>\n<\/p><\/div>\n<\/section>\n","protected":false},"excerpt":{"rendered":"<p>Les instances ORGANIGRAMMEAssembl\u00e9e g\u00e9n\u00e9raleConseil d\u2019administrationComit\u00e9 ex\u00e9cutif Assembl\u00e9e g\u00e9n\u00e9raleL\u2019Assembl\u00e9e g\u00e9n\u00e9rale ordinaire des membres est convoqu\u00e9e au moins une fois l\u2019an, dans les 120 jours qui suivent la date d\u2019expiration de l\u2019exercice financier annuel. Un avis de convocation est adress\u00e9 \u00e0 tous les membres au moins 50 jours avant la date de l\u2019Assembl\u00e9e g\u00e9n\u00e9rale. Il se fait &hellip;<\/p>\n","protected":false},"author":2,"featured_media":0,"parent":0,"menu_order":0,"comment_status":"closed","ping_status":"closed","template":"template-builder.php","meta":{"footnotes":""},"class_list":["post-6075","page","type-page","status-publish","hentry"],"yoast_head":"<!-- This site is optimized with the Yoast SEO plugin v17.3 - https:\/\/yoast.com\/wordpress\/plugins\/seo\/ -->\n<title>Instances - Association de personnes retrait\u00e9es de la FAE<\/title>\n<meta name=\"robots\" content=\"noindex, follow, max-snippet:-1, max-image-preview:large, max-video-preview:-1\" \/>\n<meta property=\"og:locale\" content=\"fr_FR\" \/>\n<meta property=\"og:type\" content=\"article\" \/>\n<meta property=\"og:title\" content=\"Instances - Association de personnes retrait\u00e9es de la FAE\" \/>\n<meta property=\"og:description\" content=\"Les instances ORGANIGRAMMEAssembl\u00e9e g\u00e9n\u00e9raleConseil d\u2019administrationComit\u00e9 ex\u00e9cutif Assembl\u00e9e g\u00e9n\u00e9raleL\u2019Assembl\u00e9e g\u00e9n\u00e9rale ordinaire des membres est convoqu\u00e9e au moins une fois l\u2019an, dans les 120 jours qui suivent la date d\u2019expiration de l\u2019exercice financier annuel. Un avis de convocation est adress\u00e9 \u00e0 tous les membres au moins 50 jours avant la date de l\u2019Assembl\u00e9e g\u00e9n\u00e9rale. Il se fait &hellip;\" \/>\n<meta property=\"og:url\" content=\"https:\/\/www.capri-matique.com\/client\/aprfae5\/instances\/\" \/>\n<meta property=\"og:site_name\" content=\"Association de personnes retrait\u00e9es de la FAE\" \/>\n<meta property=\"article:modified_time\" content=\"2021-01-06T04:07:10+00:00\" \/>\n<meta name=\"twitter:card\" content=\"summary\" \/>\n<meta name=\"twitter:label1\" content=\"Dur\u00e9e de lecture estim\u00e9e\" \/>\n\t<meta name=\"twitter:data1\" content=\"1 minute\" \/>\n<script type=\"application\/ld+json\" class=\"yoast-schema-graph\">{\"@context\":\"https:\/\/schema.org\",\"@graph\":[{\"@type\":\"WebSite\",\"@id\":\"https:\/\/www.capri-matique.com\/client\/aprfae5\/#website\",\"url\":\"https:\/\/www.capri-matique.com\/client\/aprfae5\/\",\"name\":\"Association de personnes retrait\\u00e9es de la FAE\",\"description\":\"L&#039;association qui nous unit\",\"potentialAction\":[{\"@type\":\"SearchAction\",\"target\":{\"@type\":\"EntryPoint\",\"urlTemplate\":\"https:\/\/www.capri-matique.com\/client\/aprfae5\/?s={search_term_string}\"},\"query-input\":\"required name=search_term_string\"}],\"inLanguage\":\"fr-FR\"},{\"@type\":\"WebPage\",\"@id\":\"https:\/\/www.capri-matique.com\/client\/aprfae5\/instances\/#webpage\",\"url\":\"https:\/\/www.capri-matique.com\/client\/aprfae5\/instances\/\",\"name\":\"Instances - Association de personnes retrait\\u00e9es de la FAE\",\"isPartOf\":{\"@id\":\"https:\/\/www.capri-matique.com\/client\/aprfae5\/#website\"},\"datePublished\":\"2020-04-08T17:47:05+00:00\",\"dateModified\":\"2021-01-06T04:07:10+00:00\",\"breadcrumb\":{\"@id\":\"https:\/\/www.capri-matique.com\/client\/aprfae5\/instances\/#breadcrumb\"},\"inLanguage\":\"fr-FR\",\"potentialAction\":[{\"@type\":\"ReadAction\",\"target\":[\"https:\/\/www.capri-matique.com\/client\/aprfae5\/instances\/\"]}]},{\"@type\":\"BreadcrumbList\",\"@id\":\"https:\/\/www.capri-matique.com\/client\/aprfae5\/instances\/#breadcrumb\",\"itemListElement\":[{\"@type\":\"ListItem\",\"position\":1,\"name\":\"Accueil\",\"item\":\"https:\/\/www.capri-matique.com\/client\/aprfae5\/\"},{\"@type\":\"ListItem\",\"position\":2,\"name\":\"Instances\"}]}]}<\/script>\n<!-- \/ Yoast SEO plugin. -->","yoast_head_json":{"title":"Instances - Association de personnes retrait\u00e9es de la FAE","robots":{"index":"noindex","follow":"follow","max-snippet":"max-snippet:-1","max-image-preview":"max-image-preview:large","max-video-preview":"max-video-preview:-1"},"og_locale":"fr_FR","og_type":"article","og_title":"Instances - Association de personnes retrait\u00e9es de la FAE","og_description":"Les instances ORGANIGRAMMEAssembl\u00e9e g\u00e9n\u00e9raleConseil d\u2019administrationComit\u00e9 ex\u00e9cutif Assembl\u00e9e g\u00e9n\u00e9raleL\u2019Assembl\u00e9e g\u00e9n\u00e9rale ordinaire des membres est convoqu\u00e9e au moins une fois l\u2019an, dans les 120 jours qui suivent la date d\u2019expiration de l\u2019exercice financier annuel. Un avis de convocation est adress\u00e9 \u00e0 tous les membres au moins 50 jours avant la date de l\u2019Assembl\u00e9e g\u00e9n\u00e9rale. Il se fait &hellip;","og_url":"https:\/\/www.capri-matique.com\/client\/aprfae5\/instances\/","og_site_name":"Association de personnes retrait\u00e9es de la FAE","article_modified_time":"2021-01-06T04:07:10+00:00","twitter_card":"summary","twitter_misc":{"Dur\u00e9e de lecture estim\u00e9e":"1 minute"},"schema":{"@context":"https:\/\/schema.org","@graph":[{"@type":"WebSite","@id":"https:\/\/www.capri-matique.com\/client\/aprfae5\/#website","url":"https:\/\/www.capri-matique.com\/client\/aprfae5\/","name":"Association de personnes retrait\u00e9es de la FAE","description":"L&#039;association qui nous unit","potentialAction":[{"@type":"SearchAction","target":{"@type":"EntryPoint","urlTemplate":"https:\/\/www.capri-matique.com\/client\/aprfae5\/?s={search_term_string}"},"query-input":"required name=search_term_string"}],"inLanguage":"fr-FR"},{"@type":"WebPage","@id":"https:\/\/www.capri-matique.com\/client\/aprfae5\/instances\/#webpage","url":"https:\/\/www.capri-matique.com\/client\/aprfae5\/instances\/","name":"Instances - Association de personnes retrait\u00e9es de la FAE","isPartOf":{"@id":"https:\/\/www.capri-matique.com\/client\/aprfae5\/#website"},"datePublished":"2020-04-08T17:47:05+00:00","dateModified":"2021-01-06T04:07:10+00:00","breadcrumb":{"@id":"https:\/\/www.capri-matique.com\/client\/aprfae5\/instances\/#breadcrumb"},"inLanguage":"fr-FR","potentialAction":[{"@type":"ReadAction","target":["https:\/\/www.capri-matique.com\/client\/aprfae5\/instances\/"]}]},{"@type":"BreadcrumbList","@id":"https:\/\/www.capri-matique.com\/client\/aprfae5\/instances\/#breadcrumb","itemListElement":[{"@type":"ListItem","position":1,"name":"Accueil","item":"https:\/\/www.capri-matique.com\/client\/aprfae5\/"},{"@type":"ListItem","position":2,"name":"Instances"}]}]}},"_links":{"self":[{"href":"https:\/\/www.capri-matique.com\/client\/aprfae5\/wp-json\/wp\/v2\/pages\/6075","targetHints":{"allow":["GET"]}}],"collection":[{"href":"https:\/\/www.capri-matique.com\/client\/aprfae5\/wp-json\/wp\/v2\/pages"}],"about":[{"href":"https:\/\/www.capri-matique.com\/client\/aprfae5\/wp-json\/wp\/v2\/types\/page"}],"author":[{"embeddable":true,"href":"https:\/\/www.capri-matique.com\/client\/aprfae5\/wp-json\/wp\/v2\/users\/2"}],"replies":[{"embeddable":true,"href":"https:\/\/www.capri-matique.com\/client\/aprfae5\/wp-json\/wp\/v2\/comments?post=6075"}],"version-history":[{"count":4,"href":"https:\/\/www.capri-matique.com\/client\/aprfae5\/wp-json\/wp\/v2\/pages\/6075\/revisions"}],"predecessor-version":[{"id":6080,"href":"https:\/\/www.capri-matique.com\/client\/aprfae5\/wp-json\/wp\/v2\/pages\/6075\/revisions\/6080"}],"wp:attachment":[{"href":"https:\/\/www.capri-matique.com\/client\/aprfae5\/wp-json\/wp\/v2\/media?parent=6075"}],"curies":[{"name":"wp","href":"https:\/\/api.w.org\/{rel}","templated":true}]}}