{"id":560,"date":"2016-06-01T20:38:38","date_gmt":"2016-06-01T20:38:38","guid":{"rendered":"https:\/\/capri-matique.com\/client\/aprfae5\/?page_id=8"},"modified":"2020-04-27T16:37:45","modified_gmt":"2020-04-27T20:37:45","slug":"associatifs","status":"publish","type":"page","link":"https:\/\/www.capri-matique.com\/client\/aprfae5\/associatifs\/","title":{"rendered":"Comit\u00e9s associatifs"},"content":{"rendered":"<section id=\"builder-section-1475010671909\" class=\"builder-section-first builder-section builder-section-panels builder-section-last accordion-mode\" style=\"background-size: cover; background-repeat: no-repeat;background-position: center center;\">\n<div class=\"builder-section-content\">\n<div class=\"ttfmp-accordion-container\" data-height-style=\"\"  data-start-collapsed=\"false\">\n<div id=\"ttfmp-panels-item-title-1475010671919\" class=\"ttfmp-panels-item-title\">\n\t<\/div>\n<div id=\"ttfmp-panels-item-content-1475010671919\" class=\"ttfmp-panels-item-content\">\n<p style=\"text-align: justify;\"><span style=\"color: #000000;\"><strong>LES COMIT\u00c9S ASSOCIATIFS DE L\u2019APRFAE<\/strong><\/span><\/p>\n<p style=\"text-align: justify;\"><span style=\"color: #000000;\">Le Conseil d\u2019administration forme\u00a0quatre comit\u00e9s associatifs\u00a0:<\/span><\/p>\n<ul style=\"text-align: justify;\">\n<li><span style=\"color: #000000;\"><a style=\"color: #000000;\" href=\"https:\/\/capri-matique.com\/client\/aprfae5\/associatifs\/activites\/\" target=\"_blank\" rel=\"noopener noreferrer\">le comit\u00e9 des activit\u00e9s\u00a0;<\/a><\/span><\/li>\n<li><span style=\"color: #000000;\"><a style=\"color: #000000;\" href=\"https:\/\/capri-matique.com\/client\/aprfae5\/associatifs\/journal\/\" target=\"_blank\" rel=\"noopener noreferrer\">le comit\u00e9 journal\u00a0;<\/a><\/span><\/li>\n<li><span style=\"color: #000000;\"><a style=\"color: #000000;\" href=\"https:\/\/capri-matique.com\/client\/aprfae5\/associatifs\/recrutement\/\" target=\"_blank\" rel=\"noopener noreferrer\">le comit\u00e9 recrutement\u00a0;<\/a><\/span><\/li>\n<li><span style=\"color: #000000;\"><a style=\"color: #000000;\" href=\"https:\/\/capri-matique.com\/client\/aprfae5\/associatifs\/arts-visuels\/\" target=\"_blank\" rel=\"noopener noreferrer\">le comit\u00e9 des arts visuels.<\/a><\/span><\/li>\n<\/ul>\n<p style=\"text-align: justify;\"><span style=\"color: #000000;\"><strong>COMPOSITION<\/strong><\/span><\/p>\n<ol style=\"text-align: justify;\">\n<li style=\"text-align: justify;\"><span style=\"color: #000000;\">Un comit\u00e9 associatif est compos\u00e9 d\u2019au plus 5\u00a0membres de l\u2019Association incluant un membre du CA.<\/span><\/li>\n<li style=\"text-align: justify;\"><span style=\"color: #000000;\">Un membre du Conseil d&#8217;administration est affect\u00e9 \u00e0 chaque comit\u00e9 et agit \u00e0 titre de personne ressource aupr\u00e8s du comit\u00e9.<\/span><\/li>\n<li style=\"text-align: justify;\"><span style=\"color: #000000;\">Un comit\u00e9 peut s\u2019adjoindre d\u2019autres membres pour les aider dans la r\u00e9alisation de leur mandat, mais sans engager de frais suppl\u00e9mentaires.<\/span><\/li>\n<\/ol>\n<\/div><\/div>\n<\/p><\/div>\n<\/section>\n","protected":false},"excerpt":{"rendered":"<p>LES COMIT\u00c9S ASSOCIATIFS DE L\u2019APRFAE Le Conseil d\u2019administration forme\u00a0quatre comit\u00e9s associatifs\u00a0: le comit\u00e9 des activit\u00e9s\u00a0; le comit\u00e9 journal\u00a0; le comit\u00e9 recrutement\u00a0; le comit\u00e9 des arts visuels. COMPOSITION Un comit\u00e9 associatif est compos\u00e9 d\u2019au plus 5\u00a0membres de l\u2019Association incluant un membre du CA. Un membre du Conseil d&#8217;administration est affect\u00e9 \u00e0 chaque comit\u00e9 et agit \u00e0 &hellip;<\/p>\n","protected":false},"author":2,"featured_media":0,"parent":0,"menu_order":0,"comment_status":"closed","ping_status":"closed","template":"template-builder.php","meta":{"footnotes":""},"class_list":["post-560","page","type-page","status-publish","hentry"],"yoast_head":"<!-- This site is optimized with the Yoast SEO plugin v17.3 - https:\/\/yoast.com\/wordpress\/plugins\/seo\/ -->\n<title>Comit\u00e9s associatifs - Association de personnes retrait\u00e9es de la FAE<\/title>\n<meta name=\"robots\" content=\"noindex, follow, max-snippet:-1, max-image-preview:large, max-video-preview:-1\" \/>\n<meta property=\"og:locale\" content=\"fr_FR\" \/>\n<meta property=\"og:type\" content=\"article\" \/>\n<meta property=\"og:title\" content=\"Comit\u00e9s associatifs - Association de personnes retrait\u00e9es de la FAE\" \/>\n<meta property=\"og:description\" content=\"LES COMIT\u00c9S ASSOCIATIFS DE L\u2019APRFAE Le Conseil d\u2019administration forme\u00a0quatre comit\u00e9s associatifs\u00a0: le comit\u00e9 des activit\u00e9s\u00a0; le comit\u00e9 journal\u00a0; le comit\u00e9 recrutement\u00a0; le comit\u00e9 des arts visuels. COMPOSITION Un comit\u00e9 associatif est compos\u00e9 d\u2019au plus 5\u00a0membres de l\u2019Association incluant un membre du CA. Un membre du Conseil d&#8217;administration est affect\u00e9 \u00e0 chaque comit\u00e9 et agit \u00e0 &hellip;\" \/>\n<meta property=\"og:url\" content=\"https:\/\/www.capri-matique.com\/client\/aprfae5\/associatifs\/\" \/>\n<meta property=\"og:site_name\" content=\"Association de personnes retrait\u00e9es de la FAE\" \/>\n<meta property=\"article:modified_time\" content=\"2020-04-27T20:37:45+00:00\" \/>\n<meta name=\"twitter:card\" content=\"summary\" \/>\n<script type=\"application\/ld+json\" class=\"yoast-schema-graph\">{\"@context\":\"https:\/\/schema.org\",\"@graph\":[{\"@type\":\"WebSite\",\"@id\":\"https:\/\/www.capri-matique.com\/client\/aprfae5\/#website\",\"url\":\"https:\/\/www.capri-matique.com\/client\/aprfae5\/\",\"name\":\"Association de personnes retrait\\u00e9es de la FAE\",\"description\":\"L&#039;association qui nous unit\",\"potentialAction\":[{\"@type\":\"SearchAction\",\"target\":{\"@type\":\"EntryPoint\",\"urlTemplate\":\"https:\/\/www.capri-matique.com\/client\/aprfae5\/?s={search_term_string}\"},\"query-input\":\"required name=search_term_string\"}],\"inLanguage\":\"fr-FR\"},{\"@type\":\"WebPage\",\"@id\":\"https:\/\/www.capri-matique.com\/client\/aprfae5\/associatifs\/#webpage\",\"url\":\"https:\/\/www.capri-matique.com\/client\/aprfae5\/associatifs\/\",\"name\":\"Comit\\u00e9s associatifs - Association de personnes retrait\\u00e9es de la FAE\",\"isPartOf\":{\"@id\":\"https:\/\/www.capri-matique.com\/client\/aprfae5\/#website\"},\"datePublished\":\"2016-06-01T20:38:38+00:00\",\"dateModified\":\"2020-04-27T20:37:45+00:00\",\"breadcrumb\":{\"@id\":\"https:\/\/www.capri-matique.com\/client\/aprfae5\/associatifs\/#breadcrumb\"},\"inLanguage\":\"fr-FR\",\"potentialAction\":[{\"@type\":\"ReadAction\",\"target\":[\"https:\/\/www.capri-matique.com\/client\/aprfae5\/associatifs\/\"]}]},{\"@type\":\"BreadcrumbList\",\"@id\":\"https:\/\/www.capri-matique.com\/client\/aprfae5\/associatifs\/#breadcrumb\",\"itemListElement\":[{\"@type\":\"ListItem\",\"position\":1,\"name\":\"Accueil\",\"item\":\"https:\/\/www.capri-matique.com\/client\/aprfae5\/\"},{\"@type\":\"ListItem\",\"position\":2,\"name\":\"Comit\\u00e9s associatifs\"}]}]}<\/script>\n<!-- \/ Yoast SEO plugin. -->","yoast_head_json":{"title":"Comit\u00e9s associatifs - Association de personnes retrait\u00e9es de la FAE","robots":{"index":"noindex","follow":"follow","max-snippet":"max-snippet:-1","max-image-preview":"max-image-preview:large","max-video-preview":"max-video-preview:-1"},"og_locale":"fr_FR","og_type":"article","og_title":"Comit\u00e9s associatifs - Association de personnes retrait\u00e9es de la FAE","og_description":"LES COMIT\u00c9S ASSOCIATIFS DE L\u2019APRFAE Le Conseil d\u2019administration forme\u00a0quatre comit\u00e9s associatifs\u00a0: le comit\u00e9 des activit\u00e9s\u00a0; le comit\u00e9 journal\u00a0; le comit\u00e9 recrutement\u00a0; le comit\u00e9 des arts visuels. COMPOSITION Un comit\u00e9 associatif est compos\u00e9 d\u2019au plus 5\u00a0membres de l\u2019Association incluant un membre du CA. Un membre du Conseil d&#8217;administration est affect\u00e9 \u00e0 chaque comit\u00e9 et agit \u00e0 &hellip;","og_url":"https:\/\/www.capri-matique.com\/client\/aprfae5\/associatifs\/","og_site_name":"Association de personnes retrait\u00e9es de la FAE","article_modified_time":"2020-04-27T20:37:45+00:00","twitter_card":"summary","schema":{"@context":"https:\/\/schema.org","@graph":[{"@type":"WebSite","@id":"https:\/\/www.capri-matique.com\/client\/aprfae5\/#website","url":"https:\/\/www.capri-matique.com\/client\/aprfae5\/","name":"Association de personnes retrait\u00e9es de la FAE","description":"L&#039;association qui nous unit","potentialAction":[{"@type":"SearchAction","target":{"@type":"EntryPoint","urlTemplate":"https:\/\/www.capri-matique.com\/client\/aprfae5\/?s={search_term_string}"},"query-input":"required name=search_term_string"}],"inLanguage":"fr-FR"},{"@type":"WebPage","@id":"https:\/\/www.capri-matique.com\/client\/aprfae5\/associatifs\/#webpage","url":"https:\/\/www.capri-matique.com\/client\/aprfae5\/associatifs\/","name":"Comit\u00e9s associatifs - Association de personnes retrait\u00e9es de la FAE","isPartOf":{"@id":"https:\/\/www.capri-matique.com\/client\/aprfae5\/#website"},"datePublished":"2016-06-01T20:38:38+00:00","dateModified":"2020-04-27T20:37:45+00:00","breadcrumb":{"@id":"https:\/\/www.capri-matique.com\/client\/aprfae5\/associatifs\/#breadcrumb"},"inLanguage":"fr-FR","potentialAction":[{"@type":"ReadAction","target":["https:\/\/www.capri-matique.com\/client\/aprfae5\/associatifs\/"]}]},{"@type":"BreadcrumbList","@id":"https:\/\/www.capri-matique.com\/client\/aprfae5\/associatifs\/#breadcrumb","itemListElement":[{"@type":"ListItem","position":1,"name":"Accueil","item":"https:\/\/www.capri-matique.com\/client\/aprfae5\/"},{"@type":"ListItem","position":2,"name":"Comit\u00e9s associatifs"}]}]}},"_links":{"self":[{"href":"https:\/\/www.capri-matique.com\/client\/aprfae5\/wp-json\/wp\/v2\/pages\/560","targetHints":{"allow":["GET"]}}],"collection":[{"href":"https:\/\/www.capri-matique.com\/client\/aprfae5\/wp-json\/wp\/v2\/pages"}],"about":[{"href":"https:\/\/www.capri-matique.com\/client\/aprfae5\/wp-json\/wp\/v2\/types\/page"}],"author":[{"embeddable":true,"href":"https:\/\/www.capri-matique.com\/client\/aprfae5\/wp-json\/wp\/v2\/users\/2"}],"replies":[{"embeddable":true,"href":"https:\/\/www.capri-matique.com\/client\/aprfae5\/wp-json\/wp\/v2\/comments?post=560"}],"version-history":[{"count":41,"href":"https:\/\/www.capri-matique.com\/client\/aprfae5\/wp-json\/wp\/v2\/pages\/560\/revisions"}],"predecessor-version":[{"id":6275,"href":"https:\/\/www.capri-matique.com\/client\/aprfae5\/wp-json\/wp\/v2\/pages\/560\/revisions\/6275"}],"wp:attachment":[{"href":"https:\/\/www.capri-matique.com\/client\/aprfae5\/wp-json\/wp\/v2\/media?parent=560"}],"curies":[{"name":"wp","href":"https:\/\/api.w.org\/{rel}","templated":true}]}}