{"id":5554,"date":"2020-02-20T10:54:27","date_gmt":"2020-02-20T15:54:27","guid":{"rendered":"https:\/\/capri-matique.com\/client\/aprfae5\/?page_id=5554"},"modified":"2021-01-06T12:02:55","modified_gmt":"2021-01-06T17:02:55","slug":"comite-de-lenvironnement","status":"publish","type":"page","link":"https:\/\/www.capri-matique.com\/client\/aprfae5\/statutaires\/comite-de-lenvironnement\/","title":{"rendered":"Comit\u00e9 de l&#8217;environnement"},"content":{"rendered":"<section id=\"builder-section-panels_56\" class=\"builder-section-first builder-section builder-section-panels builder-section-last accordion-mode\" style=\"background-size: cover; background-repeat: no-repeat;background-position: center center;\">\n<div class=\"builder-section-content\">\n<div class=\"ttfmp-accordion-container\" data-height-style=\"\"  data-start-collapsed=\"false\">\n<div id=\"ttfmp-panels-item-title-panels-item_64\" class=\"ttfmp-panels-item-title\">\n\t<\/div>\n<div id=\"ttfmp-panels-item-content-panels-item_64\" class=\"ttfmp-panels-item-content\">\n<h2><span style=\"color: #800000;\">Le comit\u00e9 de l&#8217;environnement 2020-2021 est form\u00e9 de:<\/span><\/h2>\n<ul>\n<li><span style=\"color: #800000;\">Siham Abou Nasr<\/span><\/li>\n<li><span style=\"color: #800000;\">Line Gravel<\/span><\/li>\n<li><span style=\"color: #800000;\">Christian Page<\/span><\/li>\n<li><span style=\"color: #800000;\">Badi\u00e2a Sekfali<\/span><\/li>\n<li><span style=\"color: #800000;\">Jos\u00e9e White<\/span><\/li>\n<li><span style=\"color: #800000;\">Jocelyne Dupuis, responsable politique<\/span><\/li>\n<\/ul>\n<p><span style=\"color: #800000;\"><u>Son mandat<\/u><\/span><\/p>\n<p style=\"text-align: justify;\"><span style=\"color: #800000;\">Le Comit\u00e9 de l\u2019environnement, sous la responsabilit\u00e9 d\u2019un membre du Conseil d\u2019administration, conseille l\u2019Association sur des sujets d\u2019ordre environnemental. Il se r\u00e9unit trois (3) fois par ann\u00e9e.<\/span><\/p>\n<p><span style=\"color: #800000;\">Le comit\u00e9 doit :<\/span><\/p>\n<p><span style=\"color: #800000;\">a) nommer, parmi ses membres, une personne porte-parole ;<\/span><\/p>\n<p><span style=\"color: #800000;\">b) produire des analyses sur des sujets d\u00e9cid\u00e9s par les instances de l\u2019Association et formuler des recommandations ;<\/span><\/p>\n<p><span style=\"color: #800000;\">c) participer \u00e0 la formation et \u00e0 l\u2019information des membres ;<\/span><\/p>\n<p><span style=\"color: #800000;\">d) pouvoir de sa propre initiative, soumettre au Comit\u00e9 ex\u00e9cutif des questions \u00e0 d\u00e9battre et des analyses ;<\/span><\/p>\n<p><span style=\"color: #800000;\">e) avoir le pouvoir d\u2019\u00e9tablir, dans le respect des grandes orientations environnementales, des buts et des moyens de l\u2019Association, certaines relations avec les milieux populaire et communautaire ;<\/span><\/p>\n<p><span style=\"color: #800000;\">f) pouvoir participer au Comit\u00e9 de l\u2019environnement de la FAE selon les pr\u00e9rogatives accord\u00e9es dans les statuts de la FAE et doit acheminer au Conseil d\u2019administration toute candidature \u00e0 \u00eatre soumise \u00e0 ce comit\u00e9 pour approbation ;<\/span><\/p>\n<p><span style=\"color: #800000;\">g) participer au r\u00e9seau environnement de la FAE.<\/span><\/p>\n<\/div><\/div>\n<\/p><\/div>\n<\/section>\n","protected":false},"excerpt":{"rendered":"<p>Le comit\u00e9 de l&#8217;environnement 2020-2021 est form\u00e9 de: Siham Abou Nasr Line Gravel Christian Page Badi\u00e2a Sekfali Jos\u00e9e White Jocelyne Dupuis, responsable politique Son mandat Le Comit\u00e9 de l\u2019environnement, sous la responsabilit\u00e9 d\u2019un membre du Conseil d\u2019administration, conseille l\u2019Association sur des sujets d\u2019ordre environnemental. Il se r\u00e9unit trois (3) fois par ann\u00e9e. Le comit\u00e9 doit &hellip;<\/p>\n","protected":false},"author":2,"featured_media":0,"parent":556,"menu_order":0,"comment_status":"closed","ping_status":"closed","template":"template-builder.php","meta":{"footnotes":""},"class_list":["post-5554","page","type-page","status-publish","hentry"],"yoast_head":"<!-- This site is optimized with the Yoast SEO plugin v17.3 - https:\/\/yoast.com\/wordpress\/plugins\/seo\/ -->\n<title>Comit\u00e9 de l&#039;environnement - Association de personnes retrait\u00e9es de la FAE<\/title>\n<meta name=\"robots\" content=\"noindex, follow, max-snippet:-1, max-image-preview:large, max-video-preview:-1\" \/>\n<meta property=\"og:locale\" content=\"fr_FR\" \/>\n<meta property=\"og:type\" content=\"article\" \/>\n<meta property=\"og:title\" content=\"Comit\u00e9 de l&#039;environnement - Association de personnes retrait\u00e9es de la FAE\" \/>\n<meta property=\"og:description\" content=\"Le comit\u00e9 de l&#8217;environnement 2020-2021 est form\u00e9 de: Siham Abou Nasr Line Gravel Christian Page Badi\u00e2a Sekfali Jos\u00e9e White Jocelyne Dupuis, responsable politique Son mandat Le Comit\u00e9 de l\u2019environnement, sous la responsabilit\u00e9 d\u2019un membre du Conseil d\u2019administration, conseille l\u2019Association sur des sujets d\u2019ordre environnemental. Il se r\u00e9unit trois (3) fois par ann\u00e9e. Le comit\u00e9 doit &hellip;\" \/>\n<meta property=\"og:url\" content=\"https:\/\/www.capri-matique.com\/client\/aprfae5\/statutaires\/comite-de-lenvironnement\/\" \/>\n<meta property=\"og:site_name\" content=\"Association de personnes retrait\u00e9es de la FAE\" \/>\n<meta property=\"article:modified_time\" content=\"2021-01-06T17:02:55+00:00\" \/>\n<meta name=\"twitter:card\" content=\"summary\" \/>\n<meta name=\"twitter:label1\" content=\"Dur\u00e9e de lecture estim\u00e9e\" \/>\n\t<meta name=\"twitter:data1\" content=\"1 minute\" \/>\n<script type=\"application\/ld+json\" class=\"yoast-schema-graph\">{\"@context\":\"https:\/\/schema.org\",\"@graph\":[{\"@type\":\"WebSite\",\"@id\":\"https:\/\/www.capri-matique.com\/client\/aprfae5\/#website\",\"url\":\"https:\/\/www.capri-matique.com\/client\/aprfae5\/\",\"name\":\"Association de personnes retrait\\u00e9es de la FAE\",\"description\":\"L&#039;association qui nous unit\",\"potentialAction\":[{\"@type\":\"SearchAction\",\"target\":{\"@type\":\"EntryPoint\",\"urlTemplate\":\"https:\/\/www.capri-matique.com\/client\/aprfae5\/?s={search_term_string}\"},\"query-input\":\"required name=search_term_string\"}],\"inLanguage\":\"fr-FR\"},{\"@type\":\"WebPage\",\"@id\":\"https:\/\/www.capri-matique.com\/client\/aprfae5\/statutaires\/comite-de-lenvironnement\/#webpage\",\"url\":\"https:\/\/www.capri-matique.com\/client\/aprfae5\/statutaires\/comite-de-lenvironnement\/\",\"name\":\"Comit\\u00e9 de l'environnement - Association de personnes retrait\\u00e9es de la FAE\",\"isPartOf\":{\"@id\":\"https:\/\/www.capri-matique.com\/client\/aprfae5\/#website\"},\"datePublished\":\"2020-02-20T15:54:27+00:00\",\"dateModified\":\"2021-01-06T17:02:55+00:00\",\"breadcrumb\":{\"@id\":\"https:\/\/www.capri-matique.com\/client\/aprfae5\/statutaires\/comite-de-lenvironnement\/#breadcrumb\"},\"inLanguage\":\"fr-FR\",\"potentialAction\":[{\"@type\":\"ReadAction\",\"target\":[\"https:\/\/www.capri-matique.com\/client\/aprfae5\/statutaires\/comite-de-lenvironnement\/\"]}]},{\"@type\":\"BreadcrumbList\",\"@id\":\"https:\/\/www.capri-matique.com\/client\/aprfae5\/statutaires\/comite-de-lenvironnement\/#breadcrumb\",\"itemListElement\":[{\"@type\":\"ListItem\",\"position\":1,\"name\":\"Accueil\",\"item\":\"https:\/\/www.capri-matique.com\/client\/aprfae5\/\"},{\"@type\":\"ListItem\",\"position\":2,\"name\":\"Comit\\u00e9s statutaires\",\"item\":\"https:\/\/www.capri-matique.com\/client\/aprfae5\/statutaires\/\"},{\"@type\":\"ListItem\",\"position\":3,\"name\":\"Comit\\u00e9 de l&#8217;environnement\"}]}]}<\/script>\n<!-- \/ Yoast SEO plugin. -->","yoast_head_json":{"title":"Comit\u00e9 de l'environnement - Association de personnes retrait\u00e9es de la FAE","robots":{"index":"noindex","follow":"follow","max-snippet":"max-snippet:-1","max-image-preview":"max-image-preview:large","max-video-preview":"max-video-preview:-1"},"og_locale":"fr_FR","og_type":"article","og_title":"Comit\u00e9 de l'environnement - Association de personnes retrait\u00e9es de la FAE","og_description":"Le comit\u00e9 de l&#8217;environnement 2020-2021 est form\u00e9 de: Siham Abou Nasr Line Gravel Christian Page Badi\u00e2a Sekfali Jos\u00e9e White Jocelyne Dupuis, responsable politique Son mandat Le Comit\u00e9 de l\u2019environnement, sous la responsabilit\u00e9 d\u2019un membre du Conseil d\u2019administration, conseille l\u2019Association sur des sujets d\u2019ordre environnemental. Il se r\u00e9unit trois (3) fois par ann\u00e9e. Le comit\u00e9 doit &hellip;","og_url":"https:\/\/www.capri-matique.com\/client\/aprfae5\/statutaires\/comite-de-lenvironnement\/","og_site_name":"Association de personnes retrait\u00e9es de la FAE","article_modified_time":"2021-01-06T17:02:55+00:00","twitter_card":"summary","twitter_misc":{"Dur\u00e9e de lecture estim\u00e9e":"1 minute"},"schema":{"@context":"https:\/\/schema.org","@graph":[{"@type":"WebSite","@id":"https:\/\/www.capri-matique.com\/client\/aprfae5\/#website","url":"https:\/\/www.capri-matique.com\/client\/aprfae5\/","name":"Association de personnes retrait\u00e9es de la FAE","description":"L&#039;association qui nous unit","potentialAction":[{"@type":"SearchAction","target":{"@type":"EntryPoint","urlTemplate":"https:\/\/www.capri-matique.com\/client\/aprfae5\/?s={search_term_string}"},"query-input":"required name=search_term_string"}],"inLanguage":"fr-FR"},{"@type":"WebPage","@id":"https:\/\/www.capri-matique.com\/client\/aprfae5\/statutaires\/comite-de-lenvironnement\/#webpage","url":"https:\/\/www.capri-matique.com\/client\/aprfae5\/statutaires\/comite-de-lenvironnement\/","name":"Comit\u00e9 de l'environnement - Association de personnes retrait\u00e9es de la FAE","isPartOf":{"@id":"https:\/\/www.capri-matique.com\/client\/aprfae5\/#website"},"datePublished":"2020-02-20T15:54:27+00:00","dateModified":"2021-01-06T17:02:55+00:00","breadcrumb":{"@id":"https:\/\/www.capri-matique.com\/client\/aprfae5\/statutaires\/comite-de-lenvironnement\/#breadcrumb"},"inLanguage":"fr-FR","potentialAction":[{"@type":"ReadAction","target":["https:\/\/www.capri-matique.com\/client\/aprfae5\/statutaires\/comite-de-lenvironnement\/"]}]},{"@type":"BreadcrumbList","@id":"https:\/\/www.capri-matique.com\/client\/aprfae5\/statutaires\/comite-de-lenvironnement\/#breadcrumb","itemListElement":[{"@type":"ListItem","position":1,"name":"Accueil","item":"https:\/\/www.capri-matique.com\/client\/aprfae5\/"},{"@type":"ListItem","position":2,"name":"Comit\u00e9s statutaires","item":"https:\/\/www.capri-matique.com\/client\/aprfae5\/statutaires\/"},{"@type":"ListItem","position":3,"name":"Comit\u00e9 de l&#8217;environnement"}]}]}},"_links":{"self":[{"href":"https:\/\/www.capri-matique.com\/client\/aprfae5\/wp-json\/wp\/v2\/pages\/5554","targetHints":{"allow":["GET"]}}],"collection":[{"href":"https:\/\/www.capri-matique.com\/client\/aprfae5\/wp-json\/wp\/v2\/pages"}],"about":[{"href":"https:\/\/www.capri-matique.com\/client\/aprfae5\/wp-json\/wp\/v2\/types\/page"}],"author":[{"embeddable":true,"href":"https:\/\/www.capri-matique.com\/client\/aprfae5\/wp-json\/wp\/v2\/users\/2"}],"replies":[{"embeddable":true,"href":"https:\/\/www.capri-matique.com\/client\/aprfae5\/wp-json\/wp\/v2\/comments?post=5554"}],"version-history":[{"count":3,"href":"https:\/\/www.capri-matique.com\/client\/aprfae5\/wp-json\/wp\/v2\/pages\/5554\/revisions"}],"predecessor-version":[{"id":6753,"href":"https:\/\/www.capri-matique.com\/client\/aprfae5\/wp-json\/wp\/v2\/pages\/5554\/revisions\/6753"}],"up":[{"embeddable":true,"href":"https:\/\/www.capri-matique.com\/client\/aprfae5\/wp-json\/wp\/v2\/pages\/556"}],"wp:attachment":[{"href":"https:\/\/www.capri-matique.com\/client\/aprfae5\/wp-json\/wp\/v2\/media?parent=5554"}],"curies":[{"name":"wp","href":"https:\/\/api.w.org\/{rel}","templated":true}]}}