{"id":4110,"date":"2016-06-01T20:38:38","date_gmt":"2016-06-01T20:38:38","guid":{"rendered":"https:\/\/capri-matique.com\/client\/aprfae5\/?page_id=8"},"modified":"2024-03-04T12:18:58","modified_gmt":"2024-03-04T17:18:58","slug":"adhesion","status":"publish","type":"page","link":"https:\/\/www.capri-matique.com\/client\/aprfae5\/adhesion\/","title":{"rendered":"Adh\u00e9sion"},"content":{"rendered":"<section id=\"builder-section-panels_85\" class=\"builder-section-first builder-section builder-section-panels builder-section-last accordion-mode\" style=\"background-size: cover; background-repeat: no-repeat;background-position: center center;\">\n<div class=\"builder-section-content\">\n<div class=\"ttfmp-accordion-container\" data-height-style=\"\"  data-start-collapsed=\"false\">\n<div id=\"ttfmp-panels-item-title-panels-item_93\" class=\"ttfmp-panels-item-title\">\n\t<\/div>\n<div id=\"ttfmp-panels-item-content-panels-item_93\" class=\"ttfmp-panels-item-content\">\n<table style=\"height: 153px;\" width=\"707\">\n<tbody>\n<tr>\n<td width=\"585\">\n<p><strong><span style=\"font-family: verdana, geneva, sans-serif;\">Qui peut devenir MEMBRE R\u00c9GULIER ?<\/span><\/strong><\/p>\n<p><span style=\"color: #000000; font-family: verdana,geneva,sans-serif;\">a)\u00a0<span style=\"margin: 0px; line-height: 107%; font-size: 11pt;\"><span style=\"color: #000000;\">le personnel retrait\u00e9, issu d\u2019un syndicat affili\u00e9 \u00e0 la FAE et qui n\u2019est pas membre d\u2019une association de personnes retrait\u00e9es li\u00e9e \u00e0 une organisation syndicale ;<\/span><\/span><\/span><\/p>\n<p><span style=\"color: #000000; font-family: verdana,geneva,sans-serif;\">b)\u00a0<span style=\"margin: 0px; line-height: 107%; font-size: 11pt;\"><span style=\"color: #000000;\">le personnel retrait\u00e9 qui a \u00e9t\u00e9 \u00e0 l\u2019emploi de la FAE, d\u2019un syndicat affili\u00e9 \u00a0ou de l\u2019APRFAE et qui n\u2019est pas membre d\u2019une association de personnes retrait\u00e9es li\u00e9e \u00e0 une organisation syndicale.<\/span><\/span><\/span><\/p>\n<p><a href=\"https:\/\/capri-matique.com\/client\/aprfae5\/wp-content\/uploads\/2024\/03\/3-FORMULAIRE-DADHESION-REGULIER-janvier-2024-interactif.pdf\" target=\"_blank\" rel=\"noopener noreferrer\"><span style=\"font-family: verdana, geneva, sans-serif;\">Formulaire d&#8217;adh\u00e9sion pour un membre r\u00e9gulier<\/span><\/a><\/p>\n<\/td>\n<\/tr>\n<\/tbody>\n<\/table>\n<table style=\"height: 166px;\" width=\"707\">\n<tbody>\n<tr>\n<td width=\"585\">\n<p><strong><span style=\"font-family: verdana, geneva, sans-serif;\">Qui peut devenir MEMBRE ASSOCI\u00c9 ?<\/span><\/strong><\/p>\n<p>a) la conjointe ou le conjoint, au sens de la loi, du membre r\u00e9gulier ;<\/p>\n<p>b) la conjointe ou le conjoint survivant, au sens de la loi, du membre r\u00e9gulier ;<\/p>\n<p>c)\u00a0les personnes retrait\u00e9es ayant \u00e9t\u00e9 membres d\u2019un syndicat affili\u00e9 \u00e0 la FAE et qui sont membres d\u2019une autre association de personnes retrait\u00e9es li\u00e9e \u00e0 une organisation syndicale.<\/p>\n<p><a href=\"https:\/\/capri-matique.com\/client\/aprfae5\/wp-content\/uploads\/2023\/02\/FORMULAIRE-DADHESION-ASSOCIE-revise-dec2022.pdf\" target=\"_blank\" rel=\"noopener noreferrer\">Formulaire d&#8217;adh\u00e9sion pour un membre associ\u00e9<\/a><\/p>\n<\/td>\n<\/tr>\n<\/tbody>\n<\/table>\n<\/div><\/div>\n<\/p><\/div>\n<\/section>\n","protected":false},"excerpt":{"rendered":"<p>Qui peut devenir MEMBRE R\u00c9GULIER ? a)\u00a0le personnel retrait\u00e9, issu d\u2019un syndicat affili\u00e9 \u00e0 la FAE et qui n\u2019est pas membre d\u2019une association de personnes retrait\u00e9es li\u00e9e \u00e0 une organisation syndicale ; b)\u00a0le personnel retrait\u00e9 qui a \u00e9t\u00e9 \u00e0 l\u2019emploi de la FAE, d\u2019un syndicat affili\u00e9 \u00a0ou de l\u2019APRFAE et qui n\u2019est pas membre d\u2019une &hellip;<\/p>\n","protected":false},"author":2,"featured_media":0,"parent":0,"menu_order":0,"comment_status":"closed","ping_status":"closed","template":"template-builder.php","meta":{"footnotes":""},"class_list":["post-4110","page","type-page","status-publish","hentry"],"yoast_head":"<!-- This site is optimized with the Yoast SEO plugin v17.3 - https:\/\/yoast.com\/wordpress\/plugins\/seo\/ -->\n<title>Adh\u00e9sion - Association de personnes retrait\u00e9es de la FAE<\/title>\n<meta name=\"robots\" content=\"noindex, follow, max-snippet:-1, max-image-preview:large, max-video-preview:-1\" \/>\n<meta property=\"og:locale\" content=\"fr_FR\" \/>\n<meta property=\"og:type\" content=\"article\" \/>\n<meta property=\"og:title\" content=\"Adh\u00e9sion - Association de personnes retrait\u00e9es de la FAE\" \/>\n<meta property=\"og:description\" content=\"Qui peut devenir MEMBRE R\u00c9GULIER ? a)\u00a0le personnel retrait\u00e9, issu d\u2019un syndicat affili\u00e9 \u00e0 la FAE et qui n\u2019est pas membre d\u2019une association de personnes retrait\u00e9es li\u00e9e \u00e0 une organisation syndicale ; b)\u00a0le personnel retrait\u00e9 qui a \u00e9t\u00e9 \u00e0 l\u2019emploi de la FAE, d\u2019un syndicat affili\u00e9 \u00a0ou de l\u2019APRFAE et qui n\u2019est pas membre d\u2019une &hellip;\" \/>\n<meta property=\"og:url\" content=\"https:\/\/www.capri-matique.com\/client\/aprfae5\/adhesion\/\" \/>\n<meta property=\"og:site_name\" content=\"Association de personnes retrait\u00e9es de la FAE\" \/>\n<meta property=\"article:modified_time\" content=\"2024-03-04T17:18:58+00:00\" \/>\n<meta name=\"twitter:card\" content=\"summary\" \/>\n<meta name=\"twitter:label1\" content=\"Dur\u00e9e de lecture estim\u00e9e\" \/>\n\t<meta name=\"twitter:data1\" content=\"1 minute\" \/>\n<script type=\"application\/ld+json\" class=\"yoast-schema-graph\">{\"@context\":\"https:\/\/schema.org\",\"@graph\":[{\"@type\":\"WebSite\",\"@id\":\"https:\/\/www.capri-matique.com\/client\/aprfae5\/#website\",\"url\":\"https:\/\/www.capri-matique.com\/client\/aprfae5\/\",\"name\":\"Association de personnes retrait\\u00e9es de la FAE\",\"description\":\"L&#039;association qui nous unit\",\"potentialAction\":[{\"@type\":\"SearchAction\",\"target\":{\"@type\":\"EntryPoint\",\"urlTemplate\":\"https:\/\/www.capri-matique.com\/client\/aprfae5\/?s={search_term_string}\"},\"query-input\":\"required name=search_term_string\"}],\"inLanguage\":\"fr-FR\"},{\"@type\":\"WebPage\",\"@id\":\"https:\/\/www.capri-matique.com\/client\/aprfae5\/adhesion\/#webpage\",\"url\":\"https:\/\/www.capri-matique.com\/client\/aprfae5\/adhesion\/\",\"name\":\"Adh\\u00e9sion - Association de personnes retrait\\u00e9es de la FAE\",\"isPartOf\":{\"@id\":\"https:\/\/www.capri-matique.com\/client\/aprfae5\/#website\"},\"datePublished\":\"2016-06-01T20:38:38+00:00\",\"dateModified\":\"2024-03-04T17:18:58+00:00\",\"breadcrumb\":{\"@id\":\"https:\/\/www.capri-matique.com\/client\/aprfae5\/adhesion\/#breadcrumb\"},\"inLanguage\":\"fr-FR\",\"potentialAction\":[{\"@type\":\"ReadAction\",\"target\":[\"https:\/\/www.capri-matique.com\/client\/aprfae5\/adhesion\/\"]}]},{\"@type\":\"BreadcrumbList\",\"@id\":\"https:\/\/www.capri-matique.com\/client\/aprfae5\/adhesion\/#breadcrumb\",\"itemListElement\":[{\"@type\":\"ListItem\",\"position\":1,\"name\":\"Accueil\",\"item\":\"https:\/\/www.capri-matique.com\/client\/aprfae5\/\"},{\"@type\":\"ListItem\",\"position\":2,\"name\":\"Adh\\u00e9sion\"}]}]}<\/script>\n<!-- \/ Yoast SEO plugin. -->","yoast_head_json":{"title":"Adh\u00e9sion - Association de personnes retrait\u00e9es de la FAE","robots":{"index":"noindex","follow":"follow","max-snippet":"max-snippet:-1","max-image-preview":"max-image-preview:large","max-video-preview":"max-video-preview:-1"},"og_locale":"fr_FR","og_type":"article","og_title":"Adh\u00e9sion - Association de personnes retrait\u00e9es de la FAE","og_description":"Qui peut devenir MEMBRE R\u00c9GULIER ? a)\u00a0le personnel retrait\u00e9, issu d\u2019un syndicat affili\u00e9 \u00e0 la FAE et qui n\u2019est pas membre d\u2019une association de personnes retrait\u00e9es li\u00e9e \u00e0 une organisation syndicale ; b)\u00a0le personnel retrait\u00e9 qui a \u00e9t\u00e9 \u00e0 l\u2019emploi de la FAE, d\u2019un syndicat affili\u00e9 \u00a0ou de l\u2019APRFAE et qui n\u2019est pas membre d\u2019une &hellip;","og_url":"https:\/\/www.capri-matique.com\/client\/aprfae5\/adhesion\/","og_site_name":"Association de personnes retrait\u00e9es de la FAE","article_modified_time":"2024-03-04T17:18:58+00:00","twitter_card":"summary","twitter_misc":{"Dur\u00e9e de lecture estim\u00e9e":"1 minute"},"schema":{"@context":"https:\/\/schema.org","@graph":[{"@type":"WebSite","@id":"https:\/\/www.capri-matique.com\/client\/aprfae5\/#website","url":"https:\/\/www.capri-matique.com\/client\/aprfae5\/","name":"Association de personnes retrait\u00e9es de la FAE","description":"L&#039;association qui nous unit","potentialAction":[{"@type":"SearchAction","target":{"@type":"EntryPoint","urlTemplate":"https:\/\/www.capri-matique.com\/client\/aprfae5\/?s={search_term_string}"},"query-input":"required name=search_term_string"}],"inLanguage":"fr-FR"},{"@type":"WebPage","@id":"https:\/\/www.capri-matique.com\/client\/aprfae5\/adhesion\/#webpage","url":"https:\/\/www.capri-matique.com\/client\/aprfae5\/adhesion\/","name":"Adh\u00e9sion - Association de personnes retrait\u00e9es de la FAE","isPartOf":{"@id":"https:\/\/www.capri-matique.com\/client\/aprfae5\/#website"},"datePublished":"2016-06-01T20:38:38+00:00","dateModified":"2024-03-04T17:18:58+00:00","breadcrumb":{"@id":"https:\/\/www.capri-matique.com\/client\/aprfae5\/adhesion\/#breadcrumb"},"inLanguage":"fr-FR","potentialAction":[{"@type":"ReadAction","target":["https:\/\/www.capri-matique.com\/client\/aprfae5\/adhesion\/"]}]},{"@type":"BreadcrumbList","@id":"https:\/\/www.capri-matique.com\/client\/aprfae5\/adhesion\/#breadcrumb","itemListElement":[{"@type":"ListItem","position":1,"name":"Accueil","item":"https:\/\/www.capri-matique.com\/client\/aprfae5\/"},{"@type":"ListItem","position":2,"name":"Adh\u00e9sion"}]}]}},"_links":{"self":[{"href":"https:\/\/www.capri-matique.com\/client\/aprfae5\/wp-json\/wp\/v2\/pages\/4110","targetHints":{"allow":["GET"]}}],"collection":[{"href":"https:\/\/www.capri-matique.com\/client\/aprfae5\/wp-json\/wp\/v2\/pages"}],"about":[{"href":"https:\/\/www.capri-matique.com\/client\/aprfae5\/wp-json\/wp\/v2\/types\/page"}],"author":[{"embeddable":true,"href":"https:\/\/www.capri-matique.com\/client\/aprfae5\/wp-json\/wp\/v2\/users\/2"}],"replies":[{"embeddable":true,"href":"https:\/\/www.capri-matique.com\/client\/aprfae5\/wp-json\/wp\/v2\/comments?post=4110"}],"version-history":[{"count":15,"href":"https:\/\/www.capri-matique.com\/client\/aprfae5\/wp-json\/wp\/v2\/pages\/4110\/revisions"}],"predecessor-version":[{"id":8989,"href":"https:\/\/www.capri-matique.com\/client\/aprfae5\/wp-json\/wp\/v2\/pages\/4110\/revisions\/8989"}],"wp:attachment":[{"href":"https:\/\/www.capri-matique.com\/client\/aprfae5\/wp-json\/wp\/v2\/media?parent=4110"}],"curies":[{"name":"wp","href":"https:\/\/api.w.org\/{rel}","templated":true}]}}