{"id":271,"date":"2016-06-20T16:29:46","date_gmt":"2016-06-20T16:29:46","guid":{"rendered":"https:\/\/capri-matique.com\/client\/aprfae5\/?page_id=271"},"modified":"2020-03-03T10:09:30","modified_gmt":"2020-03-03T15:09:30","slug":"equipe","status":"publish","type":"page","link":"https:\/\/www.capri-matique.com\/client\/aprfae5\/equipe\/","title":{"rendered":"Notre \u00e9quipe"},"content":{"rendered":"<p style=\"text-align: center;\"><span style=\"color: #8b1d20;\"><strong><span style=\"font-size: 16pt;\">LA PR\u00c9SIDENTE<\/span><\/strong><\/span><\/p>\n<p style=\"text-align: left;\"><style type=\"text\/css\">#usquare_3 { width: 320px; position: relative; margin: 0 auto; display: block; clear: both;}#usquare_3 .usquare_module_wrapper { width: 100%; position: relative; display: block;}#usquare_3 .usquare_module_wrapper h2 { font-weight: 100 !important; font-style: regular !important; font-size: 34px !important; line-height: 34px !important;}#usquare_3 .usquare_module_wrapper span { font-weight: 100 !important; font-style: regular !important; font-size: 14px !important; line-height: 14px !important;}#usquare_3 .usquare_block_extended .usquare_about { font-weight: 100 !important; font-style: regular !important; font-size: 14px !important; line-height: 14px !important;}#usquare_3 .usquare_module_wrapper span.bold { font-family: \"PTSansRegular\" !important; font-weight: 100 !important; font-style: regular !important; font-size: 14px !important; line-height: 14px !important;}#usquare_3 .usquare_block { width: 320px; height: 160px;}#usquare_3 .full_usquare_square { width: 320px; height: 160px; cursor: pointer;}#usquare_3 .half_usquare_square { width: 160px; height: 160px; cursor: pointer;}#usquare_3 .right_gray_usquare_square { position: absolute; left: 160px;}#usquare_3 .usquare_block_extended { width: 320px; height: 320px; margin-top: 160px; }#usquare_3 .usquare_block_extended .close { left: 280px;}#usquare_3 .usquare_about { width: 300px; clear: both; margin: 0px; padding-left: 17px; height: 245px; }#usquare_3 .usquare_about .viewport { width: 280px; height: 245px; }@media screen and (max-width:960px) { #usquare_3 { width: 320px; position: relative; margin: 0 auto; display: block; clear: both; } #usquare_3 .usquare_block { width: 320px; height: 160px; } #usquare_3 .full_usquare_square { width: 320px; height: 160px; } #usquare_3 .half_usquare_square { width: 160px; height: 160px; } #usquare_3 .right_gray_usquare_square { position: absolute; left: 160px; } #usquare_3 .usquare_block_extended { width: 320px; height: 320px; margin-top: 160px; } #usquare_3 .usquare_block_extended .close { left: 280px; } #usquare_3 .usquare_block_extended .usquare_about { height: 245px; } #usquare_3 .usquare_about { width: 300px; clear: both; margin: 0px; padding-left: 16px; height: 245px; } #usquare_3 .usquare_about .viewport { width: 280px; height: 245px; } #usquare_3 .usquare_module_wrapper h2 { font-size: 34px !important; line-height: 34px !important; } #usquare_3 .usquare_module_wrapper span { font-size: 14px !important; line-height: 14px !important; } #usquare_3 .usquare_block_extended .usquare_about { font-size: 14px !important; line-height: 14px !important; } #usquare_3 .usquare_module_wrapper span.bold { font-size: 14px !important; line-height: 14px !important; }}@media screen and (max-width:768px) { #usquare_3 { width: 320px; position: relative; margin: 0 auto; display: block; clear: both; } #usquare_3 .usquare_block { width: 320px; height: 160px; } #usquare_3 .full_usquare_square { width: 320px; height: 160px; } #usquare_3 .half_usquare_square { width: 160px; height: 160px; } #usquare_3 .right_gray_usquare_square { position: absolute; left: 160px; } #usquare_3 .usquare_block_extended { width: 320px; height: 320px; margin-top: 160px; } #usquare_3 .usquare_block_extended .close { left: 280px; } #usquare_3 .usquare_block_extended .usquare_about { height: 245px; } #usquare_3 .usquare_about { width: 300px; clear: both; margin: 0px; padding-left: 16px; height: 245px; } #usquare_3 .usquare_about .viewport { width: 280px; height: 245px; } #usquare_3 .usquare_module_wrapper h2 { font-size: 34px !important; line-height: 34px !important; } #usquare_3 .usquare_module_wrapper span { font-size: 14px !important; line-height: 14px !important; } #usquare_3 .usquare_block_extended .usquare_about { font-size: 14px !important; line-height: 14px !important; } #usquare_3 .usquare_module_wrapper span.bold { font-size: 14px !important; line-height: 14px !important; }}@media screen and (max-width:440px) { #usquare_3 { width: 280px; position: relative; margin: 0 auto; display: block; clear: both; } #usquare_3 .usquare_block { width: 280px; height: 140px; } #usquare_3 .full_usquare_square { width: 280px; height: 140px; } #usquare_3 .half_usquare_square { width: 140px; height: 140px; } #usquare_3 .right_gray_usquare_square { position: absolute; left: 140px; } #usquare_3 .usquare_block_extended { width: 280px; height: 280px; margin-top: 140px; } #usquare_3 .usquare_block_extended .close { left: 240px; } #usquare_3 .usquare_block_extended .usquare_about { height: 205px; } #usquare_3 .usquare_block_extended li { margin:11px 6px 0 6px; } #usquare_3 .usquare_block_extended ul { top: 140px; } #usquare_3 .usquare_about { width: 260px; clear: both; margin: 0px; padding-left: 16px; height: 205px; } #usquare_3 .usquare_about .viewport { width: 240px; height: 205px; } #usquare_3 .usquare_module_wrapper h2 { font-size: 34px !important; line-height: 34px !important; } #usquare_3 .usquare_module_wrapper span { font-size: 14px !important; line-height: 14px !important; } #usquare_3 .usquare_block_extended .usquare_about { font-size: 14px !important; line-height: 14px !important; } #usquare_3 .usquare_module_wrapper span.bold { font-size: 14px !important; line-height: 14px !important; }}<\/style><div id=\"usquare_3\"><div class=\"usquare_module_wrapper\"> <div class=\"usquare_module_shade\"><\/div><div class=\"usquare_block\"><img decoding=\"async\" src=\"https:\/\/capri-matique.com\/client\/aprfae5\/wp-content\/uploads\/2016\/06\/Nicole-Frascadore-dad80e8d152810f9c9fa838e9cb65557-160x160.png\" class=\"usquare_square half_usquare_square\" alt=\"Nicole Frascadore\" \/> <div class=\"usquare_square half_usquare_square\" style=\"background-color: #8b1d20;\"> <div class=\"usquare_square_text_wrapper\"> <img decoding=\"async\" src=\"https:\/\/www.capri-matique.com\/client\/aprfae5\/wp-content\/plugins\/usquare\/images\/arrow.png\" class=\"usquare_arrow\" alt=\"arrow\" \/> <div class=\"clear\"><\/div> <h2 style=\"color: #ffffff !important;\">Nicole Frascadore<\/h2> <span style=\"color: #ffffff !important;\"><\/span> <div class=\"clear\"><\/div> <\/div> <\/div> <div class=\"usquare_block_extended\" style=\"background-color: #8b1d20;\"> <a class=\"close\"><img decoding=\"async\" src=\"https:\/\/www.capri-matique.com\/client\/aprfae5\/wp-content\/plugins\/usquare\/images\/close.png\" alt=\"close\"\/><\/a> <ul class=\"social_background\"><\/ul> <div class=\"clear\"><\/div> <span class=\"bold\" style=\"color: #ffffff !important;\">info:<\/span> <div class=\"usquare_about\" style=\"color: #ffffff !important;\"> <div class=\"scrollbar\"><div class=\"track\"><div class=\"thumb\"><div class=\"end\"><\/div><\/div><\/div><\/div> <div class=\"viewport\"> <div class=\"overview\"> Content <\/div> <\/div> <\/div> <\/div> <\/div><div class=\"clear\"><\/div><\/div><\/div><script>var usquare_plugin_url=\"https:\/\/www.capri-matique.com\/client\/aprfae5\/wp-content\/plugins\/usquare\/\"; (function($){ $(document).ready( function() { if ($(\"#usquare_3\").length) { $(\"#usquare_3\").uSquare({ opening_speed: 440, closing_speed: 500, easing: \"swing\", grayscale: 0, push_content_below: 0 }); } }); })(jQuery);<\/script><div class=\"clear\"><\/div><\/p>\n<p style=\"text-align: center;\"><span style=\"font-size: 16pt; color: #8b1d20;\"><strong>MEMBRES DU CONSEIL D&#8217;ADMINISTRATION<\/strong><\/span><\/p>\n<p style=\"text-align: left;\"><\/p>\n<p style=\"text-align: center;\"><span style=\"font-size: 16pt; color: #8b1d20;\"><strong>LE PERSONNEL<\/strong><\/span><\/p>\n\n","protected":false},"excerpt":{"rendered":"<p>LA PR\u00c9SIDENTE MEMBRES DU CONSEIL D&#8217;ADMINISTRATION LE PERSONNEL<\/p>\n","protected":false},"author":2,"featured_media":0,"parent":0,"menu_order":0,"comment_status":"closed","ping_status":"closed","template":"","meta":{"footnotes":""},"class_list":["post-271","page","type-page","status-publish","hentry"],"yoast_head":"<!-- This site is optimized with the Yoast SEO plugin v17.3 - https:\/\/yoast.com\/wordpress\/plugins\/seo\/ -->\n<title>Notre \u00e9quipe - Association de personnes retrait\u00e9es de la FAE<\/title>\n<meta name=\"robots\" content=\"noindex, follow, max-snippet:-1, max-image-preview:large, max-video-preview:-1\" \/>\n<meta property=\"og:locale\" content=\"fr_FR\" \/>\n<meta property=\"og:type\" content=\"article\" \/>\n<meta property=\"og:title\" content=\"Notre \u00e9quipe - Association de personnes retrait\u00e9es de la FAE\" \/>\n<meta property=\"og:description\" content=\"LA PR\u00c9SIDENTE MEMBRES DU CONSEIL D&#8217;ADMINISTRATION LE PERSONNEL\" \/>\n<meta property=\"og:url\" content=\"https:\/\/www.capri-matique.com\/client\/aprfae5\/equipe\/\" \/>\n<meta property=\"og:site_name\" content=\"Association de personnes retrait\u00e9es de la FAE\" \/>\n<meta property=\"article:modified_time\" content=\"2020-03-03T15:09:30+00:00\" \/>\n<meta name=\"twitter:card\" content=\"summary\" \/>\n<script type=\"application\/ld+json\" class=\"yoast-schema-graph\">{\"@context\":\"https:\/\/schema.org\",\"@graph\":[{\"@type\":\"WebSite\",\"@id\":\"https:\/\/www.capri-matique.com\/client\/aprfae5\/#website\",\"url\":\"https:\/\/www.capri-matique.com\/client\/aprfae5\/\",\"name\":\"Association de personnes retrait\\u00e9es de la FAE\",\"description\":\"L&#039;association qui nous unit\",\"potentialAction\":[{\"@type\":\"SearchAction\",\"target\":{\"@type\":\"EntryPoint\",\"urlTemplate\":\"https:\/\/www.capri-matique.com\/client\/aprfae5\/?s={search_term_string}\"},\"query-input\":\"required name=search_term_string\"}],\"inLanguage\":\"fr-FR\"},{\"@type\":\"WebPage\",\"@id\":\"https:\/\/www.capri-matique.com\/client\/aprfae5\/equipe\/#webpage\",\"url\":\"https:\/\/www.capri-matique.com\/client\/aprfae5\/equipe\/\",\"name\":\"Notre \\u00e9quipe - Association de personnes retrait\\u00e9es de la FAE\",\"isPartOf\":{\"@id\":\"https:\/\/www.capri-matique.com\/client\/aprfae5\/#website\"},\"datePublished\":\"2016-06-20T16:29:46+00:00\",\"dateModified\":\"2020-03-03T15:09:30+00:00\",\"breadcrumb\":{\"@id\":\"https:\/\/www.capri-matique.com\/client\/aprfae5\/equipe\/#breadcrumb\"},\"inLanguage\":\"fr-FR\",\"potentialAction\":[{\"@type\":\"ReadAction\",\"target\":[\"https:\/\/www.capri-matique.com\/client\/aprfae5\/equipe\/\"]}]},{\"@type\":\"BreadcrumbList\",\"@id\":\"https:\/\/www.capri-matique.com\/client\/aprfae5\/equipe\/#breadcrumb\",\"itemListElement\":[{\"@type\":\"ListItem\",\"position\":1,\"name\":\"Accueil\",\"item\":\"https:\/\/www.capri-matique.com\/client\/aprfae5\/\"},{\"@type\":\"ListItem\",\"position\":2,\"name\":\"Notre \\u00e9quipe\"}]}]}<\/script>\n<!-- \/ Yoast SEO plugin. -->","yoast_head_json":{"title":"Notre \u00e9quipe - Association de personnes retrait\u00e9es de la FAE","robots":{"index":"noindex","follow":"follow","max-snippet":"max-snippet:-1","max-image-preview":"max-image-preview:large","max-video-preview":"max-video-preview:-1"},"og_locale":"fr_FR","og_type":"article","og_title":"Notre \u00e9quipe - Association de personnes retrait\u00e9es de la FAE","og_description":"LA PR\u00c9SIDENTE MEMBRES DU CONSEIL D&#8217;ADMINISTRATION LE PERSONNEL","og_url":"https:\/\/www.capri-matique.com\/client\/aprfae5\/equipe\/","og_site_name":"Association de personnes retrait\u00e9es de la FAE","article_modified_time":"2020-03-03T15:09:30+00:00","twitter_card":"summary","schema":{"@context":"https:\/\/schema.org","@graph":[{"@type":"WebSite","@id":"https:\/\/www.capri-matique.com\/client\/aprfae5\/#website","url":"https:\/\/www.capri-matique.com\/client\/aprfae5\/","name":"Association de personnes retrait\u00e9es de la FAE","description":"L&#039;association qui nous unit","potentialAction":[{"@type":"SearchAction","target":{"@type":"EntryPoint","urlTemplate":"https:\/\/www.capri-matique.com\/client\/aprfae5\/?s={search_term_string}"},"query-input":"required name=search_term_string"}],"inLanguage":"fr-FR"},{"@type":"WebPage","@id":"https:\/\/www.capri-matique.com\/client\/aprfae5\/equipe\/#webpage","url":"https:\/\/www.capri-matique.com\/client\/aprfae5\/equipe\/","name":"Notre \u00e9quipe - Association de personnes retrait\u00e9es de la FAE","isPartOf":{"@id":"https:\/\/www.capri-matique.com\/client\/aprfae5\/#website"},"datePublished":"2016-06-20T16:29:46+00:00","dateModified":"2020-03-03T15:09:30+00:00","breadcrumb":{"@id":"https:\/\/www.capri-matique.com\/client\/aprfae5\/equipe\/#breadcrumb"},"inLanguage":"fr-FR","potentialAction":[{"@type":"ReadAction","target":["https:\/\/www.capri-matique.com\/client\/aprfae5\/equipe\/"]}]},{"@type":"BreadcrumbList","@id":"https:\/\/www.capri-matique.com\/client\/aprfae5\/equipe\/#breadcrumb","itemListElement":[{"@type":"ListItem","position":1,"name":"Accueil","item":"https:\/\/www.capri-matique.com\/client\/aprfae5\/"},{"@type":"ListItem","position":2,"name":"Notre \u00e9quipe"}]}]}},"_links":{"self":[{"href":"https:\/\/www.capri-matique.com\/client\/aprfae5\/wp-json\/wp\/v2\/pages\/271","targetHints":{"allow":["GET"]}}],"collection":[{"href":"https:\/\/www.capri-matique.com\/client\/aprfae5\/wp-json\/wp\/v2\/pages"}],"about":[{"href":"https:\/\/www.capri-matique.com\/client\/aprfae5\/wp-json\/wp\/v2\/types\/page"}],"author":[{"embeddable":true,"href":"https:\/\/www.capri-matique.com\/client\/aprfae5\/wp-json\/wp\/v2\/users\/2"}],"replies":[{"embeddable":true,"href":"https:\/\/www.capri-matique.com\/client\/aprfae5\/wp-json\/wp\/v2\/comments?post=271"}],"version-history":[{"count":15,"href":"https:\/\/www.capri-matique.com\/client\/aprfae5\/wp-json\/wp\/v2\/pages\/271\/revisions"}],"predecessor-version":[{"id":935,"href":"https:\/\/www.capri-matique.com\/client\/aprfae5\/wp-json\/wp\/v2\/pages\/271\/revisions\/935"}],"wp:attachment":[{"href":"https:\/\/www.capri-matique.com\/client\/aprfae5\/wp-json\/wp\/v2\/media?parent=271"}],"curies":[{"name":"wp","href":"https:\/\/api.w.org\/{rel}","templated":true}]}}