{"id":1378,"date":"2016-06-01T20:38:38","date_gmt":"2016-06-01T20:38:38","guid":{"rendered":"https:\/\/capri-matique.com\/client\/aprfae5\/?page_id=8"},"modified":"2023-05-01T11:28:57","modified_gmt":"2023-05-01T15:28:57","slug":"planification","status":"publish","type":"page","link":"https:\/\/www.capri-matique.com\/client\/aprfae5\/planification\/","title":{"rendered":"Planifier sa retraite"},"content":{"rendered":"<section id=\"builder-section-1475010671909\" class=\"builder-section-first builder-section builder-section-panels builder-section-last accordion-mode\" style=\"background-size: cover; background-repeat: no-repeat;background-position: center center;\">\n<div class=\"builder-section-content\">\n<div class=\"ttfmp-accordion-container\" data-height-style=\"\"  data-start-collapsed=\"false\">\n<div id=\"ttfmp-panels-item-title-1475010671919\" class=\"ttfmp-panels-item-title\">\n\t<\/div>\n<div id=\"ttfmp-panels-item-content-1475010671919\" class=\"ttfmp-panels-item-content\">\n<p style=\"text-align: justify;\">Afin de permettre une bonne planification de la retraite, l&#8217;APRFAE pr\u00e9voit deux types de supports soit \u00a0 le <a href=\"https:\/\/capri-matique.com\/client\/aprfae5\/seminaire-2022-2023\/\" target=\"_blank\" rel=\"noopener noreferrer\">S\u00e9minaire de planification de la retraite<\/a> et une <a href=\"https:\/\/capri-matique.com\/client\/aprfae5\/trousse\/\" target=\"_blank\" rel=\"noopener noreferrer\">trousse d&#8217;information<\/a>, contenant des renseignements importants, pr\u00e9alables \u00e0 la prise de la retraite.<\/p>\n<hr class=\"ttfmake-hr\" style=\"border-style: dotted; border-top-width: 2px;\" \/>\n<p style=\"text-align: center;\"><strong><span style=\"font-size: 14pt;\">Planifier sa retraite\u00a0<\/span><\/strong><\/p>\n<p>Voici quelques ressources pour les personnes qui ont besoin d&#8217;information rapidement en lien avec la prise de retraite. Pour des renseignements sur:<\/p>\n<p><strong>Les r\u00e9gimes de retraite (RREGOP et RRQ)<\/strong> : Appelez Retraite Qu\u00e9bec au 1 800 463-5533<\/p>\n<p><strong>Les questions juridiques<\/strong> : Trouvez un notaire gr\u00e2ce \u00e0 l&#8217;outil de recherche mis \u00e0 la disposition du public par la <a href=\"https:\/\/trouverunnotaire.cnq.org\/\" target=\"_blank\" rel=\"noopener noreferrer\">Chambre des notaires du Qu\u00e9bec<\/a><\/p>\n<p><strong>Les assurances \u00e0 la retraite:<\/strong> Visitez notre page Web sur les assurances en cliquant <a href=\"https:\/\/capri-matique.com\/client\/aprfae5\/assurances\/\" target=\"_blank\" rel=\"noopener noreferrer\">ici !<\/a><\/p>\n<p><strong>Gestion financi\u00e8re \u00e0 la retraite<\/strong> : Vous pouvez prendre un rendez-vous avec un conseiller virtuel <span style=\"display: inline !important; float: none; color: #171717; cursor: text; font-family: 'Telex','Helvetica Neue',Helvetica,Arial,sans-serif; font-size: 15px; font-style: normal; font-variant: normal; font-weight: 400; letter-spacing: normal; orphans: 2; text-align: left; text-decoration: none; text-indent: 0px; text-transform: none; -webkit-text-stroke-width: 0px; white-space: normal; word-spacing: 0px;\">de la Caisse Desjardins de l&#8217;\u00e9ducation<span style=\"background-color: transparent;\">, <\/span><\/span>en appelant au 1 877 442-3382 ou en cliquant sur ce bouton:<\/p>\n<p><a href=\"mailto:cld@desjardins.com\" target=\"_blank\" rel=\"noopener noreferrer\"><img decoding=\"async\" class=\"aligncenter\" src=\"https:\/\/capri-matique.com\/client\/aprfae5\/wp-content\/uploads\/2020\/04\/Bouton_PF_APRFAE.jpg\" alt=\"Rendez-vous planification\" width=\"255\" height=\"94\" \/><\/a><\/p>\n<\/div><\/div>\n<\/p><\/div>\n<\/section>\n","protected":false},"excerpt":{"rendered":"<p>Afin de permettre une bonne planification de la retraite, l&#8217;APRFAE pr\u00e9voit deux types de supports soit \u00a0 le S\u00e9minaire de planification de la retraite et une trousse d&#8217;information, contenant des renseignements importants, pr\u00e9alables \u00e0 la prise de la retraite. Planifier sa retraite\u00a0 Voici quelques ressources pour les personnes qui ont besoin d&#8217;information rapidement en lien &hellip;<\/p>\n","protected":false},"author":2,"featured_media":0,"parent":0,"menu_order":0,"comment_status":"closed","ping_status":"closed","template":"template-builder.php","meta":{"footnotes":""},"class_list":["post-1378","page","type-page","status-publish","hentry"],"yoast_head":"<!-- This site is optimized with the Yoast SEO plugin v17.3 - https:\/\/yoast.com\/wordpress\/plugins\/seo\/ -->\n<title>Planifier sa retraite - Association de personnes retrait\u00e9es de la FAE<\/title>\n<meta name=\"robots\" content=\"noindex, follow, max-snippet:-1, max-image-preview:large, max-video-preview:-1\" \/>\n<meta property=\"og:locale\" content=\"fr_FR\" \/>\n<meta property=\"og:type\" content=\"article\" \/>\n<meta property=\"og:title\" content=\"Planifier sa retraite - Association de personnes retrait\u00e9es de la FAE\" \/>\n<meta property=\"og:description\" content=\"Afin de permettre une bonne planification de la retraite, l&#8217;APRFAE pr\u00e9voit deux types de supports soit \u00a0 le S\u00e9minaire de planification de la retraite et une trousse d&#8217;information, contenant des renseignements importants, pr\u00e9alables \u00e0 la prise de la retraite. Planifier sa retraite\u00a0 Voici quelques ressources pour les personnes qui ont besoin d&#8217;information rapidement en lien &hellip;\" \/>\n<meta property=\"og:url\" content=\"https:\/\/www.capri-matique.com\/client\/aprfae5\/planification\/\" \/>\n<meta property=\"og:site_name\" content=\"Association de personnes retrait\u00e9es de la FAE\" \/>\n<meta property=\"article:modified_time\" content=\"2023-05-01T15:28:57+00:00\" \/>\n<meta property=\"og:image\" content=\"https:\/\/capri-matique.com\/client\/aprfae5\/wp-content\/uploads\/2020\/04\/Bouton_PF_APRFAE.jpg\" \/>\n<meta name=\"twitter:card\" content=\"summary\" \/>\n<meta name=\"twitter:label1\" content=\"Dur\u00e9e de lecture estim\u00e9e\" \/>\n\t<meta name=\"twitter:data1\" content=\"1 minute\" \/>\n<script type=\"application\/ld+json\" class=\"yoast-schema-graph\">{\"@context\":\"https:\/\/schema.org\",\"@graph\":[{\"@type\":\"WebSite\",\"@id\":\"https:\/\/www.capri-matique.com\/client\/aprfae5\/#website\",\"url\":\"https:\/\/www.capri-matique.com\/client\/aprfae5\/\",\"name\":\"Association de personnes retrait\\u00e9es de la FAE\",\"description\":\"L&#039;association qui nous unit\",\"potentialAction\":[{\"@type\":\"SearchAction\",\"target\":{\"@type\":\"EntryPoint\",\"urlTemplate\":\"https:\/\/www.capri-matique.com\/client\/aprfae5\/?s={search_term_string}\"},\"query-input\":\"required name=search_term_string\"}],\"inLanguage\":\"fr-FR\"},{\"@type\":\"ImageObject\",\"@id\":\"https:\/\/www.capri-matique.com\/client\/aprfae5\/planification\/#primaryimage\",\"inLanguage\":\"fr-FR\",\"url\":\"https:\/\/capri-matique.com\/client\/aprfae5\/wp-content\/uploads\/2020\/04\/Bouton_PF_APRFAE.jpg\",\"contentUrl\":\"https:\/\/capri-matique.com\/client\/aprfae5\/wp-content\/uploads\/2020\/04\/Bouton_PF_APRFAE.jpg\"},{\"@type\":\"WebPage\",\"@id\":\"https:\/\/www.capri-matique.com\/client\/aprfae5\/planification\/#webpage\",\"url\":\"https:\/\/www.capri-matique.com\/client\/aprfae5\/planification\/\",\"name\":\"Planifier sa retraite - Association de personnes retrait\\u00e9es de la FAE\",\"isPartOf\":{\"@id\":\"https:\/\/www.capri-matique.com\/client\/aprfae5\/#website\"},\"primaryImageOfPage\":{\"@id\":\"https:\/\/www.capri-matique.com\/client\/aprfae5\/planification\/#primaryimage\"},\"datePublished\":\"2016-06-01T20:38:38+00:00\",\"dateModified\":\"2023-05-01T15:28:57+00:00\",\"breadcrumb\":{\"@id\":\"https:\/\/www.capri-matique.com\/client\/aprfae5\/planification\/#breadcrumb\"},\"inLanguage\":\"fr-FR\",\"potentialAction\":[{\"@type\":\"ReadAction\",\"target\":[\"https:\/\/www.capri-matique.com\/client\/aprfae5\/planification\/\"]}]},{\"@type\":\"BreadcrumbList\",\"@id\":\"https:\/\/www.capri-matique.com\/client\/aprfae5\/planification\/#breadcrumb\",\"itemListElement\":[{\"@type\":\"ListItem\",\"position\":1,\"name\":\"Accueil\",\"item\":\"https:\/\/www.capri-matique.com\/client\/aprfae5\/\"},{\"@type\":\"ListItem\",\"position\":2,\"name\":\"Planifier sa retraite\"}]}]}<\/script>\n<!-- \/ Yoast SEO plugin. -->","yoast_head_json":{"title":"Planifier sa retraite - Association de personnes retrait\u00e9es de la FAE","robots":{"index":"noindex","follow":"follow","max-snippet":"max-snippet:-1","max-image-preview":"max-image-preview:large","max-video-preview":"max-video-preview:-1"},"og_locale":"fr_FR","og_type":"article","og_title":"Planifier sa retraite - Association de personnes retrait\u00e9es de la FAE","og_description":"Afin de permettre une bonne planification de la retraite, l&#8217;APRFAE pr\u00e9voit deux types de supports soit \u00a0 le S\u00e9minaire de planification de la retraite et une trousse d&#8217;information, contenant des renseignements importants, pr\u00e9alables \u00e0 la prise de la retraite. Planifier sa retraite\u00a0 Voici quelques ressources pour les personnes qui ont besoin d&#8217;information rapidement en lien &hellip;","og_url":"https:\/\/www.capri-matique.com\/client\/aprfae5\/planification\/","og_site_name":"Association de personnes retrait\u00e9es de la FAE","article_modified_time":"2023-05-01T15:28:57+00:00","og_image":[{"url":"https:\/\/capri-matique.com\/client\/aprfae5\/wp-content\/uploads\/2020\/04\/Bouton_PF_APRFAE.jpg"}],"twitter_card":"summary","twitter_misc":{"Dur\u00e9e de lecture estim\u00e9e":"1 minute"},"schema":{"@context":"https:\/\/schema.org","@graph":[{"@type":"WebSite","@id":"https:\/\/www.capri-matique.com\/client\/aprfae5\/#website","url":"https:\/\/www.capri-matique.com\/client\/aprfae5\/","name":"Association de personnes retrait\u00e9es de la FAE","description":"L&#039;association qui nous unit","potentialAction":[{"@type":"SearchAction","target":{"@type":"EntryPoint","urlTemplate":"https:\/\/www.capri-matique.com\/client\/aprfae5\/?s={search_term_string}"},"query-input":"required name=search_term_string"}],"inLanguage":"fr-FR"},{"@type":"ImageObject","@id":"https:\/\/www.capri-matique.com\/client\/aprfae5\/planification\/#primaryimage","inLanguage":"fr-FR","url":"https:\/\/capri-matique.com\/client\/aprfae5\/wp-content\/uploads\/2020\/04\/Bouton_PF_APRFAE.jpg","contentUrl":"https:\/\/capri-matique.com\/client\/aprfae5\/wp-content\/uploads\/2020\/04\/Bouton_PF_APRFAE.jpg"},{"@type":"WebPage","@id":"https:\/\/www.capri-matique.com\/client\/aprfae5\/planification\/#webpage","url":"https:\/\/www.capri-matique.com\/client\/aprfae5\/planification\/","name":"Planifier sa retraite - Association de personnes retrait\u00e9es de la FAE","isPartOf":{"@id":"https:\/\/www.capri-matique.com\/client\/aprfae5\/#website"},"primaryImageOfPage":{"@id":"https:\/\/www.capri-matique.com\/client\/aprfae5\/planification\/#primaryimage"},"datePublished":"2016-06-01T20:38:38+00:00","dateModified":"2023-05-01T15:28:57+00:00","breadcrumb":{"@id":"https:\/\/www.capri-matique.com\/client\/aprfae5\/planification\/#breadcrumb"},"inLanguage":"fr-FR","potentialAction":[{"@type":"ReadAction","target":["https:\/\/www.capri-matique.com\/client\/aprfae5\/planification\/"]}]},{"@type":"BreadcrumbList","@id":"https:\/\/www.capri-matique.com\/client\/aprfae5\/planification\/#breadcrumb","itemListElement":[{"@type":"ListItem","position":1,"name":"Accueil","item":"https:\/\/www.capri-matique.com\/client\/aprfae5\/"},{"@type":"ListItem","position":2,"name":"Planifier sa retraite"}]}]}},"_links":{"self":[{"href":"https:\/\/www.capri-matique.com\/client\/aprfae5\/wp-json\/wp\/v2\/pages\/1378","targetHints":{"allow":["GET"]}}],"collection":[{"href":"https:\/\/www.capri-matique.com\/client\/aprfae5\/wp-json\/wp\/v2\/pages"}],"about":[{"href":"https:\/\/www.capri-matique.com\/client\/aprfae5\/wp-json\/wp\/v2\/types\/page"}],"author":[{"embeddable":true,"href":"https:\/\/www.capri-matique.com\/client\/aprfae5\/wp-json\/wp\/v2\/users\/2"}],"replies":[{"embeddable":true,"href":"https:\/\/www.capri-matique.com\/client\/aprfae5\/wp-json\/wp\/v2\/comments?post=1378"}],"version-history":[{"count":64,"href":"https:\/\/www.capri-matique.com\/client\/aprfae5\/wp-json\/wp\/v2\/pages\/1378\/revisions"}],"predecessor-version":[{"id":8398,"href":"https:\/\/www.capri-matique.com\/client\/aprfae5\/wp-json\/wp\/v2\/pages\/1378\/revisions\/8398"}],"wp:attachment":[{"href":"https:\/\/www.capri-matique.com\/client\/aprfae5\/wp-json\/wp\/v2\/media?parent=1378"}],"curies":[{"name":"wp","href":"https:\/\/api.w.org\/{rel}","templated":true}]}}