{"version":"1.0","provider_name":"Association de personnes retrait\u00e9es de la FAE","provider_url":"https:\/\/www.capri-matique.com\/client\/aprfae5","title":"Comit\u00e9 de l'environnement - Association de personnes retrait\u00e9es de la FAE","type":"rich","width":600,"height":338,"html":"<blockquote class=\"wp-embedded-content\" data-secret=\"6L5C6AE33t\"><a href=\"https:\/\/www.capri-matique.com\/client\/aprfae5\/statutaires\/comite-de-lenvironnement\/\">Comit\u00e9 de l&#8217;environnement<\/a><\/blockquote><iframe sandbox=\"allow-scripts\" security=\"restricted\" src=\"https:\/\/www.capri-matique.com\/client\/aprfae5\/statutaires\/comite-de-lenvironnement\/embed\/#?secret=6L5C6AE33t\" width=\"600\" height=\"338\" title=\"\u00ab\u00a0Comit\u00e9 de l&#8217;environnement\u00a0\u00bb &#8212; Association de personnes retrait\u00e9es de la FAE\" data-secret=\"6L5C6AE33t\" frameborder=\"0\" marginwidth=\"0\" marginheight=\"0\" scrolling=\"no\" class=\"wp-embedded-content\"><\/iframe><script type=\"text\/javascript\">\n\/* <![CDATA[ *\/\n\/*! This file is auto-generated *\/\n!function(d,l){\"use strict\";l.querySelector&&d.addEventListener&&\"undefined\"!=typeof URL&&(d.wp=d.wp||{},d.wp.receiveEmbedMessage||(d.wp.receiveEmbedMessage=function(e){var t=e.data;if((t||t.secret||t.message||t.value)&&!\/[^a-zA-Z0-9]\/.test(t.secret)){for(var s,r,n,a=l.querySelectorAll('iframe[data-secret=\"'+t.secret+'\"]'),o=l.querySelectorAll('blockquote[data-secret=\"'+t.secret+'\"]'),c=new RegExp(\"^https?:$\",\"i\"),i=0;i<o.length;i++)o[i].style.display=\"none\";for(i=0;i<a.length;i++)s=a[i],e.source===s.contentWindow&&(s.removeAttribute(\"style\"),\"height\"===t.message?(1e3<(r=parseInt(t.value,10))?r=1e3:~~r<200&&(r=200),s.height=r):\"link\"===t.message&&(r=new URL(s.getAttribute(\"src\")),n=new URL(t.value),c.test(n.protocol))&&n.host===r.host&&l.activeElement===s&&(d.top.location.href=t.value))}},d.addEventListener(\"message\",d.wp.receiveEmbedMessage,!1),l.addEventListener(\"DOMContentLoaded\",function(){for(var e,t,s=l.querySelectorAll(\"iframe.wp-embedded-content\"),r=0;r<s.length;r++)(t=(e=s[r]).getAttribute(\"data-secret\"))||(t=Math.random().toString(36).substring(2,12),e.src+=\"#?secret=\"+t,e.setAttribute(\"data-secret\",t)),e.contentWindow.postMessage({message:\"ready\",secret:t},\"*\")},!1)))}(window,document);\n\/* ]]> *\/\n<\/script>\n","description":"Le comit\u00e9 de l&#8217;environnement 2020-2021 est form\u00e9 de: Siham Abou Nasr Line Gravel Christian Page Badi\u00e2a Sekfali Jos\u00e9e White Jocelyne Dupuis, responsable politique Son mandat Le Comit\u00e9 de l\u2019environnement, sous la responsabilit\u00e9 d\u2019un membre du Conseil d\u2019administration, conseille l\u2019Association sur des sujets d\u2019ordre environnemental. Il se r\u00e9unit trois (3) fois par ann\u00e9e. Le comit\u00e9 doit &hellip;"}