{"version":"1.0","provider_name":"Association de personnes retrait\u00e9es de la FAE","provider_url":"https:\/\/www.capri-matique.com\/client\/aprfae5","title":"Semaine pour l'\u00e9cole publique - Association de personnes retrait\u00e9es de la FAE","type":"rich","width":600,"height":338,"html":"<blockquote class=\"wp-embedded-content\" data-secret=\"xLnuCAwOc9\"><a href=\"https:\/\/www.capri-matique.com\/client\/aprfae5\/semaine-pour-lecole-publique\/\">Semaine pour l&#8217;\u00e9cole publique<\/a><\/blockquote><iframe sandbox=\"allow-scripts\" security=\"restricted\" src=\"https:\/\/www.capri-matique.com\/client\/aprfae5\/semaine-pour-lecole-publique\/embed\/#?secret=xLnuCAwOc9\" width=\"600\" height=\"338\" title=\"\u00ab\u00a0Semaine pour l&#8217;\u00e9cole publique\u00a0\u00bb &#8212; Association de personnes retrait\u00e9es de la FAE\" data-secret=\"xLnuCAwOc9\" frameborder=\"0\" marginwidth=\"0\" marginheight=\"0\" scrolling=\"no\" class=\"wp-embedded-content\"><\/iframe><script type=\"text\/javascript\">\n\/* <![CDATA[ *\/\n\/*! This file is auto-generated *\/\n!function(d,l){\"use strict\";l.querySelector&&d.addEventListener&&\"undefined\"!=typeof URL&&(d.wp=d.wp||{},d.wp.receiveEmbedMessage||(d.wp.receiveEmbedMessage=function(e){var t=e.data;if((t||t.secret||t.message||t.value)&&!\/[^a-zA-Z0-9]\/.test(t.secret)){for(var s,r,n,a=l.querySelectorAll('iframe[data-secret=\"'+t.secret+'\"]'),o=l.querySelectorAll('blockquote[data-secret=\"'+t.secret+'\"]'),c=new RegExp(\"^https?:$\",\"i\"),i=0;i<o.length;i++)o[i].style.display=\"none\";for(i=0;i<a.length;i++)s=a[i],e.source===s.contentWindow&&(s.removeAttribute(\"style\"),\"height\"===t.message?(1e3<(r=parseInt(t.value,10))?r=1e3:~~r<200&&(r=200),s.height=r):\"link\"===t.message&&(r=new URL(s.getAttribute(\"src\")),n=new URL(t.value),c.test(n.protocol))&&n.host===r.host&&l.activeElement===s&&(d.top.location.href=t.value))}},d.addEventListener(\"message\",d.wp.receiveEmbedMessage,!1),l.addEventListener(\"DOMContentLoaded\",function(){for(var e,t,s=l.querySelectorAll(\"iframe.wp-embedded-content\"),r=0;r<s.length;r++)(t=(e=s[r]).getAttribute(\"data-secret\"))||(t=Math.random().toString(36).substring(2,12),e.src+=\"#?secret=\"+t,e.setAttribute(\"data-secret\",t)),e.contentWindow.postMessage({message:\"ready\",secret:t},\"*\")},!1)))}(window,document);\n\/* ]]> *\/\n<\/script>\n","description":"L\u2019APRFAE est heureuse de participer \u00e0 la semaine pour l&#8217;\u00e9cole publique! Comme c\u2019est le cas depuis maintenant 11 ans, la FAE organise la Semaine Pour l\u2019\u00c9cole Publique du 2 au 8 octobre 2023. Au cours de cette semaine, nous pourrons \u00e9galement souligner la Journ\u00e9e mondiale des enseignantes et des\u00a0enseignants le 5 octobre. Son porte-parole, Simon &hellip;","thumbnail_url":"https:\/\/capri-matique.com\/client\/aprfae5\/wp-content\/uploads\/2023\/10\/BANNIERE_SPEP_1920x1155_2023_VF-1024x616.jpg"}