{"version":"1.0","provider_name":"Association de personnes retrait\u00e9es de la FAE","provider_url":"https:\/\/www.capri-matique.com\/client\/aprfae5","title":"Suivez la n\u00e9gociation - Association de personnes retrait\u00e9es de la FAE","type":"rich","width":600,"height":338,"html":"<blockquote class=\"wp-embedded-content\" data-secret=\"EKPfusK8Ou\"><a href=\"https:\/\/www.capri-matique.com\/client\/aprfae5\/resume-manifestation\/\">Suivez la n\u00e9gociation<\/a><\/blockquote><iframe sandbox=\"allow-scripts\" security=\"restricted\" src=\"https:\/\/www.capri-matique.com\/client\/aprfae5\/resume-manifestation\/embed\/#?secret=EKPfusK8Ou\" width=\"600\" height=\"338\" title=\"\u00ab\u00a0Suivez la n\u00e9gociation\u00a0\u00bb &#8212; Association de personnes retrait\u00e9es de la FAE\" data-secret=\"EKPfusK8Ou\" frameborder=\"0\" marginwidth=\"0\" marginheight=\"0\" scrolling=\"no\" class=\"wp-embedded-content\"><\/iframe><script type=\"text\/javascript\">\n\/* <![CDATA[ *\/\n\/*! This file is auto-generated *\/\n!function(d,l){\"use strict\";l.querySelector&&d.addEventListener&&\"undefined\"!=typeof URL&&(d.wp=d.wp||{},d.wp.receiveEmbedMessage||(d.wp.receiveEmbedMessage=function(e){var t=e.data;if((t||t.secret||t.message||t.value)&&!\/[^a-zA-Z0-9]\/.test(t.secret)){for(var s,r,n,a=l.querySelectorAll('iframe[data-secret=\"'+t.secret+'\"]'),o=l.querySelectorAll('blockquote[data-secret=\"'+t.secret+'\"]'),c=new RegExp(\"^https?:$\",\"i\"),i=0;i<o.length;i++)o[i].style.display=\"none\";for(i=0;i<a.length;i++)s=a[i],e.source===s.contentWindow&&(s.removeAttribute(\"style\"),\"height\"===t.message?(1e3<(r=parseInt(t.value,10))?r=1e3:~~r<200&&(r=200),s.height=r):\"link\"===t.message&&(r=new URL(s.getAttribute(\"src\")),n=new URL(t.value),c.test(n.protocol))&&n.host===r.host&&l.activeElement===s&&(d.top.location.href=t.value))}},d.addEventListener(\"message\",d.wp.receiveEmbedMessage,!1),l.addEventListener(\"DOMContentLoaded\",function(){for(var e,t,s=l.querySelectorAll(\"iframe.wp-embedded-content\"),r=0;r<s.length;r++)(t=(e=s[r]).getAttribute(\"data-secret\"))||(t=Math.random().toString(36).substring(2,12),e.src+=\"#?secret=\"+t,e.setAttribute(\"data-secret\",t)),e.contentWindow.postMessage({message:\"ready\",secret:t},\"*\")},!1)))}(window,document);\n\/* ]]> *\/\n<\/script>\n","description":"Le jeudi 23 novembre dernier s\u2019est d\u00e9roul\u00e9e la Grande marche pour les profs et l\u2019\u00e9cole publique. Cette manifestation organis\u00e9e par la F\u00e9d\u00e9ration autonome de l\u2019enseignement (FAE) marquait le coup d\u2019envoi quant au d\u00e9clenchement de la gr\u00e8ve g\u00e9n\u00e9rale illimit\u00e9e des enseignantes et enseignants membres des syndicats affili\u00e9s \u00e0 la FAE. Pour suivre l\u2019\u00e9volution de cette importante &hellip;","thumbnail_url":"https:\/\/capri-matique.com\/client\/aprfae5\/wp-content\/uploads\/2023\/11\/Solidaire-choix-300x300.jpg"}