{"version":"1.0","provider_name":"Association de personnes retrait\u00e9es de la FAE","provider_url":"https:\/\/www.capri-matique.com\/client\/aprfae5","title":"Premier projet de coop\u00e9ration internationale pour l\u2019APRFAE - Association de personnes retrait\u00e9es de la FAE","type":"rich","width":600,"height":338,"html":"<blockquote class=\"wp-embedded-content\" data-secret=\"wx78xiiA4H\"><a href=\"https:\/\/www.capri-matique.com\/client\/aprfae5\/premier-projet-de-cooperation-internationale-laprfae\/\">Premier projet de coop\u00e9ration internationale pour l\u2019APRFAE<\/a><\/blockquote><iframe sandbox=\"allow-scripts\" security=\"restricted\" src=\"https:\/\/www.capri-matique.com\/client\/aprfae5\/premier-projet-de-cooperation-internationale-laprfae\/embed\/#?secret=wx78xiiA4H\" width=\"600\" height=\"338\" title=\"\u00ab\u00a0Premier projet de coop\u00e9ration internationale pour l\u2019APRFAE\u00a0\u00bb &#8212; Association de personnes retrait\u00e9es de la FAE\" data-secret=\"wx78xiiA4H\" frameborder=\"0\" marginwidth=\"0\" marginheight=\"0\" scrolling=\"no\" class=\"wp-embedded-content\"><\/iframe><script type=\"text\/javascript\">\n\/* <![CDATA[ *\/\n\/*! This file is auto-generated *\/\n!function(d,l){\"use strict\";l.querySelector&&d.addEventListener&&\"undefined\"!=typeof URL&&(d.wp=d.wp||{},d.wp.receiveEmbedMessage||(d.wp.receiveEmbedMessage=function(e){var t=e.data;if((t||t.secret||t.message||t.value)&&!\/[^a-zA-Z0-9]\/.test(t.secret)){for(var s,r,n,a=l.querySelectorAll('iframe[data-secret=\"'+t.secret+'\"]'),o=l.querySelectorAll('blockquote[data-secret=\"'+t.secret+'\"]'),c=new RegExp(\"^https?:$\",\"i\"),i=0;i<o.length;i++)o[i].style.display=\"none\";for(i=0;i<a.length;i++)s=a[i],e.source===s.contentWindow&&(s.removeAttribute(\"style\"),\"height\"===t.message?(1e3<(r=parseInt(t.value,10))?r=1e3:~~r<200&&(r=200),s.height=r):\"link\"===t.message&&(r=new URL(s.getAttribute(\"src\")),n=new URL(t.value),c.test(n.protocol))&&n.host===r.host&&l.activeElement===s&&(d.top.location.href=t.value))}},d.addEventListener(\"message\",d.wp.receiveEmbedMessage,!1),l.addEventListener(\"DOMContentLoaded\",function(){for(var e,t,s=l.querySelectorAll(\"iframe.wp-embedded-content\"),r=0;r<s.length;r++)(t=(e=s[r]).getAttribute(\"data-secret\"))||(t=Math.random().toString(36).substring(2,12),e.src+=\"#?secret=\"+t,e.setAttribute(\"data-secret\",t)),e.contentWindow.postMessage({message:\"ready\",secret:t},\"*\")},!1)))}(window,document);\n\/* ]]> *\/\n<\/script>\n","description":"Montr\u00e9al, le 1er f\u00e9vrier 2019 \u2013 L\u2019Association de personnes retrait\u00e9es de la FAE est fi\u00e8re d\u2019annoncer la tenue de sa toute premi\u00e8re campagne de financement, au profit de la Nouvelle \u00e9cole La Tomarine, en Ha\u00efti. Du 1er f\u00e9vrier au 31 mars 2019, l\u2019APRFAE recueillera vos dons en vue de la reconstruction de la b\u00e2tisse, d\u00e9truite &hellip;"}