{"version":"1.0","provider_name":"Association de personnes retrait\u00e9es de la FAE","provider_url":"https:\/\/www.capri-matique.com\/client\/aprfae5","title":"La Plan\u00e8te s'invite au parlement - Association de personnes retrait\u00e9es de la FAE","type":"rich","width":600,"height":338,"html":"<blockquote class=\"wp-embedded-content\" data-secret=\"lCqaDxTvl4\"><a href=\"https:\/\/www.capri-matique.com\/client\/aprfae5\/planete-sinvite-parlement\/\">La Plan\u00e8te s&#8217;invite au parlement<\/a><\/blockquote><iframe sandbox=\"allow-scripts\" security=\"restricted\" src=\"https:\/\/www.capri-matique.com\/client\/aprfae5\/planete-sinvite-parlement\/embed\/#?secret=lCqaDxTvl4\" width=\"600\" height=\"338\" title=\"\u00ab\u00a0La Plan\u00e8te s&#8217;invite au parlement\u00a0\u00bb &#8212; Association de personnes retrait\u00e9es de la FAE\" data-secret=\"lCqaDxTvl4\" frameborder=\"0\" marginwidth=\"0\" marginheight=\"0\" scrolling=\"no\" class=\"wp-embedded-content\"><\/iframe><script type=\"text\/javascript\">\n\/* <![CDATA[ *\/\n\/*! This file is auto-generated *\/\n!function(d,l){\"use strict\";l.querySelector&&d.addEventListener&&\"undefined\"!=typeof URL&&(d.wp=d.wp||{},d.wp.receiveEmbedMessage||(d.wp.receiveEmbedMessage=function(e){var t=e.data;if((t||t.secret||t.message||t.value)&&!\/[^a-zA-Z0-9]\/.test(t.secret)){for(var s,r,n,a=l.querySelectorAll('iframe[data-secret=\"'+t.secret+'\"]'),o=l.querySelectorAll('blockquote[data-secret=\"'+t.secret+'\"]'),c=new RegExp(\"^https?:$\",\"i\"),i=0;i<o.length;i++)o[i].style.display=\"none\";for(i=0;i<a.length;i++)s=a[i],e.source===s.contentWindow&&(s.removeAttribute(\"style\"),\"height\"===t.message?(1e3<(r=parseInt(t.value,10))?r=1e3:~~r<200&&(r=200),s.height=r):\"link\"===t.message&&(r=new URL(s.getAttribute(\"src\")),n=new URL(t.value),c.test(n.protocol))&&n.host===r.host&&l.activeElement===s&&(d.top.location.href=t.value))}},d.addEventListener(\"message\",d.wp.receiveEmbedMessage,!1),l.addEventListener(\"DOMContentLoaded\",function(){for(var e,t,s=l.querySelectorAll(\"iframe.wp-embedded-content\"),r=0;r<s.length;r++)(t=(e=s[r]).getAttribute(\"data-secret\"))||(t=Math.random().toString(36).substring(2,12),e.src+=\"#?secret=\"+t,e.setAttribute(\"data-secret\",t)),e.contentWindow.postMessage({message:\"ready\",secret:t},\"*\")},!1)))}(window,document);\n\/* ]]> *\/\n<\/script>\n","description":"L\u2019union fait la force. L\u2019enjeu est capital, et le temps, compt\u00e9. La Plan\u00e8te s\u2019invite au parlement est une collectif form\u00e9 de citoyennes et de citoyens b\u00e9n\u00e9voles qui ont d\u00e9cid\u00e9 de mettre leurs forces en commun. Il s\u2019agit d\u2019un groupe ind\u00e9pendant, non partisan, m\u00fb par sa seule volont\u00e9 d\u2019inciter nos gouvernements \u00e0 prendre les mesures n\u00e9cessaires &hellip;"}