{"version":"1.0","provider_name":"Association de personnes retrait\u00e9es de la FAE","provider_url":"https:\/\/www.capri-matique.com\/client\/aprfae5","title":"Nationaliser les r\u00e9sidences pour personnes a\u00een\u00e9es? - Association de personnes retrait\u00e9es de la FAE","type":"rich","width":600,"height":338,"html":"<blockquote class=\"wp-embedded-content\" data-secret=\"yheOznHoNS\"><a href=\"https:\/\/www.capri-matique.com\/client\/aprfae5\/nationaliser-les-residences-pour-personnes-ainees\/\">Nationaliser les r\u00e9sidences pour personnes a\u00een\u00e9es?<\/a><\/blockquote><iframe sandbox=\"allow-scripts\" security=\"restricted\" src=\"https:\/\/www.capri-matique.com\/client\/aprfae5\/nationaliser-les-residences-pour-personnes-ainees\/embed\/#?secret=yheOznHoNS\" width=\"600\" height=\"338\" title=\"\u00ab\u00a0Nationaliser les r\u00e9sidences pour personnes a\u00een\u00e9es?\u00a0\u00bb &#8212; Association de personnes retrait\u00e9es de la FAE\" data-secret=\"yheOznHoNS\" frameborder=\"0\" marginwidth=\"0\" marginheight=\"0\" scrolling=\"no\" class=\"wp-embedded-content\"><\/iframe><script type=\"text\/javascript\">\n\/* <![CDATA[ *\/\n\/*! This file is auto-generated *\/\n!function(d,l){\"use strict\";l.querySelector&&d.addEventListener&&\"undefined\"!=typeof URL&&(d.wp=d.wp||{},d.wp.receiveEmbedMessage||(d.wp.receiveEmbedMessage=function(e){var t=e.data;if((t||t.secret||t.message||t.value)&&!\/[^a-zA-Z0-9]\/.test(t.secret)){for(var s,r,n,a=l.querySelectorAll('iframe[data-secret=\"'+t.secret+'\"]'),o=l.querySelectorAll('blockquote[data-secret=\"'+t.secret+'\"]'),c=new RegExp(\"^https?:$\",\"i\"),i=0;i<o.length;i++)o[i].style.display=\"none\";for(i=0;i<a.length;i++)s=a[i],e.source===s.contentWindow&&(s.removeAttribute(\"style\"),\"height\"===t.message?(1e3<(r=parseInt(t.value,10))?r=1e3:~~r<200&&(r=200),s.height=r):\"link\"===t.message&&(r=new URL(s.getAttribute(\"src\")),n=new URL(t.value),c.test(n.protocol))&&n.host===r.host&&l.activeElement===s&&(d.top.location.href=t.value))}},d.addEventListener(\"message\",d.wp.receiveEmbedMessage,!1),l.addEventListener(\"DOMContentLoaded\",function(){for(var e,t,s=l.querySelectorAll(\"iframe.wp-embedded-content\"),r=0;r<s.length;r++)(t=(e=s[r]).getAttribute(\"data-secret\"))||(t=Math.random().toString(36).substring(2,12),e.src+=\"#?secret=\"+t,e.setAttribute(\"data-secret\",t)),e.contentWindow.postMessage({message:\"ready\",secret:t},\"*\")},!1)))}(window,document);\n\/* ]]> *\/\n<\/script>\n","description":"Nous le savons \u2013 et la triste exp\u00e9rience europ\u00e9enne aurait d\u00fb y pr\u00e9parer le gouvernement qu\u00e9b\u00e9cois \u2013, c\u2019est dans les centres d\u2019h\u00e9bergement et de soins de longue dur\u00e9e (CHSLD) et les r\u00e9sidences priv\u00e9es pour a\u00een\u00e9\u00b7e\u00b7s (RPA) que le virus provoque des h\u00e9catombes, l\u00e0 pr\u00e9cis\u00e9ment o\u00f9 il aurait fallu prendre le plus de pr\u00e9cautions. En date &hellip;"}