{"version":"1.0","provider_name":"Association de personnes retrait\u00e9es de la FAE","provider_url":"https:\/\/www.capri-matique.com\/client\/aprfae5","title":"MANIFESTATION DU 23 NOVEMBRE 2023 - Association de personnes retrait\u00e9es de la FAE","type":"rich","width":600,"height":338,"html":"<blockquote class=\"wp-embedded-content\" data-secret=\"d9FZhHIi0R\"><a href=\"https:\/\/www.capri-matique.com\/client\/aprfae5\/manifestation-du-23-novembre-2023\/\">MANIFESTATION DU 23 NOVEMBRE 2023<\/a><\/blockquote><iframe sandbox=\"allow-scripts\" security=\"restricted\" src=\"https:\/\/www.capri-matique.com\/client\/aprfae5\/manifestation-du-23-novembre-2023\/embed\/#?secret=d9FZhHIi0R\" width=\"600\" height=\"338\" title=\"\u00ab\u00a0MANIFESTATION DU 23 NOVEMBRE 2023\u00a0\u00bb &#8212; Association de personnes retrait\u00e9es de la FAE\" data-secret=\"d9FZhHIi0R\" frameborder=\"0\" marginwidth=\"0\" marginheight=\"0\" scrolling=\"no\" class=\"wp-embedded-content\"><\/iframe><script type=\"text\/javascript\">\n\/* <![CDATA[ *\/\n\/*! This file is auto-generated *\/\n!function(d,l){\"use strict\";l.querySelector&&d.addEventListener&&\"undefined\"!=typeof URL&&(d.wp=d.wp||{},d.wp.receiveEmbedMessage||(d.wp.receiveEmbedMessage=function(e){var t=e.data;if((t||t.secret||t.message||t.value)&&!\/[^a-zA-Z0-9]\/.test(t.secret)){for(var s,r,n,a=l.querySelectorAll('iframe[data-secret=\"'+t.secret+'\"]'),o=l.querySelectorAll('blockquote[data-secret=\"'+t.secret+'\"]'),c=new RegExp(\"^https?:$\",\"i\"),i=0;i<o.length;i++)o[i].style.display=\"none\";for(i=0;i<a.length;i++)s=a[i],e.source===s.contentWindow&&(s.removeAttribute(\"style\"),\"height\"===t.message?(1e3<(r=parseInt(t.value,10))?r=1e3:~~r<200&&(r=200),s.height=r):\"link\"===t.message&&(r=new URL(s.getAttribute(\"src\")),n=new URL(t.value),c.test(n.protocol))&&n.host===r.host&&l.activeElement===s&&(d.top.location.href=t.value))}},d.addEventListener(\"message\",d.wp.receiveEmbedMessage,!1),l.addEventListener(\"DOMContentLoaded\",function(){for(var e,t,s=l.querySelectorAll(\"iframe.wp-embedded-content\"),r=0;r<s.length;r++)(t=(e=s[r]).getAttribute(\"data-secret\"))||(t=Math.random().toString(36).substring(2,12),e.src+=\"#?secret=\"+t,e.setAttribute(\"data-secret\",t)),e.contentWindow.postMessage({message:\"ready\",secret:t},\"*\")},!1)))}(window,document);\n\/* ]]> *\/\n<\/script>\n","description":"&nbsp; &nbsp; PARTICIPATION \u00c0 LA MANIFESTATION DU 23 NOVEMBRE 2023 &#8211; SOLIDARIT\u00c9 ENVERS LES ENSEIGNANTES ET LES ENSEIGNANTS DE LA FAE! &nbsp; \u00a0\u00a0\u00a0\u00a0\u00a0\u00a0\u00a0\u00a0\u00a0\u00a0\u00a0\u00a0\u00a0\u00a0\u00a0\u00a0\u00a0\u00a0\u00a0\u00a0\u00a0\u00a0\u00a0\u00a0\u00a0\u00a0\u00a0\u00a0\u00a0\u00a0\u00a0\u00a0\u00a0\u00a0\u00a0\u00a0\u00a0\u00a0\u00a0\u00a0\u00a0\u00a0\u00a0\u00a0\u00a0\u00a0\u00a0\u00a0\u00a0\u00a0\u00a0\u00a0\u00a0\u00a0\u00a0\u00a0\u00a0\u00a0\u00a0\u00a0\u00a0\u00a0\u00a0\u00a0\u00a0\u00a0\u00a0\u00a0\u00a0\u00a0\u00a0\u00a0\u00a0\u00a0\u00a0\u00a0\u00a0\u00a0\u00a0 Rappelons-nous qu\u2019au cours de l\u2019automne, les assembl\u00e9es g\u00e9n\u00e9rales des neuf syndicats affili\u00e9s \u00e0 la F\u00e9d\u00e9ration autonome de l\u2019enseignement ont vot\u00e9 en faveur de la tenue d\u2019une gr\u00e8ve g\u00e9n\u00e9rale illimit\u00e9e (GGI) qui s\u2019amorcera &hellip;","thumbnail_url":"https:\/\/capri-matique.com\/client\/aprfae5\/wp-content\/uploads\/2023\/11\/Solidaire-choix-1024x1024.jpg"}