{"version":"1.0","provider_name":"Association de personnes retrait\u00e9es de la FAE","provider_url":"https:\/\/www.capri-matique.com\/client\/aprfae5","title":"Maintenir son \u00e9quilibre malgr\u00e9 la Covid - Association de personnes retrait\u00e9es de la FAE","type":"rich","width":600,"height":338,"html":"<blockquote class=\"wp-embedded-content\" data-secret=\"7cUaoaHspd\"><a href=\"https:\/\/www.capri-matique.com\/client\/aprfae5\/maintenir-son-equilibre-malgre-la-covid\/\">Maintenir son \u00e9quilibre malgr\u00e9 la Covid<\/a><\/blockquote><iframe sandbox=\"allow-scripts\" security=\"restricted\" src=\"https:\/\/www.capri-matique.com\/client\/aprfae5\/maintenir-son-equilibre-malgre-la-covid\/embed\/#?secret=7cUaoaHspd\" width=\"600\" height=\"338\" title=\"\u00ab\u00a0Maintenir son \u00e9quilibre malgr\u00e9 la Covid\u00a0\u00bb &#8212; Association de personnes retrait\u00e9es de la FAE\" data-secret=\"7cUaoaHspd\" frameborder=\"0\" marginwidth=\"0\" marginheight=\"0\" scrolling=\"no\" class=\"wp-embedded-content\"><\/iframe><script type=\"text\/javascript\">\n\/* <![CDATA[ *\/\n\/*! This file is auto-generated *\/\n!function(d,l){\"use strict\";l.querySelector&&d.addEventListener&&\"undefined\"!=typeof URL&&(d.wp=d.wp||{},d.wp.receiveEmbedMessage||(d.wp.receiveEmbedMessage=function(e){var t=e.data;if((t||t.secret||t.message||t.value)&&!\/[^a-zA-Z0-9]\/.test(t.secret)){for(var s,r,n,a=l.querySelectorAll('iframe[data-secret=\"'+t.secret+'\"]'),o=l.querySelectorAll('blockquote[data-secret=\"'+t.secret+'\"]'),c=new RegExp(\"^https?:$\",\"i\"),i=0;i<o.length;i++)o[i].style.display=\"none\";for(i=0;i<a.length;i++)s=a[i],e.source===s.contentWindow&&(s.removeAttribute(\"style\"),\"height\"===t.message?(1e3<(r=parseInt(t.value,10))?r=1e3:~~r<200&&(r=200),s.height=r):\"link\"===t.message&&(r=new URL(s.getAttribute(\"src\")),n=new URL(t.value),c.test(n.protocol))&&n.host===r.host&&l.activeElement===s&&(d.top.location.href=t.value))}},d.addEventListener(\"message\",d.wp.receiveEmbedMessage,!1),l.addEventListener(\"DOMContentLoaded\",function(){for(var e,t,s=l.querySelectorAll(\"iframe.wp-embedded-content\"),r=0;r<s.length;r++)(t=(e=s[r]).getAttribute(\"data-secret\"))||(t=Math.random().toString(36).substring(2,12),e.src+=\"#?secret=\"+t,e.setAttribute(\"data-secret\",t)),e.contentWindow.postMessage({message:\"ready\",secret:t},\"*\")},!1)))}(window,document);\n\/* ]]> *\/\n<\/script>\n","description":"Le re-confinement a des effets diff\u00e9rents selon les gens, leur situation et leur aptitude \u00e0 la r\u00e9silience. Il est \u00e9vident que certains vivent un confinement plus confortable que d\u2019autres mais au final, personne n\u2019\u00e9chappe aux sensations d\u00e9sagr\u00e9ables engendr\u00e9es par la privation de libert\u00e9s auxquelles nous sommes habitu\u00e9s. Par exemple, l\u2019anxi\u00e9t\u00e9, un sentiment d\u2019oppression, ou l\u2019isolement &hellip;","thumbnail_url":"https:\/\/capri-matique.com\/client\/aprfae5\/wp-content\/uploads\/2020\/10\/harmony-1229893_640-300x200.jpg"}