{"version":"1.0","provider_name":"Association de personnes retrait\u00e9es de la FAE","provider_url":"https:\/\/www.capri-matique.com\/client\/aprfae5","title":"L\u2019APRFAE au 87\u00e8me Congr\u00e8s de l\u2019Acfas - Association de personnes retrait\u00e9es de la FAE","type":"rich","width":600,"height":338,"html":"<blockquote class=\"wp-embedded-content\" data-secret=\"Tt7emn8SXn\"><a href=\"https:\/\/www.capri-matique.com\/client\/aprfae5\/laprfae-87eme-congres-de-lacfas\/\">L\u2019APRFAE au 87\u00e8me Congr\u00e8s de l\u2019Acfas<\/a><\/blockquote><iframe sandbox=\"allow-scripts\" security=\"restricted\" src=\"https:\/\/www.capri-matique.com\/client\/aprfae5\/laprfae-87eme-congres-de-lacfas\/embed\/#?secret=Tt7emn8SXn\" width=\"600\" height=\"338\" title=\"\u00ab\u00a0L\u2019APRFAE au 87\u00e8me Congr\u00e8s de l\u2019Acfas\u00a0\u00bb &#8212; Association de personnes retrait\u00e9es de la FAE\" data-secret=\"Tt7emn8SXn\" frameborder=\"0\" marginwidth=\"0\" marginheight=\"0\" scrolling=\"no\" class=\"wp-embedded-content\"><\/iframe><script type=\"text\/javascript\">\n\/* <![CDATA[ *\/\n\/*! This file is auto-generated *\/\n!function(d,l){\"use strict\";l.querySelector&&d.addEventListener&&\"undefined\"!=typeof URL&&(d.wp=d.wp||{},d.wp.receiveEmbedMessage||(d.wp.receiveEmbedMessage=function(e){var t=e.data;if((t||t.secret||t.message||t.value)&&!\/[^a-zA-Z0-9]\/.test(t.secret)){for(var s,r,n,a=l.querySelectorAll('iframe[data-secret=\"'+t.secret+'\"]'),o=l.querySelectorAll('blockquote[data-secret=\"'+t.secret+'\"]'),c=new RegExp(\"^https?:$\",\"i\"),i=0;i<o.length;i++)o[i].style.display=\"none\";for(i=0;i<a.length;i++)s=a[i],e.source===s.contentWindow&&(s.removeAttribute(\"style\"),\"height\"===t.message?(1e3<(r=parseInt(t.value,10))?r=1e3:~~r<200&&(r=200),s.height=r):\"link\"===t.message&&(r=new URL(s.getAttribute(\"src\")),n=new URL(t.value),c.test(n.protocol))&&n.host===r.host&&l.activeElement===s&&(d.top.location.href=t.value))}},d.addEventListener(\"message\",d.wp.receiveEmbedMessage,!1),l.addEventListener(\"DOMContentLoaded\",function(){for(var e,t,s=l.querySelectorAll(\"iframe.wp-embedded-content\"),r=0;r<s.length;r++)(t=(e=s[r]).getAttribute(\"data-secret\"))||(t=Math.random().toString(36).substring(2,12),e.src+=\"#?secret=\"+t,e.setAttribute(\"data-secret\",t)),e.contentWindow.postMessage({message:\"ready\",secret:t},\"*\")},!1)))}(window,document);\n\/* ]]> *\/\n<\/script>\n","description":"Du 27 au 31 mai 2019 se d\u00e9roulait, \u00e0 Gatineau, le congr\u00e8s annuel de l\u2019Acfas. Cet organisme \u00e0 but non lucratif contribue \u00e0 l\u2019avancement des sciences au Qu\u00e9bec et dans la francophonie canadienne. Cet \u00e9v\u00e9nement qui r\u00e9unit des scientifiques du monde entier fait la promotion des connaissances et de l\u2019approche scientifique, en vue d&#8217;am\u00e9liorer la &hellip;"}