{"version":"1.0","provider_name":"Association de personnes retrait\u00e9es de la FAE","provider_url":"https:\/\/www.capri-matique.com\/client\/aprfae5","title":"D\u00eener rencontre f\u00e9vrier 2024 HY - Association de personnes retrait\u00e9es de la FAE","type":"rich","width":600,"height":338,"html":"<blockquote class=\"wp-embedded-content\" data-secret=\"H2woj70Cut\"><a href=\"https:\/\/www.capri-matique.com\/client\/aprfae5\/events\/diner-rencontre-fevrier-2024-hy\/\">D\u00eener rencontre f\u00e9vrier 2024 HY<\/a><\/blockquote><iframe sandbox=\"allow-scripts\" security=\"restricted\" src=\"https:\/\/www.capri-matique.com\/client\/aprfae5\/events\/diner-rencontre-fevrier-2024-hy\/embed\/#?secret=H2woj70Cut\" width=\"600\" height=\"338\" title=\"\u00ab\u00a0D\u00eener rencontre f\u00e9vrier 2024 HY\u00a0\u00bb &#8212; Association de personnes retrait\u00e9es de la FAE\" data-secret=\"H2woj70Cut\" frameborder=\"0\" marginwidth=\"0\" marginheight=\"0\" scrolling=\"no\" class=\"wp-embedded-content\"><\/iframe><script type=\"text\/javascript\">\n\/* <![CDATA[ *\/\n\/*! This file is auto-generated *\/\n!function(d,l){\"use strict\";l.querySelector&&d.addEventListener&&\"undefined\"!=typeof URL&&(d.wp=d.wp||{},d.wp.receiveEmbedMessage||(d.wp.receiveEmbedMessage=function(e){var t=e.data;if((t||t.secret||t.message||t.value)&&!\/[^a-zA-Z0-9]\/.test(t.secret)){for(var s,r,n,a=l.querySelectorAll('iframe[data-secret=\"'+t.secret+'\"]'),o=l.querySelectorAll('blockquote[data-secret=\"'+t.secret+'\"]'),c=new RegExp(\"^https?:$\",\"i\"),i=0;i<o.length;i++)o[i].style.display=\"none\";for(i=0;i<a.length;i++)s=a[i],e.source===s.contentWindow&&(s.removeAttribute(\"style\"),\"height\"===t.message?(1e3<(r=parseInt(t.value,10))?r=1e3:~~r<200&&(r=200),s.height=r):\"link\"===t.message&&(r=new URL(s.getAttribute(\"src\")),n=new URL(t.value),c.test(n.protocol))&&n.host===r.host&&l.activeElement===s&&(d.top.location.href=t.value))}},d.addEventListener(\"message\",d.wp.receiveEmbedMessage,!1),l.addEventListener(\"DOMContentLoaded\",function(){for(var e,t,s=l.querySelectorAll(\"iframe.wp-embedded-content\"),r=0;r<s.length;r++)(t=(e=s[r]).getAttribute(\"data-secret\"))||(t=Math.random().toString(36).substring(2,12),e.src+=\"#?secret=\"+t,e.setAttribute(\"data-secret\",t)),e.contentWindow.postMessage({message:\"ready\",secret:t},\"*\")},!1)))}(window,document);\n\/* ]]> *\/\n<\/script>\n","description":"D\u00ceNER RENCONTRE F\u00c9VRIER 2024 \u00a0 Date\u00a0: le jeudi \u00a022 f\u00e9vrier 2024\u00a0\u00a0\u00a0\u00a0\u00a0\u00a0 Heure\u00a0: 11h30 Lieu\u00a0: restaurant\u00a0Rendez-vous Caf\u00e9 localis\u00e9 au 140 rue Principale \u00e0 Cowansville (stationnement situ\u00e9 en face du centre commercial). Le d\u00eener sera suivi d\u2019une visite au Mus\u00e9e Bruck, localis\u00e9 au 225 rue Principale \u00e0 Cowansville. Vous assisterez \u00e0 une nouvelle exposition relatant l\u2019histoire du &hellip;"}