{"version":"1.0","provider_name":"Association de personnes retrait\u00e9es de la FAE","provider_url":"https:\/\/www.capri-matique.com\/client\/aprfae5","title":"D\u00eener HY mars 2024 - Association de personnes retrait\u00e9es de la FAE","type":"rich","width":600,"height":338,"html":"<blockquote class=\"wp-embedded-content\" data-secret=\"TGTzKjQDqp\"><a href=\"https:\/\/www.capri-matique.com\/client\/aprfae5\/events\/diner-hy-mars-2024\/\">D\u00eener HY mars 2024<\/a><\/blockquote><iframe sandbox=\"allow-scripts\" security=\"restricted\" src=\"https:\/\/www.capri-matique.com\/client\/aprfae5\/events\/diner-hy-mars-2024\/embed\/#?secret=TGTzKjQDqp\" width=\"600\" height=\"338\" title=\"\u00ab\u00a0D\u00eener HY mars 2024\u00a0\u00bb &#8212; Association de personnes retrait\u00e9es de la FAE\" data-secret=\"TGTzKjQDqp\" frameborder=\"0\" marginwidth=\"0\" marginheight=\"0\" scrolling=\"no\" class=\"wp-embedded-content\"><\/iframe><script type=\"text\/javascript\">\n\/* <![CDATA[ *\/\n\/*! This file is auto-generated *\/\n!function(d,l){\"use strict\";l.querySelector&&d.addEventListener&&\"undefined\"!=typeof URL&&(d.wp=d.wp||{},d.wp.receiveEmbedMessage||(d.wp.receiveEmbedMessage=function(e){var t=e.data;if((t||t.secret||t.message||t.value)&&!\/[^a-zA-Z0-9]\/.test(t.secret)){for(var s,r,n,a=l.querySelectorAll('iframe[data-secret=\"'+t.secret+'\"]'),o=l.querySelectorAll('blockquote[data-secret=\"'+t.secret+'\"]'),c=new RegExp(\"^https?:$\",\"i\"),i=0;i<o.length;i++)o[i].style.display=\"none\";for(i=0;i<a.length;i++)s=a[i],e.source===s.contentWindow&&(s.removeAttribute(\"style\"),\"height\"===t.message?(1e3<(r=parseInt(t.value,10))?r=1e3:~~r<200&&(r=200),s.height=r):\"link\"===t.message&&(r=new URL(s.getAttribute(\"src\")),n=new URL(t.value),c.test(n.protocol))&&n.host===r.host&&l.activeElement===s&&(d.top.location.href=t.value))}},d.addEventListener(\"message\",d.wp.receiveEmbedMessage,!1),l.addEventListener(\"DOMContentLoaded\",function(){for(var e,t,s=l.querySelectorAll(\"iframe.wp-embedded-content\"),r=0;r<s.length;r++)(t=(e=s[r]).getAttribute(\"data-secret\"))||(t=Math.random().toString(36).substring(2,12),e.src+=\"#?secret=\"+t,e.setAttribute(\"data-secret\",t)),e.contentWindow.postMessage({message:\"ready\",secret:t},\"*\")},!1)))}(window,document);\n\/* ]]> *\/\n<\/script>\n","description":"\u00a0D\u00eener du mois de mars HY &nbsp; &nbsp; Cabane \u00e0 sucre familiale De Ang\u00e8le et Yvon C\u00f4t\u00e9\u00a0 Il sera agr\u00e9able de souligner l\u2019arriv\u00e9e du printemps et de vivre une exp\u00e9rience en nature. C\u2019est un endroit priv\u00e9, intime et les places sont limit\u00e9es. Le menu maison complet est typique du temps des sucres. Lieu: Cabane \u00e0 &hellip;","thumbnail_url":"https:\/\/capri-matique.com\/client\/aprfae5\/wp-content\/uploads\/2024\/03\/Image_3_bfa7bc8267f74309abd8b46b455b9ba1.png"}