{"version":"1.0","provider_name":"Association de personnes retrait\u00e9es de la FAE","provider_url":"https:\/\/www.capri-matique.com\/client\/aprfae5","title":"Communiqu\u00e9 IRIS - Association de personnes retrait\u00e9es de la FAE","type":"rich","width":600,"height":338,"html":"<blockquote class=\"wp-embedded-content\" data-secret=\"XDCMc8NnPc\"><a href=\"https:\/\/www.capri-matique.com\/client\/aprfae5\/communique-iris\/\">Communiqu\u00e9 IRIS<\/a><\/blockquote><iframe sandbox=\"allow-scripts\" security=\"restricted\" src=\"https:\/\/www.capri-matique.com\/client\/aprfae5\/communique-iris\/embed\/#?secret=XDCMc8NnPc\" width=\"600\" height=\"338\" title=\"\u00ab\u00a0Communiqu\u00e9 IRIS\u00a0\u00bb &#8212; Association de personnes retrait\u00e9es de la FAE\" data-secret=\"XDCMc8NnPc\" frameborder=\"0\" marginwidth=\"0\" marginheight=\"0\" scrolling=\"no\" class=\"wp-embedded-content\"><\/iframe><script type=\"text\/javascript\">\n\/* <![CDATA[ *\/\n\/*! This file is auto-generated *\/\n!function(d,l){\"use strict\";l.querySelector&&d.addEventListener&&\"undefined\"!=typeof URL&&(d.wp=d.wp||{},d.wp.receiveEmbedMessage||(d.wp.receiveEmbedMessage=function(e){var t=e.data;if((t||t.secret||t.message||t.value)&&!\/[^a-zA-Z0-9]\/.test(t.secret)){for(var s,r,n,a=l.querySelectorAll('iframe[data-secret=\"'+t.secret+'\"]'),o=l.querySelectorAll('blockquote[data-secret=\"'+t.secret+'\"]'),c=new RegExp(\"^https?:$\",\"i\"),i=0;i<o.length;i++)o[i].style.display=\"none\";for(i=0;i<a.length;i++)s=a[i],e.source===s.contentWindow&&(s.removeAttribute(\"style\"),\"height\"===t.message?(1e3<(r=parseInt(t.value,10))?r=1e3:~~r<200&&(r=200),s.height=r):\"link\"===t.message&&(r=new URL(s.getAttribute(\"src\")),n=new URL(t.value),c.test(n.protocol))&&n.host===r.host&&l.activeElement===s&&(d.top.location.href=t.value))}},d.addEventListener(\"message\",d.wp.receiveEmbedMessage,!1),l.addEventListener(\"DOMContentLoaded\",function(){for(var e,t,s=l.querySelectorAll(\"iframe.wp-embedded-content\"),r=0;r<s.length;r++)(t=(e=s[r]).getAttribute(\"data-secret\"))||(t=Math.random().toString(36).substring(2,12),e.src+=\"#?secret=\"+t,e.setAttribute(\"data-secret\",t)),e.contentWindow.postMessage({message:\"ready\",secret:t},\"*\")},!1)))}(window,document);\n\/* ]]> *\/\n<\/script>\n","description":"&nbsp; &nbsp; Budget du Qu\u00e9bec 2022 : une approche peu adapt\u00e9e aux d\u00e9fis de l\u2019heure Qu\u00e9bec, le 22 mars 2022 \u2013\u00a0Apr\u00e8s les perturbations sanitaires et \u00e9conomiques des derni\u00e8res ann\u00e9es, le 4e budget du ministre des Finances Eric Girard est marqu\u00e9 par la volont\u00e9 d\u2019engager le Qu\u00e9bec dans une \u00e8re post-pand\u00e9mique. \u00c0 la sortie du huis &hellip;","thumbnail_url":"https:\/\/capri-matique.com\/client\/aprfae5\/wp-content\/uploads\/2017\/06\/iris-300x158.png"}