{"version":"1.0","provider_name":"Association de personnes retrait\u00e9es de la FAE","provider_url":"https:\/\/www.capri-matique.com\/client\/aprfae5","title":"Coalition pour un Forum alternatif au G7 - Association de personnes retrait\u00e9es de la FAE","type":"rich","width":600,"height":338,"html":"<blockquote class=\"wp-embedded-content\" data-secret=\"TQfvPF9AHr\"><a href=\"https:\/\/www.capri-matique.com\/client\/aprfae5\/coalition-forum-alternatif-g7\/\">Coalition pour un Forum alternatif au G7<\/a><\/blockquote><iframe sandbox=\"allow-scripts\" security=\"restricted\" src=\"https:\/\/www.capri-matique.com\/client\/aprfae5\/coalition-forum-alternatif-g7\/embed\/#?secret=TQfvPF9AHr\" width=\"600\" height=\"338\" title=\"\u00ab\u00a0Coalition pour un Forum alternatif au G7\u00a0\u00bb &#8212; Association de personnes retrait\u00e9es de la FAE\" data-secret=\"TQfvPF9AHr\" frameborder=\"0\" marginwidth=\"0\" marginheight=\"0\" scrolling=\"no\" class=\"wp-embedded-content\"><\/iframe><script type=\"text\/javascript\">\n\/* <![CDATA[ *\/\n\/*! This file is auto-generated *\/\n!function(d,l){\"use strict\";l.querySelector&&d.addEventListener&&\"undefined\"!=typeof URL&&(d.wp=d.wp||{},d.wp.receiveEmbedMessage||(d.wp.receiveEmbedMessage=function(e){var t=e.data;if((t||t.secret||t.message||t.value)&&!\/[^a-zA-Z0-9]\/.test(t.secret)){for(var s,r,n,a=l.querySelectorAll('iframe[data-secret=\"'+t.secret+'\"]'),o=l.querySelectorAll('blockquote[data-secret=\"'+t.secret+'\"]'),c=new RegExp(\"^https?:$\",\"i\"),i=0;i<o.length;i++)o[i].style.display=\"none\";for(i=0;i<a.length;i++)s=a[i],e.source===s.contentWindow&&(s.removeAttribute(\"style\"),\"height\"===t.message?(1e3<(r=parseInt(t.value,10))?r=1e3:~~r<200&&(r=200),s.height=r):\"link\"===t.message&&(r=new URL(s.getAttribute(\"src\")),n=new URL(t.value),c.test(n.protocol))&&n.host===r.host&&l.activeElement===s&&(d.top.location.href=t.value))}},d.addEventListener(\"message\",d.wp.receiveEmbedMessage,!1),l.addEventListener(\"DOMContentLoaded\",function(){for(var e,t,s=l.querySelectorAll(\"iframe.wp-embedded-content\"),r=0;r<s.length;r++)(t=(e=s[r]).getAttribute(\"data-secret\"))||(t=Math.random().toString(36).substring(2,12),e.src+=\"#?secret=\"+t,e.setAttribute(\"data-secret\",t)),e.contentWindow.postMessage({message:\"ready\",secret:t},\"*\")},!1)))}(window,document);\n\/* ]]> *\/\n<\/script>\n","description":"Dans un peu moins de 2 semaines, le 9 juin, des groupes citoyens, syndicaux et communautaires exprimeront, de mani\u00e8re unitaire et pacifique, leur refus des politiques qui accentuent les in\u00e9galit\u00e9s et qui mettent en danger la plan\u00e8te. Alors que les m\u00e9dias accordent beaucoup d\u2019attention \u00e0 l\u2019arsenal de s\u00e9curit\u00e9 d\u00e9ploy\u00e9 pour contr\u00f4ler et d\u00e9courager les mobilisations, &hellip;"}